{"id":88,"date":"2012-11-04T19:30:41","date_gmt":"2012-11-04T19:30:41","guid":{"rendered":"http:\/\/ancestry.smars.se\/?page_id=88"},"modified":"2013-12-31T09:07:20","modified_gmt":"2013-12-31T09:07:20","slug":"m","status":"publish","type":"page","link":"https:\/\/ancestry.smars.se\/?page_id=88","title":{"rendered":"Gustaf Fredrik Nov. 2 1835 &#8211; S\u00f6t\u00e5sa &#8211; Febr. 14 1921"},"content":{"rendered":"<p><a href=\"wp-content\/uploads\/2012\/11\/Sawmill-Springvale-Mn1.jpg\"><img loading=\"lazy\" decoding=\"async\" class=\"alignnone size-full wp-image-3064\" alt=\"Sawmill Springvale Mn\" src=\"wp-content\/uploads\/2012\/11\/Sawmill-Springvale-Mn1.jpg\" width=\"226\" height=\"142\" \/><\/a><img loading=\"lazy\" decoding=\"async\" class=\"alignleft size-full wp-image-1426\" title=\"Gustaf Fredrik\" alt=\"\" src=\"wp-content\/uploads\/2012\/11\/Gustaf-Fredrik.jpg\" width=\"154\" height=\"212\" \/><\/p>\n<p>Gustaf Fredrik was the firstborn of the 10 children- in<a href=\"https:\/\/maps.google.com\/maps\/ms?msid=202734398850949442153.0004d3448268161a5bfb1&amp;msa=0&amp;ll=68.39918,-9.84375&amp;spn=45.125298,158.027344&amp;iwloc=0004d344d0427b8cf1652\" target=\"_blank\"> S\u00f6t\u00e5sa S\u00f6derg\u00e5rd<\/a>&#8211; (the Southern farm).\u00a0Nov 2,\u00a01835. He moved away from the farm 1859 to Vireda &#8211; a close by parish- he was then 24 years old. He had a hearing impairment already in his youth.<\/p>\n<p>From Olstorp, Vireda he left &#8211; 33 years old- for the US, as the first one, together with two of his sisters: <a title=\"Hedda LOVISE Isacsson 13\/6 1843 -\" href=\"http:\/\/ancestry.smars.se\/?page_id=100\" target=\"_blank\">Hedda Lovisa<\/a> and <a title=\"Ida Charlotta 4\/8 1845 -\" href=\"http:\/\/ancestry.smars.se\/?page_id=104\" target=\"_blank\">Augusta Charlotta<\/a>,\u00a030\/5 1868. This was a year after some very hard years of crop failure in Sweden due to draught, when many Swedes left. It is also the same year Christina and her family moves into S\u00f6t\u00e5sa Farm on a leasing contract of the farmland.<\/p>\n<p>When he arrived to the US he changed his name to Eklund. It was very common that people changed their last name as they came to the US. His two sisters Hedda Lovisa and Augusta Charlotta settled in Moline, Illinois- part of the Quad cities which attracted many Swedes during this time, having growing industries.<\/p>\n<p><a href=\"wp-content\/uploads\/2012\/11\/Gustafs-home-by-1870.jpg\"><img loading=\"lazy\" decoding=\"async\" class=\"alignnone size-medium wp-image-2817\" title=\"Gustafs home by 1870\" alt=\"\" src=\"wp-content\/uploads\/2012\/11\/Gustafs-home-by-1870-300x229.jpg\" width=\"300\" height=\"229\" srcset=\"https:\/\/ancestry.smars.se\/wp-content\/uploads\/2012\/11\/Gustafs-home-by-1870-300x229.jpg 300w, https:\/\/ancestry.smars.se\/wp-content\/uploads\/2012\/11\/Gustafs-home-by-1870-391x300.jpg 391w, https:\/\/ancestry.smars.se\/wp-content\/uploads\/2012\/11\/Gustafs-home-by-1870.jpg 820w\" sizes=\"(max-width: 300px) 100vw, 300px\" \/><\/a><\/p>\n<p>He seems to have been a very handy man as his father. He worked in Hastings, Michigan and Minneapolis as a carpenter. He settled in<a href=\"https:\/\/maps.google.com\/maps\/ms?msid=202734398850949442153.0004d3448268161a5bfb1&amp;msa=0&amp;ll=67.204032,-38.847656&amp;spn=47.23879,158.027344&amp;iwloc=0004d8cde8697d13a85fb\" target=\"_blank\"> Springvale, Isanti county Minnesota<\/a>1868 ? (there is some discrepancy between the papers below about the sawmill and the orbituary of Gustaf) and started immediately constructing and build a dam \u00a0over 2 years and also a saw mill. He did this together with, at first Christofer Johnson, and later Erik Ossel. \u00a0It was called the Swedish Mill in the \u00a0Local \u00a0Newspaper. 1894 it was washed away and never rebuilt. Gustaf Fredrik worked at Mills Co. until 1902. \u00a0After this he had his own farm. He and his wife stayed in Springfield all their lives.\u00a0See text below :<\/p>\n<p><a href=\"wp-content\/uploads\/2012\/11\/Eklund-and-Ossell-saw-mill-0011.jpg\"><img loading=\"lazy\" decoding=\"async\" class=\"alignright size-medium wp-image-1568\" title=\"Eklund and Ossell saw mill 001\" alt=\"\" src=\"wp-content\/uploads\/2012\/11\/Eklund-and-Ossell-saw-mill-0011-235x300.jpg\" width=\"235\" height=\"300\" srcset=\"https:\/\/ancestry.smars.se\/wp-content\/uploads\/2012\/11\/Eklund-and-Ossell-saw-mill-0011-235x300.jpg 235w, https:\/\/ancestry.smars.se\/wp-content\/uploads\/2012\/11\/Eklund-and-Ossell-saw-mill-0011-802x1024.jpg 802w\" sizes=\"(max-width: 235px) 100vw, 235px\" \/><\/a><\/p>\n<p>&nbsp;<\/p>\n<p>He married Johanna Pettersdotter &#8211; Malcum. They applied for a marriage licence Dec 19, 1877.\u00a0They were married May 10,1878 in Springvale by a Justice of the Peace E. Olson.(This would have been a judge).\u00a0Witnesses- Olof Anderson and Anna Olson<\/p>\n<p>Johanna \u00a0(13\/31845 &#8211; 6\/1 1821) was 10 years younger than Gustaf and they were 44 and 34 years respectively when they married. Johanna also came from Sweden 1868 as Gustaf Fredrik did.<\/p>\n<p>Only their first child survived:to grown-up age: \u00a0<a title=\"Augusta\" href=\"http:\/\/ancestry.smars.se\/?page_id=142\" target=\"_blank\">Augusta<\/a>\u00a0born 1879\u00a0&#8211; in the picture. <a title=\"John August, Carl Viktor, Hulda 1881\/1882\/1884\" href=\"http:\/\/ancestry.smars.se\/exempelsida\/m\/john-august-eklund-1881-1884\" target=\"_blank\">John August <\/a>was born 1881 and became only 3 years as well as<a title=\"John August, Carl Viktor, Hulda 1881\/1882\/1884\" href=\"http:\/\/ancestry.smars.se\/exempelsida\/m\/john-august-eklund-1881-1884\" target=\"_blank\"> Carl Viktor<\/a> born 1882. <a title=\"John August, Carl Viktor, Hulda 1881\/1882\/1884\" href=\"http:\/\/ancestry.smars.se\/exempelsida\/m\/john-august-eklund-1881-1884\" target=\"_blank\">Hulda <\/a>born 1883 died only one year old. <a href=\"http:\/\/ancestry.smars.se\/wp-admin\/post.php?post=1475&amp;action=edit&amp;message=1\" target=\"_blank\">These three children<\/a> all died between Nov.1884 and Sept 1885.The picture of the mill is from this same year. \u00a0We may only imagine what a loss for the parents to loose two 3-year-olds and one 1-year-old this year! \u00a0Gustaf Fredriks younger sister <a title=\"Emma Sofia Isacsson 19\/7 1852 \u2013 1945\" href=\"http:\/\/ancestry.smars.se\/exempelsida\/emma-sofia\">Emma Sofia,<\/a> who came to the US and settled in Minnesota suffered a similar horrible loss 1886 &#8211; the year after she arrived when 3 of her young children died in fevers. Gustaf Fredrik and Emma Sofia kept in touch for the rest of their lives and would visit each other.<\/p>\n<p>Note that the 2 boys got their names from Gustaf Fredriks younger siblings<a title=\"Karl Viktor Johnson 20\/8 1854 \u2013 1827\" href=\"http:\/\/ancestry.smars.se\/exempelsida\/karl-viktor\" target=\"_blank\"> Carl Viktor<\/a> and <a title=\"Johan August Johannisson 19\/11 1846 -1909\" href=\"http:\/\/ancestry.smars.se\/exempelsida\/johan-august\" target=\"_blank\">Johan August<\/a>.<\/p>\n<p>Augusta became 35 years old and died as Gustaf Fredriks was 79 years old. She gave them 5 grandchildren:<a title=\"Beatrice M Fredeen 16\/10 1904- 31\/1 1988\" href=\"http:\/\/ancestry.smars.se\/exempelsida\/m\/augusta\/beatrice-m-fredeen-1610-1904-311-1988\"> Beatrice<\/a>, <a title=\"Jennie Wilhelmina Fredeen 24\/10 1906 \u2013\" href=\"http:\/\/ancestry.smars.se\/exempelsida\/m\/augusta\/jennie-wilhelmina-fredeen-2410-1906\">Jennie<\/a> Wilhelmina, <a title=\"Uriel Gustaf Fredeen 27\/10 1910 \u2013 11\/11 1986\" href=\"http:\/\/ancestry.smars.se\/exempelsida\/m\/augusta\/uriel-gustaf-fredeen-2710-1910-1111-1986\">Uriel<\/a> Gustaf, <a title=\"Joel Oliver Fredeen 27\/10 1910 \u2013 5\/3 1976\" href=\"http:\/\/ancestry.smars.se\/exempelsida\/m\/augusta\/joel-oliver-fredeen-2710-1910-53-1976\">Joel<\/a> Oliver and <a title=\"Clemens Walter Fredeen 23\/4 1913 \u2013 9\/9 1985\" href=\"http:\/\/ancestry.smars.se\/exempelsida\/m\/augusta\/clemens-walter-fredeen-234-1913-99-1985\">Clemens<\/a> Walter.<\/p>\n<p style=\"text-align: center;\"><img loading=\"lazy\" decoding=\"async\" class=\"wp-image-137 aligncenter\" title=\"Gustav Fredrik m Johanna Melkum och dotter Augusta bildarkiv\" alt=\"\" src=\"wp-content\/uploads\/2012\/11\/Gustav-Fredrik-m-Johanna-Melkum-och-dotter-Augusta-bildarkiv1.jpg\" width=\"293\" height=\"392\" \/><\/p>\n<p>In 1894 &#8211; 59 years old- he was the chairman of the church Wyanett Mission church. Gustaf Fredrik was a very devout man and was an active member in the Church. This also comes through in the letter below.<\/p>\n<p>In 1900 he is still registered owning his own farmland without mortgage. He could read, write and speak English. Johanna is also registered reading and speaking English but not writing. They are surrounded by neighbors of Swedish origin who also came to the US in the second half of the 1800s. Most of them were farmers, a lumberman, a woman with the occupation &#8216;knitter&#8217;&#8230;<\/p>\n<p>He kept in touch with his younger siblings: His 19 years younger (!) brother\u00a0<a title=\"Karl Viktor Johnson 20\/8 1854 \u2013 1827\" href=\"http:\/\/ancestry.smars.se\/exempelsida\/karl-viktor\" target=\"_blank\">Carl Viktor<\/a>\u00a0came 10 years later to the same region and settled at a farm in Grandy, Isanti county &#8211; 12 miles away.<\/p>\n<p>1910, as he is 75 years old he wrote a letter from Springvale, \u00a0where he and Johanna now had lived for at least 30 years, \u00a0to his 17 year younger sister<a title=\"Emma Sofia Isacsson 19\/7 1852 \u2013 1945\" href=\"http:\/\/ancestry.smars.se\/exempelsida\/emma-sofia\" target=\"_blank\"> Emma Sofia<\/a>, who also lived in Minnesota. This is the year after his younger brother <a title=\"Johan August Johannisson 19\/11 1846 -1909\" href=\"http:\/\/ancestry.smars.se\/exempelsida\/johan-august\" target=\"_blank\">Johan August<\/a> had died in Sweden.<\/p>\n<p><a href=\"wp-content\/uploads\/2012\/11\/Gustaf_F._Eklunds_letter_1910-0307-to-his-sister-Emma-with-translation1.doc\">Gustaf_F._Eklund&#8217;s_letter_1910-0307 to his sister Emma, with translation<\/a>\u00a0(Opens in Microsoft Word)<\/p>\n<p>&#8216;We have 4 cows, a horse and some young cattle and 50 hens.\u00a0 It is work enough in the winters. Such (a) harsh (winter) as we now have had and much snow. But now it is beginning to thaw out. So we have 1-1\/2 acres of open land for corn and potatoes and a little bit of vegetables.\u00a0 In the summer it is much work with the haymaking. Then I have had (a) farmhand 2-3 weeks because we have a lot of hay to harvest and I have hired one farmhand every year.\u00a0 Augusta has been at home during this time and helped with the food preparation&#8230;&#8217;<\/p>\n<p>He also tells how he almost lost all his hearing but that it doesn&#8217;t matter because one can use pencils to communicate. Also he says that it may have been good that he has had this hearing problem, because otherwise he might have &#8216;ended up in university which would have been &#8216;dangerous&#8217;. He expresses thankfulness \u00a0to life and God<\/p>\n<p>Gustaf never went back to Sweden.<\/p>\n<p>Gustaf became 85 years old and survived Johanna by 1 month and 1 week 1921 and his daughter Augusta by 6 years. \u00a0He is buried in<a href=\"https:\/\/maps.google.com\/maps\/ms?msid=202734398850949442153.0004d3448268161a5bfb1&amp;msa=0&amp;ll=67.204032,-38.847656&amp;spn=47.23879,158.027344&amp;iwloc=0004d8aa68085b7f802ea\" target=\"_blank\">\u00a0Oak Knoll Cemetary, Mn<\/a>.\u00a0where his wife and all their childen are buried too.<\/p>\n<p>&nbsp;<\/p>\n<p><a href=\"wp-content\/uploads\/2012\/11\/Spring-vale-0011.jpg\"><img loading=\"lazy\" decoding=\"async\" class=\"alignnone  wp-image-1566\" title=\"Spring vale\" alt=\" 001\" src=\"wp-content\/uploads\/2012\/11\/Spring-vale-0011.jpg\" width=\"2359\" height=\"3112\" srcset=\"https:\/\/ancestry.smars.se\/wp-content\/uploads\/2012\/11\/Spring-vale-0011.jpg 2359w, https:\/\/ancestry.smars.se\/wp-content\/uploads\/2012\/11\/Spring-vale-0011-227x300.jpg 227w, https:\/\/ancestry.smars.se\/wp-content\/uploads\/2012\/11\/Spring-vale-0011-776x1024.jpg 776w\" sizes=\"(max-width: 2359px) 100vw, 2359px\" \/><\/a><a href=\"wp-content\/uploads\/2012\/11\/Spring-vale-1-001.jpg\"><img loading=\"lazy\" decoding=\"async\" class=\"alignnone size-full wp-image-1564\" alt=\"Spring vale 1 001\" src=\"wp-content\/uploads\/2012\/11\/Spring-vale-1-001.jpg\" width=\"2351\" height=\"1316\" srcset=\"https:\/\/ancestry.smars.se\/wp-content\/uploads\/2012\/11\/Spring-vale-1-001.jpg 2351w, https:\/\/ancestry.smars.se\/wp-content\/uploads\/2012\/11\/Spring-vale-1-001-300x167.jpg 300w, https:\/\/ancestry.smars.se\/wp-content\/uploads\/2012\/11\/Spring-vale-1-001-1024x573.jpg 1024w, https:\/\/ancestry.smars.se\/wp-content\/uploads\/2012\/11\/Spring-vale-1-001-500x279.jpg 500w\" sizes=\"(max-width: 2351px) 100vw, 2351px\" \/><\/a><a href=\"wp-content\/uploads\/2012\/11\/Gustaf-Frederick-Eklund-b.Nov_.21835-d.Feb_.141921-The-North-Star-Feb.171921-001.jpg\" target=\"_blank\"><img loading=\"lazy\" decoding=\"async\" class=\"alignnone size-large wp-image-3865\" alt=\"Gustaf Frederick Eklund b.Nov.2,1835 d.Feb.14,1921 The North Star Feb.17,1921 001\" src=\"wp-content\/uploads\/2012\/11\/Gustaf-Frederick-Eklund-b.Nov_.21835-d.Feb_.141921-The-North-Star-Feb.171921-001-441x1024.jpg\" width=\"441\" height=\"1024\" srcset=\"https:\/\/ancestry.smars.se\/wp-content\/uploads\/2012\/11\/Gustaf-Frederick-Eklund-b.Nov_.21835-d.Feb_.141921-The-North-Star-Feb.171921-001-441x1024.jpg 441w, https:\/\/ancestry.smars.se\/wp-content\/uploads\/2012\/11\/Gustaf-Frederick-Eklund-b.Nov_.21835-d.Feb_.141921-The-North-Star-Feb.171921-001-129x300.jpg 129w, https:\/\/ancestry.smars.se\/wp-content\/uploads\/2012\/11\/Gustaf-Frederick-Eklund-b.Nov_.21835-d.Feb_.141921-The-North-Star-Feb.171921-001.jpg 1092w\" sizes=\"(max-width: 441px) 100vw, 441px\" \/><\/a><\/p>\n<p>&nbsp;<\/p>\n<table style=\"width: 100%;\" border=\"0\" cellspacing=\"0\" cellpadding=\"0\">\n<tbody>\n<tr>\n<th>Death Date:<\/th>\n<td>14 Feb 1921<\/td>\n<\/tr>\n<tr>\n<th>Burial Place:<\/th>\n<td>Wyanett, Isanti County, Minnesota, USA<\/td>\n<\/tr>\n<\/tbody>\n<\/table>\n<p><a href=\"http:\/\/www.findagrave.com\/cgi-bin\/fg.cgi?page=gr&amp;GSln=EK&amp;GSpartial=1&amp;GSbyrel=all&amp;GSst=25&amp;GScntry=4&amp;GSsr=721&amp;GRid=35872225&amp;\" target=\"_blank\">See his Gravestone<\/a><\/p>\n","protected":false},"excerpt":{"rendered":"<p>Gustaf Fredrik was the firstborn of the 10 children- in S\u00f6t\u00e5sa S\u00f6derg\u00e5rd&#8211; (the Southern farm).\u00a0Nov 2,\u00a01835. He moved away from the farm 1859 to Vireda &#8211; a close by parish- he was then 24 years old. He had a hearing &hellip; <a href=\"https:\/\/ancestry.smars.se\/?page_id=88\">Continue reading <span class=\"meta-nav\">&rarr;<\/span><\/a><\/p>\n","protected":false},"author":1,"featured_media":1739,"parent":2,"menu_order":1,"comment_status":"open","ping_status":"closed","template":"","meta":{"footnotes":""},"class_list":["post-88","page","type-page","status-publish","has-post-thumbnail","hentry"],"_links":{"self":[{"href":"https:\/\/ancestry.smars.se\/index.php?rest_route=\/wp\/v2\/pages\/88"}],"collection":[{"href":"https:\/\/ancestry.smars.se\/index.php?rest_route=\/wp\/v2\/pages"}],"about":[{"href":"https:\/\/ancestry.smars.se\/index.php?rest_route=\/wp\/v2\/types\/page"}],"author":[{"embeddable":true,"href":"https:\/\/ancestry.smars.se\/index.php?rest_route=\/wp\/v2\/users\/1"}],"replies":[{"embeddable":true,"href":"https:\/\/ancestry.smars.se\/index.php?rest_route=%2Fwp%2Fv2%2Fcomments&post=88"}],"version-history":[{"count":110,"href":"https:\/\/ancestry.smars.se\/index.php?rest_route=\/wp\/v2\/pages\/88\/revisions"}],"predecessor-version":[{"id":91,"href":"https:\/\/ancestry.smars.se\/index.php?rest_route=\/wp\/v2\/pages\/88\/revisions\/91"}],"up":[{"embeddable":true,"href":"https:\/\/ancestry.smars.se\/index.php?rest_route=\/wp\/v2\/pages\/2"}],"wp:featuredmedia":[{"embeddable":true,"href":"https:\/\/ancestry.smars.se\/index.php?rest_route=\/wp\/v2\/media\/1739"}],"wp:attachment":[{"href":"https:\/\/ancestry.smars.se\/index.php?rest_route=%2Fwp%2Fv2%2Fmedia&parent=88"}],"curies":[{"name":"wp","href":"https:\/\/api.w.org\/{rel}","templated":true}]}}