{"id":486,"date":"2013-01-06T16:53:06","date_gmt":"2013-01-06T16:53:06","guid":{"rendered":"http:\/\/ancestry.smars.se\/?page_id=486"},"modified":"2014-08-11T20:11:13","modified_gmt":"2014-08-11T20:11:13","slug":"anna-greta-2910-1812","status":"publish","type":"page","link":"https:\/\/ancestry.smars.se\/?page_id=486","title":{"rendered":"Anna-Greta 29\/10 1812 Humlefall &#8211; \u00c4skeryd,Adel\u00f6v &#8211; \u00c4lmeberg,Vireda &#8211; 27\/5 1900"},"content":{"rendered":"<p><em>The pic above is on the road between Humlefall and \u00c4skeryd villages in Adel\u00f6v parish where Anna-Greta grew up.<\/em><\/p>\n<p><a href=\"wp-content\/uploads\/2012\/11\/Anna-Greta-o-Mathilda.jpg\"><img loading=\"lazy\" decoding=\"async\" class=\"alignnone size-full wp-image-408\" title=\"Anna-Greta and one of the daughters\" alt=\"\" src=\"wp-content\/uploads\/2012\/11\/Anna-Greta-o-Mathilda.jpg\" width=\"117\" height=\"179\" \/><\/a>\u00a0 \u00a0Anna-Greta Jonsdotter was born 29\/10 in <strong><a href=\"https:\/\/maps.google.com\/maps\/ms?msid=202734398850949442153.0004d3448268161a5bfb1&amp;msa=0&amp;ll=54.265224,-10.371094&amp;spn=62.2883,158.027344&amp;iwloc=0004d3a529f1b00d5794d\" target=\"_blank\">Humlefall<\/a>\u00a0<\/strong>village in Adel\u00f6v parish.<strong>\u00a0<\/strong>Her parents were the farmer <a title=\"Jonas Svensson 7\/10 1781 Tittan, S\u00e4by\" href=\"http:\/\/ancestry.smars.se\/the-ancestors\/anna-greta-2910-1812\/jonas-svensson-710-1781\" target=\"_blank\">Jonas Svensson<\/a> and her mother <a title=\"Sara Samuelsdotter 18\/10 1778 Linder\u00e5s\" href=\"http:\/\/ancestry.smars.se\/the-ancestors\/anna-greta-2910-1812\/sara-samuelsdotter-1810-1778-linderas\" target=\"_blank\">Sara Samuelsdotte<\/a>r.<\/p>\n<p><img loading=\"lazy\" decoding=\"async\" class=\"size-thumbnail wp-image-3447 alignleft\" style=\"color: #333333; font-style: normal; line-height: 24px; text-align: start;\" title=\"To the left a house in Humlefall built 1869- long before Anna-Greta was born here.\" alt=\"Sm\u00e5landsl\u00e4kt 003\" src=\"wp-content\/uploads\/2013\/01\/Sm\u00e5landsl\u00e4kt-003-150x150.jpg\" width=\"150\" height=\"150\" \/><a href=\"wp-content\/uploads\/2013\/03\/Sm\u00e5landsl\u00e4kt-018.jpg\"><img loading=\"lazy\" decoding=\"async\" class=\"size-thumbnail wp-image-3731 alignright\" title=\"Adel\u00f6v church\" alt=\"Sm\u00e5landsl\u00e4kt 018\" src=\"wp-content\/uploads\/2013\/03\/Sm\u00e5landsl\u00e4kt-018-150x150.jpg\" width=\"150\" height=\"150\" \/><\/a><\/p>\n<p>She was baptized one day old in the close-by Adel\u00f6v church. Her &#8216;fadder&#8217; -godfathers and godmothers were: The soldier Gabriel Lindqvist and his wife Greta from Humlefall and Lars and Ewa Jansson from Adel\u00f6v.<\/p>\n<p><a href=\"&lt;iframe\"><br \/>\n<\/a> She had \u00a06 siblings of whom 4 reached adult age.<\/p>\n<p>1. A 2 year older brother Gustav who was the firstborn 1810-Sept 9.<\/p>\n<p>2. When she was three years old Samuel was born 19\/1 1815- (He died 37 years old 17\/4 1852 in \u00c4lmeberg)<\/p>\n<p>3.They moved to the neighbouring village<a href=\"https:\/\/maps.google.com\/maps\/ms?msid=202734398850949442153.0004d3448268161a5bfb1&amp;msa=0&amp;ll=55.875311,-10.019531&amp;spn=60.265054,158.027344&amp;iwloc=0004d4357f27289f4ea48\" target=\"_blank\"><strong>\u00a0\u00c4skeryd<\/strong><\/a> *, in Adel\u00f6v parish where Maja-Stina \u00a0was born 20\/6 1817 but she died 5 months old 15\/11 when Anna-Greta was 7 years old.<\/p>\n<p><a style=\"font-style: normal; line-height: 24px; text-decoration: underline;\" href=\"wp-content\/uploads\/2013\/01\/Sm\u00e5landsl\u00e4kt-011.jpg\"><img loading=\"lazy\" decoding=\"async\" class=\"size-thumbnail wp-image-3448 alignleft\" style=\"border-color: #bbbbbb; margin-top: 0.4em; background-color: #eeeeee;\" title=\"Sign of \u00c4skeryd- very close to Humlefall\" alt=\"Sm\u00e5landsl\u00e4kt 011\" src=\"wp-content\/uploads\/2013\/01\/Sm\u00e5landsl\u00e4kt-011-150x150.jpg\" width=\"150\" height=\"150\" \/><\/a><\/p>\n<p><a style=\"font-style: normal; line-height: 24px; text-decoration: underline;\" href=\"wp-content\/uploads\/2013\/01\/Sm\u00e5landsl\u00e4kt-017.jpg\"><img loading=\"lazy\" decoding=\"async\" class=\"size-thumbnail wp-image-3449 alignnone\" style=\"border-color: #bbbbbb; background-color: #eeeeee;\" title=\"\u00c4skeryd village 2012\" alt=\"Sm\u00e5landsl\u00e4kt 017\" src=\"wp-content\/uploads\/2013\/01\/Sm\u00e5landsl\u00e4kt-017-150x150.jpg\" width=\"150\" height=\"150\" \/><\/a><\/p>\n<p>&nbsp;<\/p>\n<p>4. 23\/11 1818 brother Swen was born.<\/p>\n<p>5. 15\/5 1821 Carl was born as Anna-Greta was 9.<\/p>\n<p>6.1824 the second Maja-Stina was born 10\/5 1724 but she also died 19\/2 1825 9 months old. Anna-Greta was now 14 years old and had already lost two baby-sisters.<\/p>\n<p>Anna-Greta moved to\u00a0<a href=\"https:\/\/maps.google.com\/maps\/ms?msid=202734398850949442153.0004d3448268161a5bfb1&amp;msa=0&amp;ll=57.917766,14.621773&amp;spn=0.031045,0.077162&amp;iwloc=0004d3a538c2123ac92b1\" target=\"_blank\">Vireda<\/a>\u00a0parish (<a href=\"https:\/\/maps.google.com\/maps\/ms?msid=202734398850949442153.0004d3448268161a5bfb1&amp;msa=0&amp;ll=57.98441,14.600444&amp;spn=0.007747,0.01929&amp;iwloc=0004eaf4a06ab1f073132\" target=\"_blank\">\u00c4lmeberg\/Elmberg<\/a>: a Rusth\u00e5ll farm = a military cavalry\/manor farm) with her parents on 23 May 1826\u00a0where they lived until at least 1830. She was then 14- 18 years old. It\u00a0looks like the family moved to Horbacken, another farm in 1834.<em>\u00a0<\/em><\/p>\n<p style=\"text-align: center;\"><a href=\"wp-content\/uploads\/2013\/07\/Sommar2013-sl\u00e4kttr\u00e4ff-mm-269.jpg\"><img loading=\"lazy\" decoding=\"async\" class=\"size-thumbnail wp-image-3376 aligncenter\" title=\"Vireda church\" alt=\"Sommar2013-sl\u00e4kttr\u00e4ff mm 269\" src=\"wp-content\/uploads\/2013\/07\/Sommar2013-sl\u00e4kttr\u00e4ff-mm-269-150x150.jpg\" width=\"150\" height=\"150\" \/><\/a><\/p>\n<div>Anna-Greta married \u00a0<a href=\"http:\/\/ancestry.smars.se\/?page_id=483\" target=\"_blank\">Johannes H\u00e5kansson<\/a> from <a href=\"https:\/\/maps.google.com\/maps\/ms?msid=202734398850949442153.0004d3448268161a5bfb1&amp;msa=0&amp;ll=58.055359,14.891968&amp;spn=0.429422,1.234589&amp;iwloc=0004d344d0427b8cf1652\" target=\"_blank\"><strong>S\u00f6t\u00e5sa<\/strong>* Southern farm<\/a> 7\/11 1834, 22 years old and moved to his inherited farm. She came from Vireda at this time.<\/div>\n<div><\/div>\n<div><a href=\"wp-content\/uploads\/2013\/01\/Sm\u00e5landsl\u00e4kt-108.jpg\"><img loading=\"lazy\" decoding=\"async\" class=\"alignnone size-thumbnail wp-image-3451\" title=\"S\u00f6t\u00e5sa 2012- the nowadays white house has replaced Johannes red house built 1869.\" alt=\"Sm\u00e5landsl\u00e4kt 108\" src=\"wp-content\/uploads\/2013\/01\/Sm\u00e5landsl\u00e4kt-108-150x150.jpg\" width=\"150\" height=\"150\" \/><\/a><a href=\"wp-content\/uploads\/2013\/01\/Sm\u00e5landsl\u00e4kt-109.jpg\"><img loading=\"lazy\" decoding=\"async\" class=\"alignnone size-thumbnail wp-image-3452\" title=\"View from S\u00f6t\u00e5sa towards \u00d6nnestorp\" alt=\"Sm\u00e5landsl\u00e4kt 109\" src=\"wp-content\/uploads\/2013\/01\/Sm\u00e5landsl\u00e4kt-109-150x150.jpg\" width=\"150\" height=\"150\" \/><\/a><a style=\"font-style: normal; line-height: 24px; text-decoration: underline;\" href=\"wp-content\/uploads\/2013\/01\/Sm\u00e5landsl\u00e4kt-112.jpg\"><img loading=\"lazy\" decoding=\"async\" class=\"alignnone size-thumbnail wp-image-3450\" style=\"border-color: #bbbbbb; background-color: #eeeeee;\" title=\"Johannes carpentry at S\u00f6t\u00e5sa where he made cascets for the diseased in the village which Anna-Greta prepared as an undertaker\" alt=\"Sm\u00e5landsl\u00e4kt 112\" src=\"wp-content\/uploads\/2013\/01\/Sm\u00e5landsl\u00e4kt-112-150x150.jpg\" width=\"150\" height=\"150\" \/><\/a><\/div>\n<div><\/div>\n<div><\/div>\n<div>They had 11 children altogether of whom 10 became grownup: <a title=\"Gustaf Fredrik 11\/2 1835 \u2013 S\u00f6t\u00e5sa\" href=\"http:\/\/ancestry.smars.se\/exempelsida\/m\" target=\"_blank\">Gustaf Fredrik<\/a>, <a title=\"Anna Lotta \u2013 the unknown sister\" href=\"http:\/\/ancestry.smars.se\/anna-lotta-the-unknown-sister\" target=\"_blank\">Anna Lotta<\/a>, <a title=\"Christina Sofia 24\/2 1839 -\" href=\"http:\/\/ancestry.smars.se\/exempelsida\/christina\" target=\"_blank\">Christina Sofia<\/a>, <a title=\"Johanna Maria 18\/6 1841 -\" href=\"http:\/\/ancestry.smars.se\/exempelsida\/johanna\" target=\"_blank\">Johanna Maria<\/a>, <a title=\"Hedda LOVISA\/e Isacsson 13\/6 1843 -\" href=\"http:\/\/ancestry.smars.se\/exempelsida\/hedda-lovisa\" target=\"_blank\">Hedda Lovisa<\/a>,<a title=\"Ida Charlotta 4\/8 1845 -\" href=\"http:\/\/ancestry.smars.se\/exempelsida\/ida-charlotta\" target=\"_blank\"> Ida Charlotta<\/a>,<a title=\"Johan August Johannisson 19\/11 1846 -1909\" href=\"http:\/\/ancestry.smars.se\/exempelsida\/johan-august\" target=\"_blank\"> Johan August<\/a>, <a title=\"Lottie Jaensson- Augusta Charlotta 7\/1 1850 \u2013 7\/4 1931\" href=\"http:\/\/ancestry.smars.se\/exempelsida\/lottie-augusta-charlotta\" target=\"_blank\">Augusta Charlotta<\/a>, <a title=\"Emma Sofia Isacsson 19\/7 1852 \u2013 1945\" href=\"http:\/\/ancestry.smars.se\/exempelsida\/emma-sofia\" target=\"_blank\">Emma Sofia<\/a>,<a title=\"Karl Viktor Johnson 20\/8 1854 \u2013 1827\" href=\"http:\/\/ancestry.smars.se\/exempelsida\/karl-viktor\" target=\"_blank\"> Karl Viktor<\/a> and <a title=\"Matilda 5\/9 1858 \u2013  27\/10 1923\" href=\"http:\/\/ancestry.smars.se\/exempelsida\/matilda\" target=\"_blank\">Matilda<\/a>.<\/div>\n<div>She was 22 when she had her first child and 46 when Matilda &#8211; her youngest- was born. \u00a0Their second child <a title=\"Anna Lotta 1837 6\/3 \u2013 S\u00f6t\u00e5sa \u2013 2\/2 1844\" href=\"http:\/\/ancestry.smars.se\/exempelsida\/anna-lotta-1837-63-sotasa\" target=\"_blank\">Anna-Lotta<\/a>, born 1837 became only 7 years old. Anna-Greta was then 32 years old and had 4 more children between 1 and 9 years old, expecting another one when she died.<\/div>\n<div>\n<div>Anna-Greta became the one in the village who prepared the dead and her husband who partially was a carpenter, \u00a0made caskets.<\/p>\n<div>\n<p>Later she did this job together with her oldest daughter <a title=\"Christina Sofia 28\/2 1839 -\" href=\"http:\/\/ancestry.smars.se\/?page_id=93\" target=\"_blank\">Christina<\/a> who had moved back to S\u00f6t\u00e5sa after a few years away, together with her family at S\u00f6t\u00e5sa farm until it was sold 1874.<\/p>\n<p><a href=\"http:\/\/ancestry.smars.se\/?page_id=483\" target=\"_blank\">Christina<\/a> and Carl Johan, her husband and family \u00a0of 6 children stayed at S\u00f6t\u00e5sa until it was sold 1874.<\/p>\n<p>When S\u00f6t\u00e5sa Farm was sold Anna-Greta and Johannes stayed at S\u00f6t\u00e5sa farm through\u00a0an \u2018excluding contract\u2019* until Johannes died in 1890. After Johannes died, Anna-Greta probably\u00a0stayed with Christina\u2019s family at <a href=\"https:\/\/maps.google.com\/maps\/ms?msid=202734398850949442153.0004d3448268161a5bfb1&amp;msa=0&amp;ll=57.950209,14.665117&amp;spn=0.031017,0.077162&amp;iwloc=0004d3a4e5c80bcad807f\" target=\"_blank\">\u00d6nnestorp<\/a>* farm on the other side of the lake even though she\u00a0would have access to the adjusted \u2018excluding\u2019 contract of living at S\u00f6t\u00e5sa up until her death.<\/p>\n<p>(* <em>for a more thorough description of this type of contract see \u201c<a title=\"Johannes H\u00e5kansson 2 July 1809 \u2013  17 Dec 1890\" href=\"http:\/\/ancestry.smars.se\/the-ancestors\/johannes-72-1809\" target=\"_blank\">Johannes<\/a>\u201d\u00a0<\/em><\/p>\n<p style=\"text-align: center;\"><img loading=\"lazy\" decoding=\"async\" class=\"size-full wp-image-490 aligncenter\" style=\"border-color: #bbbbbb; margin-top: 0.4em; background-color: #eeeeee;\" title=\"Johannes, AnnaGreta o EmmaSofia - maybe\" alt=\"Johannes, AnnaGreta o EmmaSofia - maybe\" src=\"wp-content\/uploads\/2013\/01\/Johannes-AnnaGreta-o-EmmaSofia-kanske.jpg\" width=\"153\" height=\"240\" \/>\u00a0As Anna-Greta died in the year of 1900, there were still 3 of her children living in Sweden:\u00a0<a title=\"Christina Sofia 24\/2 1839 \u2013 6\/1 1930\" href=\"http:\/\/ancestry.smars.se\/exempelsida\/christina\" target=\"_blank\">Christina<\/a>&#8211; with whom she had been staying,\u00a0<a title=\"Johanna Maria 18\/6 1841 \u2013 June 20 1915\" href=\"http:\/\/ancestry.smars.se\/exempelsida\/johanna\" target=\"_blank\">Johanna<\/a>\u00a0Maria who lived 23-35 km:s away, further south in Sm\u00e5land with her family and\u00a0<a title=\"Johan August Johannisson 19\/11 1846 \u2013 26\/11 1909\" href=\"http:\/\/ancestry.smars.se\/exempelsida\/johan-august\" target=\"_blank\">Johan Augus<\/a>t who had moved to N\u00e4ssj\u00f6 40 kms away.\u00a0At the time these distances were quite far away from each other.<\/p>\n<p>\u00a0Anna-Greta survived her husband by 10 years and became 87 years old.<\/p>\n<p>Churchbook ref:<\/p>\n<p style=\"text-align: center;\"><a href=\"wp-content\/uploads\/2013\/01\/Anna-Greta-and-Johannes-as-newly-wed.jpg\"><img loading=\"lazy\" decoding=\"async\" class=\"size-medium wp-image-3973 aligncenter\" title=\"Anna-Greta and Johannes as newly-wed at S\u00f6t\u00e5sa Southern farm\" alt=\"\" src=\"wp-content\/uploads\/2013\/01\/Anna-Greta-and-Johannes-as-newly-wed-300x258.jpg\" width=\"300\" height=\"258\" srcset=\"https:\/\/ancestry.smars.se\/wp-content\/uploads\/2013\/01\/Anna-Greta-and-Johannes-as-newly-wed-300x258.jpg 300w, https:\/\/ancestry.smars.se\/wp-content\/uploads\/2013\/01\/Anna-Greta-and-Johannes-as-newly-wed-1024x883.jpg 1024w, https:\/\/ancestry.smars.se\/wp-content\/uploads\/2013\/01\/Anna-Greta-and-Johannes-as-newly-wed-347x300.jpg 347w\" sizes=\"(max-width: 300px) 100vw, 300px\" \/><\/a><\/p>\n<\/div>\n<\/div>\n<\/div>\n","protected":false},"excerpt":{"rendered":"<p>The pic above is on the road between Humlefall and \u00c4skeryd villages in Adel\u00f6v parish where Anna-Greta grew up. \u00a0 \u00a0Anna-Greta Jonsdotter was born 29\/10 in Humlefall\u00a0village in Adel\u00f6v parish.\u00a0Her parents were the farmer Jonas Svensson and her mother Sara &hellip; <a href=\"https:\/\/ancestry.smars.se\/?page_id=486\">Continue reading <span class=\"meta-nav\">&rarr;<\/span><\/a><\/p>\n","protected":false},"author":1,"featured_media":3464,"parent":78,"menu_order":2,"comment_status":"open","ping_status":"open","template":"","meta":{"footnotes":""},"class_list":["post-486","page","type-page","status-publish","has-post-thumbnail","hentry"],"_links":{"self":[{"href":"https:\/\/ancestry.smars.se\/index.php?rest_route=\/wp\/v2\/pages\/486"}],"collection":[{"href":"https:\/\/ancestry.smars.se\/index.php?rest_route=\/wp\/v2\/pages"}],"about":[{"href":"https:\/\/ancestry.smars.se\/index.php?rest_route=\/wp\/v2\/types\/page"}],"author":[{"embeddable":true,"href":"https:\/\/ancestry.smars.se\/index.php?rest_route=\/wp\/v2\/users\/1"}],"replies":[{"embeddable":true,"href":"https:\/\/ancestry.smars.se\/index.php?rest_route=%2Fwp%2Fv2%2Fcomments&post=486"}],"version-history":[{"count":80,"href":"https:\/\/ancestry.smars.se\/index.php?rest_route=\/wp\/v2\/pages\/486\/revisions"}],"predecessor-version":[{"id":4743,"href":"https:\/\/ancestry.smars.se\/index.php?rest_route=\/wp\/v2\/pages\/486\/revisions\/4743"}],"up":[{"embeddable":true,"href":"https:\/\/ancestry.smars.se\/index.php?rest_route=\/wp\/v2\/pages\/78"}],"wp:featuredmedia":[{"embeddable":true,"href":"https:\/\/ancestry.smars.se\/index.php?rest_route=\/wp\/v2\/media\/3464"}],"wp:attachment":[{"href":"https:\/\/ancestry.smars.se\/index.php?rest_route=%2Fwp%2Fv2%2Fmedia&parent=486"}],"curies":[{"name":"wp","href":"https:\/\/api.w.org\/{rel}","templated":true}]}}