{"id":2489,"date":"2013-04-05T18:02:22","date_gmt":"2013-04-05T18:02:22","guid":{"rendered":"http:\/\/ancestry.smars.se\/?page_id=2489"},"modified":"2014-09-24T19:51:54","modified_gmt":"2014-09-24T19:51:54","slug":"vivian-palmsmars-2311-1920-232-1984","status":"publish","type":"page","link":"https:\/\/ancestry.smars.se\/?page_id=2489","title":{"rendered":"Vivian Palm\/Sm\u00e5rs 23\/11 1920 &#8211; 23\/2 1984"},"content":{"rendered":"<p style=\"text-align: center;\"><em>Cover photo of Vivians 6 children: from right <a title=\"Anders GUNNAR Sm\u00e5rs 3\/3 1950\" href=\"http:\/\/ancestry.smars.se\/exempelsida\/johan-august\/judith-johansdotter-palm\/vivian-palmsmars-2311-1920-232-1984\/anders-gunnar-smars-33-1950\" target=\"_blank\">Gunnar,<\/a> <a title=\"Bo STEFAN Sm\u00e5rs 12\/6 1952\" href=\"http:\/\/ancestry.smars.se\/exempelsida\/johan-august\/judith-johansdotter-palm\/vivian-palmsmars-2311-1920-232-1984\/bo-stefan-smars-126-1952\" target=\"_blank\">Stefan,<\/a> <a title=\"Alf PETER Sm\u00e5rs 19\/1 1954\" href=\"http:\/\/ancestry.smars.se\/exempelsida\/johan-august\/judith-johansdotter-palm\/vivian-palmsmars-2311-1920-232-1984\/alf-peter-smars-191-1954\" target=\"_blank\">Peter<\/a>, <a title=\"Sven S\u00f6ren Sm\u00e5rs 28\/2 1957\" href=\"http:\/\/ancestry.smars.se\/exempelsida\/johan-august\/judith-johansdotter-palm\/vivian-palmsmars-2311-1920-232-1984\/sven-soren-smars-282-1957\" target=\"_blank\">Sven<\/a>, <a title=\"Annika Maria Sm\u00e5rs 22\/5 1959\" href=\"http:\/\/ancestry.smars.se\/exempelsida\/johan-august\/judith-johansdotter-palm\/vivian-palmsmars-2311-1920-232-1984\/annika-maria-smars-225-1959\" target=\"_blank\">Annika<\/a> and <a title=\"Jan KRISTER Sm\u00e5rs 9\/12 1960\" href=\"http:\/\/ancestry.smars.se\/exempelsida\/johan-august\/judith-johansdotter-palm\/vivian-palmsmars-2311-1920-232-1984\/jan-krister-smars-912-1960\" target=\"_blank\">Krister<\/a><\/em><\/p>\n<p style=\"text-align: center;\"><a href=\"wp-content\/uploads\/2013\/04\/3.jpg\">\u00a0<\/a>Vivian- daugther of <a title=\"Judith Johansson \u2013 Palm 26\/2 1884 \u2013 Sept 19 1963\" href=\"http:\/\/ancestry.smars.se\/exempelsida\/johan-august\/judith-johansdotter-palm\" target=\"_blank\">Judith<\/a>&#8211; daughter of <a title=\"Johan August Johannisson 19\/11 1846 \u2013 26\/11 1909\" href=\"http:\/\/ancestry.smars.se\/exempelsida\/johan-august\" target=\"_blank\">Johan August<\/a>&#8211; son of Johannes and Anna- Greta<\/p>\n<p>\u00a0 \u00a0 \u00a0 \u00a0 \u00a0 \u00a0 \u00a0 \u00a0 \u00a0 \u00a0 \u00a0 \u00a0 \u00a0 \u00a0 \u00a0 \u00a0 \u00a0 \u00a0 \u00a0 \u00a0 Sister of<a title=\"Holger Palm  24\/2 1913 \u2013 1932\" href=\"http:\/\/ancestry.smars.se\/exempelsida\/johan-august\/judith-johansdotter-palm\/holger-palm-242-1913-1932\" target=\"_blank\"> Holger<\/a>, <a title=\"Lillian Palm 23\/11 1914 \u2013 Febr 1916\" href=\"http:\/\/ancestry.smars.se\/exempelsida\/johan-august\/judith-johansdotter-palm\/lillian-palm-2311-1914-febr-1916\" target=\"_blank\">Lillian<\/a>, <a title=\"Hugo William Palm 14\/7 1916 \u2013 2004 July 30\" href=\"http:\/\/ancestry.smars.se\/exempelsida\/johan-august\/judith-johansdotter-palm\/hugo-william-palm-146-1916\" target=\"_blank\">Hugo<\/a>,<a title=\"Willis Palm 20\/10 1918 \u2013  Aug.2004\" href=\"http:\/\/ancestry.smars.se\/exempelsida\/johan-august\/judith-johansdotter-palm\/willis-palm-2010-1918-aug-2004\" target=\"_blank\"> Willis<\/a>,<a title=\"Willow Palm 24\/1 1924 -\" href=\"http:\/\/ancestry.smars.se\/exempelsida\/johan-august\/judith-johansdotter-palm\/willow-palm-241-1924\" target=\"_blank\"> Willow\u00a0<\/a><a href=\"wp-content\/uploads\/2013\/04\/3.jpg\"><img loading=\"lazy\" decoding=\"async\" class=\"size-medium wp-image-4846 aligncenter\" style=\"color: #333333; font-style: normal;\" title=\"From left Hugo, Judith, Holger, Vivian, Rudolf and Willis\" alt=\"Familjen Palm\" src=\"wp-content\/uploads\/2013\/04\/Familjen-Palm-300x207.jpg\" width=\"300\" height=\"207\" srcset=\"https:\/\/ancestry.smars.se\/wp-content\/uploads\/2013\/04\/Familjen-Palm-300x207.jpg 300w, https:\/\/ancestry.smars.se\/wp-content\/uploads\/2013\/04\/Familjen-Palm-433x300.jpg 433w, https:\/\/ancestry.smars.se\/wp-content\/uploads\/2013\/04\/Familjen-Palm.jpg 892w\" sizes=\"(max-width: 300px) 100vw, 300px\" \/><\/a><img loading=\"lazy\" decoding=\"async\" class=\"alignnone size-medium wp-image-4845\" style=\"color: #333333; font-style: normal;\" title=\"From left Willow, Rudolf, Willow, Holger, Hugo. Vivian and Judith\" alt=\"Fam Palm i Sverige\" src=\"wp-content\/uploads\/2013\/04\/Fam-Palm-i-Sverige-300x189.jpg\" width=\"300\" height=\"189\" srcset=\"https:\/\/ancestry.smars.se\/wp-content\/uploads\/2013\/04\/Fam-Palm-i-Sverige-300x189.jpg 300w, https:\/\/ancestry.smars.se\/wp-content\/uploads\/2013\/04\/Fam-Palm-i-Sverige-1024x646.jpg 1024w, https:\/\/ancestry.smars.se\/wp-content\/uploads\/2013\/04\/Fam-Palm-i-Sverige-475x300.jpg 475w, https:\/\/ancestry.smars.se\/wp-content\/uploads\/2013\/04\/Fam-Palm-i-Sverige.jpg 1090w\" sizes=\"(max-width: 300px) 100vw, 300px\" \/><a href=\"wp-content\/uploads\/2013\/04\/Rudolf-Willis-och-Vivian-konferens-1930.jpg\"><img loading=\"lazy\" decoding=\"async\" class=\"alignnone  wp-image-4848\" title=\"From left Willow, Vivian, Willis and Rudolf at conference 1930\" alt=\"Rudolf, Willis och Vivian konferens 1930\" src=\"wp-content\/uploads\/2013\/04\/Rudolf-Willis-och-Vivian-konferens-1930-198x300.jpg\" width=\"198\" height=\"300\" srcset=\"https:\/\/ancestry.smars.se\/wp-content\/uploads\/2013\/04\/Rudolf-Willis-och-Vivian-konferens-1930-198x300.jpg 198w, https:\/\/ancestry.smars.se\/wp-content\/uploads\/2013\/04\/Rudolf-Willis-och-Vivian-konferens-1930.jpg 249w\" sizes=\"(max-width: 198px) 100vw, 198px\" \/><\/a><a href=\"wp-content\/uploads\/2013\/04\/Mo-Vivian-Skolklass.jpg\"><img loading=\"lazy\" decoding=\"async\" class=\"alignnone size-medium wp-image-5047\" title=\"Vivian 4th from right\" alt=\"Mo Vivian Skolklass\" src=\"wp-content\/uploads\/2013\/04\/Mo-Vivian-Skolklass-300x225.jpg\" width=\"300\" height=\"225\" srcset=\"https:\/\/ancestry.smars.se\/wp-content\/uploads\/2013\/04\/Mo-Vivian-Skolklass-300x225.jpg 300w, https:\/\/ancestry.smars.se\/wp-content\/uploads\/2013\/04\/Mo-Vivian-Skolklass-1024x768.jpg 1024w, https:\/\/ancestry.smars.se\/wp-content\/uploads\/2013\/04\/Mo-Vivian-Skolklass-400x300.jpg 400w\" sizes=\"(max-width: 300px) 100vw, 300px\" \/><\/a><a style=\"font-size: 15.4545450210571px; font-style: normal; line-height: 22.1590900421143px; text-decoration: underline;\" href=\"wp-content\/uploads\/2013\/04\/Vivian-Judit.jpg\"><img loading=\"lazy\" decoding=\"async\" class=\"alignnone size-medium wp-image-5048\" style=\"border-color: #bbbbbb; background: #eeeeee;\" alt=\"Vivian Judit\" src=\"wp-content\/uploads\/2013\/04\/Vivian-Judit-170x300.jpg\" width=\"170\" height=\"300\" srcset=\"https:\/\/ancestry.smars.se\/wp-content\/uploads\/2013\/04\/Vivian-Judit-170x300.jpg 170w, https:\/\/ancestry.smars.se\/wp-content\/uploads\/2013\/04\/Vivian-Judit.jpg 371w\" sizes=\"(max-width: 170px) 100vw, 170px\" \/><\/a><img loading=\"lazy\" decoding=\"async\" class=\"alignnone size-medium wp-image-5035\" style=\"color: #333333; font-style: normal;\" alt=\"Ung Vivian\" src=\"wp-content\/uploads\/2013\/04\/Ung-Vivian-195x300.jpg\" width=\"195\" height=\"300\" srcset=\"https:\/\/ancestry.smars.se\/wp-content\/uploads\/2013\/04\/Ung-Vivian-195x300.jpg 195w, https:\/\/ancestry.smars.se\/wp-content\/uploads\/2013\/04\/Ung-Vivian-668x1024.jpg 668w, https:\/\/ancestry.smars.se\/wp-content\/uploads\/2013\/04\/Ung-Vivian.jpg 1411w\" sizes=\"(max-width: 195px) 100vw, 195px\" \/><img loading=\"lazy\" decoding=\"async\" class=\"alignnone size-medium wp-image-5044\" style=\"color: #333333; font-style: normal;\" title=\"Judith, Rudolf, Vivian and Willis\" alt=\"Judith, Rudolf, Vivian o Willis\" src=\"wp-content\/uploads\/2013\/04\/Judith-Rudolf-Vivian-o-Willis-225x300.jpg\" width=\"225\" height=\"300\" srcset=\"https:\/\/ancestry.smars.se\/wp-content\/uploads\/2013\/04\/Judith-Rudolf-Vivian-o-Willis-225x300.jpg 225w, https:\/\/ancestry.smars.se\/wp-content\/uploads\/2013\/04\/Judith-Rudolf-Vivian-o-Willis-768x1024.jpg 768w\" sizes=\"(max-width: 225px) 100vw, 225px\" \/><a href=\"wp-content\/uploads\/2013\/04\/IMG_0433.jpg\"><img loading=\"lazy\" decoding=\"async\" class=\"alignnone size-medium wp-image-5034\" title=\"Vivian with big brother Hugo at Palmhyddan\" alt=\"IMG_0433\" src=\"wp-content\/uploads\/2013\/04\/IMG_0433-225x300.jpg\" width=\"225\" height=\"300\" srcset=\"https:\/\/ancestry.smars.se\/wp-content\/uploads\/2013\/04\/IMG_0433-225x300.jpg 225w, https:\/\/ancestry.smars.se\/wp-content\/uploads\/2013\/04\/IMG_0433-768x1024.jpg 768w\" sizes=\"(max-width: 225px) 100vw, 225px\" \/><\/a><a style=\"font-size: 15.4545450210571px; font-style: normal; line-height: 22.1590900421143px; text-decoration: underline;\" href=\"wp-content\/uploads\/2013\/04\/IMG_04551.jpg\"><img loading=\"lazy\" decoding=\"async\" class=\"alignnone size-medium wp-image-5038\" style=\"border-color: #bbbbbb; background: #eeeeee;\" title=\"Bicycling being a favorite free-time occupation\" alt=\"IMG_0455\" src=\"wp-content\/uploads\/2013\/04\/IMG_04551-193x300.jpg\" width=\"193\" height=\"300\" srcset=\"https:\/\/ancestry.smars.se\/wp-content\/uploads\/2013\/04\/IMG_04551-193x300.jpg 193w, https:\/\/ancestry.smars.se\/wp-content\/uploads\/2013\/04\/IMG_04551-661x1024.jpg 661w, https:\/\/ancestry.smars.se\/wp-content\/uploads\/2013\/04\/IMG_04551.jpg 1922w\" sizes=\"(max-width: 193px) 100vw, 193px\" \/><\/a><img loading=\"lazy\" decoding=\"async\" class=\"alignnone size-medium wp-image-5058\" style=\"color: #333333; font-style: normal;\" title=\"Vivian 3rd from left\" alt=\"Mor Vivian Staket\" src=\"wp-content\/uploads\/2013\/04\/Mor-Vivian-Staket-300x225.jpg\" width=\"300\" height=\"225\" srcset=\"https:\/\/ancestry.smars.se\/wp-content\/uploads\/2013\/04\/Mor-Vivian-Staket-300x225.jpg 300w, https:\/\/ancestry.smars.se\/wp-content\/uploads\/2013\/04\/Mor-Vivian-Staket-1024x768.jpg 1024w, https:\/\/ancestry.smars.se\/wp-content\/uploads\/2013\/04\/Mor-Vivian-Staket-400x300.jpg 400w\" sizes=\"(max-width: 300px) 100vw, 300px\" \/><img loading=\"lazy\" decoding=\"async\" class=\"size-medium wp-image-5042 aligncenter\" style=\"color: #333333; font-size: 15.4545450210571px; font-style: normal; line-height: 22.1590900421143px;\" title=\"In front of Ekebyholm school where Vivian spent some wonderful years - here together with Ulla Johansson and brother Willis Palm\" alt=\"IMG_0479\" src=\"wp-content\/uploads\/2013\/04\/IMG_0479-300x211.jpg\" width=\"300\" height=\"211\" srcset=\"https:\/\/ancestry.smars.se\/wp-content\/uploads\/2013\/04\/IMG_0479-300x211.jpg 300w, https:\/\/ancestry.smars.se\/wp-content\/uploads\/2013\/04\/IMG_0479-1024x721.jpg 1024w, https:\/\/ancestry.smars.se\/wp-content\/uploads\/2013\/04\/IMG_0479-425x300.jpg 425w, https:\/\/ancestry.smars.se\/wp-content\/uploads\/2013\/04\/IMG_0479.jpg 2033w\" sizes=\"(max-width: 300px) 100vw, 300px\" \/><img loading=\"lazy\" decoding=\"async\" class=\"size-medium wp-image-5036 aligncenter\" style=\"color: #333333; font-style: normal;\" title=\"Vivian at Ekebyholm- under the light pillar to the left\" alt=\"Ekebyholm\" src=\"wp-content\/uploads\/2013\/04\/Ekebyholm-300x225.jpg\" width=\"300\" height=\"225\" srcset=\"https:\/\/ancestry.smars.se\/wp-content\/uploads\/2013\/04\/Ekebyholm-300x225.jpg 300w, https:\/\/ancestry.smars.se\/wp-content\/uploads\/2013\/04\/Ekebyholm-1024x768.jpg 1024w, https:\/\/ancestry.smars.se\/wp-content\/uploads\/2013\/04\/Ekebyholm-400x300.jpg 400w\" sizes=\"(max-width: 300px) 100vw, 300px\" \/><img loading=\"lazy\" decoding=\"async\" class=\"alignnone size-medium wp-image-5045\" style=\"color: #333333; font-style: normal;\" alt=\"IMG_0493\" src=\"wp-content\/uploads\/2013\/04\/IMG_0493-300x225.jpg\" width=\"300\" height=\"225\" srcset=\"https:\/\/ancestry.smars.se\/wp-content\/uploads\/2013\/04\/IMG_0493-300x225.jpg 300w, https:\/\/ancestry.smars.se\/wp-content\/uploads\/2013\/04\/IMG_0493-1024x768.jpg 1024w, https:\/\/ancestry.smars.se\/wp-content\/uploads\/2013\/04\/IMG_0493-400x300.jpg 400w\" sizes=\"(max-width: 300px) 100vw, 300px\" \/><img loading=\"lazy\" decoding=\"async\" class=\"alignnone size-medium wp-image-5055\" style=\"color: #333333; font-style: normal;\" title=\"Vivian with beloved oldest brother Hugo at Ekebyholm\" alt=\"Vivian o Hugo\" src=\"wp-content\/uploads\/2013\/04\/Vivian-o-Hugo-174x300.jpg\" width=\"174\" height=\"300\" srcset=\"https:\/\/ancestry.smars.se\/wp-content\/uploads\/2013\/04\/Vivian-o-Hugo-174x300.jpg 174w, https:\/\/ancestry.smars.se\/wp-content\/uploads\/2013\/04\/Vivian-o-Hugo-594x1024.jpg 594w, https:\/\/ancestry.smars.se\/wp-content\/uploads\/2013\/04\/Vivian-o-Hugo.jpg 1483w\" sizes=\"(max-width: 174px) 100vw, 174px\" \/><a href=\"wp-content\/uploads\/2013\/04\/IMG_0492.jpg\"><img loading=\"lazy\" decoding=\"async\" class=\"alignnone size-medium wp-image-5046\" title=\"Vivian to the right together with Alva- Holgers fianc\u00e9e\" alt=\"IMG_0492\" src=\"wp-content\/uploads\/2013\/04\/IMG_0492-225x300.jpg\" width=\"225\" height=\"300\" srcset=\"https:\/\/ancestry.smars.se\/wp-content\/uploads\/2013\/04\/IMG_0492-225x300.jpg 225w, https:\/\/ancestry.smars.se\/wp-content\/uploads\/2013\/04\/IMG_0492-768x1024.jpg 768w\" sizes=\"(max-width: 225px) 100vw, 225px\" \/><\/a>\u00a0<a href=\"wp-content\/uploads\/2013\/04\/Vivian-o-Hugo-p\u00e5-Synninge-isen.jpg\"><img loading=\"lazy\" decoding=\"async\" class=\"alignnone size-medium wp-image-5056\" alt=\"Vivian o Hugo p\u00e5 Synninge isen\" src=\"wp-content\/uploads\/2013\/04\/Vivian-o-Hugo-p\u00e5-Synninge-isen-300x218.jpg\" width=\"300\" height=\"218\" srcset=\"https:\/\/ancestry.smars.se\/wp-content\/uploads\/2013\/04\/Vivian-o-Hugo-p\u00e5-Synninge-isen-300x218.jpg 300w, https:\/\/ancestry.smars.se\/wp-content\/uploads\/2013\/04\/Vivian-o-Hugo-p\u00e5-Synninge-isen-1024x745.jpg 1024w, https:\/\/ancestry.smars.se\/wp-content\/uploads\/2013\/04\/Vivian-o-Hugo-p\u00e5-Synninge-isen-412x300.jpg 412w\" sizes=\"(max-width: 300px) 100vw, 300px\" \/><\/a><img loading=\"lazy\" decoding=\"async\" class=\"alignnone size-medium wp-image-5057\" style=\"color: #333333; font-style: normal;\" alt=\"IMG_0501\" src=\"wp-content\/uploads\/2013\/04\/IMG_0501-147x300.jpg\" width=\"147\" height=\"300\" srcset=\"https:\/\/ancestry.smars.se\/wp-content\/uploads\/2013\/04\/IMG_0501-147x300.jpg 147w, https:\/\/ancestry.smars.se\/wp-content\/uploads\/2013\/04\/IMG_0501-503x1024.jpg 503w, https:\/\/ancestry.smars.se\/wp-content\/uploads\/2013\/04\/IMG_0501.jpg 1378w\" sizes=\"(max-width: 147px) 100vw, 147px\" \/><img loading=\"lazy\" decoding=\"async\" class=\"alignnone size-medium wp-image-5054\" style=\"color: #333333; font-style: normal;\" title=\"Vivian, second from right. To the left of her Ingalill Ahlbom\" alt=\"IMG_0494\" src=\"wp-content\/uploads\/2013\/04\/IMG_0494-300x225.jpg\" width=\"300\" height=\"225\" srcset=\"https:\/\/ancestry.smars.se\/wp-content\/uploads\/2013\/04\/IMG_0494-300x225.jpg 300w, https:\/\/ancestry.smars.se\/wp-content\/uploads\/2013\/04\/IMG_0494-1024x768.jpg 1024w, https:\/\/ancestry.smars.se\/wp-content\/uploads\/2013\/04\/IMG_0494-400x300.jpg 400w\" sizes=\"(max-width: 300px) 100vw, 300px\" \/><a href=\"wp-content\/uploads\/2013\/04\/IMG_0503.jpg\"><img loading=\"lazy\" decoding=\"async\" class=\"size-medium wp-image-5061 aligncenter\" title=\"Vivian and Alva\" alt=\"IMG_0503\" src=\"wp-content\/uploads\/2013\/04\/IMG_0503-262x300.jpg\" width=\"262\" height=\"300\" srcset=\"https:\/\/ancestry.smars.se\/wp-content\/uploads\/2013\/04\/IMG_0503-262x300.jpg 262w, https:\/\/ancestry.smars.se\/wp-content\/uploads\/2013\/04\/IMG_0503-895x1024.jpg 895w, https:\/\/ancestry.smars.se\/wp-content\/uploads\/2013\/04\/IMG_0503.jpg 1922w\" sizes=\"(max-width: 262px) 100vw, 262px\" \/><\/a><a href=\"wp-content\/uploads\/2013\/04\/IMG_0469.jpg\"><img loading=\"lazy\" decoding=\"async\" class=\"alignnone  wp-image-5040\" title=\"Vivian to the left of the sewing machine, among others are Anna-Lisa Sm\u00e5rs-Majholm, Rut Edfors, Stina Karlsson...\" alt=\"IMG_0469\" src=\"wp-content\/uploads\/2013\/04\/IMG_0469-1024x752.jpg\" width=\"584\" height=\"428\" srcset=\"https:\/\/ancestry.smars.se\/wp-content\/uploads\/2013\/04\/IMG_0469-1024x752.jpg 1024w, https:\/\/ancestry.smars.se\/wp-content\/uploads\/2013\/04\/IMG_0469-300x220.jpg 300w, https:\/\/ancestry.smars.se\/wp-content\/uploads\/2013\/04\/IMG_0469-408x300.jpg 408w\" sizes=\"(max-width: 584px) 100vw, 584px\" \/><\/a><a href=\"wp-content\/uploads\/2013\/04\/IMG_0469.jpg\"><br \/>\n<\/a><img loading=\"lazy\" decoding=\"async\" class=\"alignnone size-medium wp-image-5039\" style=\"color: #333333; font-size: 15.4545450210571px; font-style: normal; line-height: 22.1590900421143px;\" title=\"Vivian at right. Alva second from left\" alt=\"IMG_0452\" src=\"wp-content\/uploads\/2013\/04\/IMG_0452-300x193.jpg\" width=\"300\" height=\"193\" srcset=\"https:\/\/ancestry.smars.se\/wp-content\/uploads\/2013\/04\/IMG_0452-300x193.jpg 300w, https:\/\/ancestry.smars.se\/wp-content\/uploads\/2013\/04\/IMG_0452-1024x661.jpg 1024w, https:\/\/ancestry.smars.se\/wp-content\/uploads\/2013\/04\/IMG_0452-464x300.jpg 464w\" sizes=\"(max-width: 300px) 100vw, 300px\" \/><img loading=\"lazy\" decoding=\"async\" class=\"alignnone size-medium wp-image-5043\" style=\"color: #333333; font-size: 15.4545450210571px; font-style: normal; line-height: 22.1590900421143px;\" title=\"Vivian with friend Ulla Johansson\" alt=\"IMG_0486\" src=\"wp-content\/uploads\/2013\/04\/IMG_0486-225x300.jpg\" width=\"225\" height=\"300\" srcset=\"https:\/\/ancestry.smars.se\/wp-content\/uploads\/2013\/04\/IMG_0486-225x300.jpg 225w, https:\/\/ancestry.smars.se\/wp-content\/uploads\/2013\/04\/IMG_0486-768x1024.jpg 768w\" sizes=\"(max-width: 225px) 100vw, 225px\" \/><a href=\"wp-content\/uploads\/2013\/04\/Vivian-Rune-o-....jpg\"><img loading=\"lazy\" decoding=\"async\" class=\"size-medium wp-image-5050 aligncenter\" title=\"Vivian with cousin Rune Blomdahl and...\" alt=\"Vivian, Rune o ...\" src=\"wp-content\/uploads\/2013\/04\/Vivian-Rune-o-...-300x232.jpg\" width=\"300\" height=\"232\" srcset=\"https:\/\/ancestry.smars.se\/wp-content\/uploads\/2013\/04\/Vivian-Rune-o-...-300x232.jpg 300w, https:\/\/ancestry.smars.se\/wp-content\/uploads\/2013\/04\/Vivian-Rune-o-...-1024x794.jpg 1024w, https:\/\/ancestry.smars.se\/wp-content\/uploads\/2013\/04\/Vivian-Rune-o-...-386x300.jpg 386w\" sizes=\"(max-width: 300px) 100vw, 300px\" \/><\/a><a href=\"wp-content\/uploads\/2013\/04\/Vivian-o-...Johansson....jpg\"><img loading=\"lazy\" decoding=\"async\" class=\"size-medium wp-image-5053 aligncenter\" title=\"Vivian with her friends. To the left of her is Ulla Johansson\" alt=\"Vivian o ...Johansson...\" src=\"wp-content\/uploads\/2013\/04\/Vivian-o-...Johansson...-300x187.jpg\" width=\"300\" height=\"187\" srcset=\"https:\/\/ancestry.smars.se\/wp-content\/uploads\/2013\/04\/Vivian-o-...Johansson...-300x187.jpg 300w, https:\/\/ancestry.smars.se\/wp-content\/uploads\/2013\/04\/Vivian-o-...Johansson...-478x300.jpg 478w, https:\/\/ancestry.smars.se\/wp-content\/uploads\/2013\/04\/Vivian-o-...Johansson....jpg 482w\" sizes=\"(max-width: 300px) 100vw, 300px\" \/><\/a><a href=\"wp-content\/uploads\/2013\/04\/Vivian-o-Ingalill-Ahlbom-Kvalen-vid-Viaredsj\u00f6n1.jpg\"><img loading=\"lazy\" decoding=\"async\" class=\"alignnone  wp-image-5071\" title=\"Vivian and Ingalill Ahlbom-Kvalen at Viaredsj\u00f6n at Hultafors\" alt=\"\" src=\"wp-content\/uploads\/2013\/04\/Vivian-o-Ingalill-Ahlbom-Kvalen-vid-Viaredsj\u00f6n1.jpg\" width=\"794\" height=\"486\" srcset=\"https:\/\/ancestry.smars.se\/wp-content\/uploads\/2013\/04\/Vivian-o-Ingalill-Ahlbom-Kvalen-vid-Viaredsj\u00f6n1.jpg 794w, https:\/\/ancestry.smars.se\/wp-content\/uploads\/2013\/04\/Vivian-o-Ingalill-Ahlbom-Kvalen-vid-Viaredsj\u00f6n1-300x183.jpg 300w, https:\/\/ancestry.smars.se\/wp-content\/uploads\/2013\/04\/Vivian-o-Ingalill-Ahlbom-Kvalen-vid-Viaredsj\u00f6n1-490x300.jpg 490w\" sizes=\"(max-width: 794px) 100vw, 794px\" \/><\/a><img loading=\"lazy\" decoding=\"async\" class=\"alignnone size-medium wp-image-5052\" title=\"Vivian with friends in Bor\u00e5s\" alt=\"Vivian o v\u00e4nner p\u00e5 Bor\u00e5s Torg\" src=\"wp-content\/uploads\/2013\/04\/Vivian-o-v\u00e4nner-p\u00e5-Bor\u00e5s-Torg-211x300.jpg\" width=\"211\" height=\"300\" srcset=\"https:\/\/ancestry.smars.se\/wp-content\/uploads\/2013\/04\/Vivian-o-v\u00e4nner-p\u00e5-Bor\u00e5s-Torg-211x300.jpg 211w, https:\/\/ancestry.smars.se\/wp-content\/uploads\/2013\/04\/Vivian-o-v\u00e4nner-p\u00e5-Bor\u00e5s-Torg-721x1024.jpg 721w\" sizes=\"(max-width: 211px) 100vw, 211px\" \/><a href=\"wp-content\/uploads\/2013\/04\/Vivian.jpg\"><img loading=\"lazy\" decoding=\"async\" class=\"alignnone size-medium wp-image-5049\" alt=\"Vivian\" src=\"wp-content\/uploads\/2013\/04\/Vivian-185x300.jpg\" width=\"185\" height=\"300\" srcset=\"https:\/\/ancestry.smars.se\/wp-content\/uploads\/2013\/04\/Vivian-185x300.jpg 185w, https:\/\/ancestry.smars.se\/wp-content\/uploads\/2013\/04\/Vivian.jpg 394w\" sizes=\"(max-width: 185px) 100vw, 185px\" \/><\/a><a href=\"wp-content\/uploads\/2013\/04\/Vivian-sjuksk\u00f6terskeexamen.jpg\"><img loading=\"lazy\" decoding=\"async\" class=\"alignnone size-medium wp-image-5060\" title=\"Becoming a nurse by R\u00f6da korset in Stockholm 1948 ?\" alt=\"Vivian - sjuksk\u00f6terskeexamen\" src=\"wp-content\/uploads\/2013\/04\/Vivian-sjuksk\u00f6terskeexamen-215x300.jpg\" width=\"215\" height=\"300\" srcset=\"https:\/\/ancestry.smars.se\/wp-content\/uploads\/2013\/04\/Vivian-sjuksk\u00f6terskeexamen-215x300.jpg 215w, https:\/\/ancestry.smars.se\/wp-content\/uploads\/2013\/04\/Vivian-sjuksk\u00f6terskeexamen-736x1024.jpg 736w, https:\/\/ancestry.smars.se\/wp-content\/uploads\/2013\/04\/Vivian-sjuksk\u00f6terskeexamen.jpg 947w\" sizes=\"(max-width: 215px) 100vw, 215px\" \/><\/a><img loading=\"lazy\" decoding=\"async\" class=\"wp-image-5032 aligncenter\" title=\"A longed-for day: 19th of May 1949 at Palmhyddan, Varnhem- Vivians and Gunnars wedding\" alt=\"1964775_10201583144845646_689738062_n\" src=\"wp-content\/uploads\/2013\/04\/1964775_10201583144845646_689738062_n-187x300.jpg\" width=\"187\" height=\"300\" srcset=\"https:\/\/ancestry.smars.se\/wp-content\/uploads\/2013\/04\/1964775_10201583144845646_689738062_n-187x300.jpg 187w, https:\/\/ancestry.smars.se\/wp-content\/uploads\/2013\/04\/1964775_10201583144845646_689738062_n.jpg 600w\" sizes=\"(max-width: 187px) 100vw, 187px\" \/><img loading=\"lazy\" decoding=\"async\" class=\"alignnone size-full wp-image-5030\" title=\"At niece Viviannes wedding in Sikfors, H\u00e4llefors\" alt=\"Vivian S\" src=\"wp-content\/uploads\/2013\/04\/Vivian-S.jpg\" width=\"80\" height=\"110\" \/><a href=\"wp-content\/uploads\/2013\/04\/Barnens-fascination-Willis1.jpg\"><img loading=\"lazy\" decoding=\"async\" class=\"alignnone size-medium wp-image-5059\" title=\"Vivians 50th birthday- the house filled with brothers and family at Bj\u00f6rkudden, Nyhyttan. Here Willis and Lillian and Willow Palm\" alt=\"Barnens fascination Willis\" src=\"wp-content\/uploads\/2013\/04\/Barnens-fascination-Willis1-300x198.jpg\" width=\"300\" height=\"198\" srcset=\"https:\/\/ancestry.smars.se\/wp-content\/uploads\/2013\/04\/Barnens-fascination-Willis1-300x198.jpg 300w, https:\/\/ancestry.smars.se\/wp-content\/uploads\/2013\/04\/Barnens-fascination-Willis1-452x300.jpg 452w, https:\/\/ancestry.smars.se\/wp-content\/uploads\/2013\/04\/Barnens-fascination-Willis1.jpg 859w\" sizes=\"(max-width: 300px) 100vw, 300px\" \/><\/a><a href=\"wp-content\/uploads\/2013\/04\/Mor-Vivian-Rast\u00e4lven.jpg\"><img loading=\"lazy\" decoding=\"async\" class=\"alignnone size-medium wp-image-5062\" title=\"While being a mom at home Vivian painted her surroundings: Here Rast\u00e4lven at Nyhyttan\" alt=\"Mor Vivian Rast\u00e4lven\" src=\"wp-content\/uploads\/2013\/04\/Mor-Vivian-Rast\u00e4lven-300x225.jpg\" width=\"300\" height=\"225\" srcset=\"https:\/\/ancestry.smars.se\/wp-content\/uploads\/2013\/04\/Mor-Vivian-Rast\u00e4lven-300x225.jpg 300w, https:\/\/ancestry.smars.se\/wp-content\/uploads\/2013\/04\/Mor-Vivian-Rast\u00e4lven-1024x768.jpg 1024w, https:\/\/ancestry.smars.se\/wp-content\/uploads\/2013\/04\/Mor-Vivian-Rast\u00e4lven-400x300.jpg 400w\" sizes=\"(max-width: 300px) 100vw, 300px\" \/><\/a><a href=\"wp-content\/uploads\/2013\/04\/Mor-Vivian-Skogsv\u00e4g.jpg\"><img loading=\"lazy\" decoding=\"async\" class=\"size-medium wp-image-5063 aligncenter\" title=\"S\u00e5ngenv\u00e4gen at Nyhyttan\" alt=\"Mor Vivian Skogsv\u00e4g\" src=\"wp-content\/uploads\/2013\/04\/Mor-Vivian-Skogsv\u00e4g-300x225.jpg\" width=\"300\" height=\"225\" srcset=\"https:\/\/ancestry.smars.se\/wp-content\/uploads\/2013\/04\/Mor-Vivian-Skogsv\u00e4g-300x225.jpg 300w, https:\/\/ancestry.smars.se\/wp-content\/uploads\/2013\/04\/Mor-Vivian-Skogsv\u00e4g-1024x768.jpg 1024w, https:\/\/ancestry.smars.se\/wp-content\/uploads\/2013\/04\/Mor-Vivian-Skogsv\u00e4g-400x300.jpg 400w\" sizes=\"(max-width: 300px) 100vw, 300px\" \/><\/a><a href=\"wp-content\/uploads\/2013\/04\/Mor-Vivian-Val\u00e5sen-v\u00e4gen.jpg\"><img loading=\"lazy\" decoding=\"async\" class=\"alignnone size-medium wp-image-5064\" title=\"Val\u00e5senv\u00e4gen at Nyhyttan \" alt=\"Mor Vivian Val\u00e5sen v\u00e4gen\" src=\"wp-content\/uploads\/2013\/04\/Mor-Vivian-Val\u00e5sen-v\u00e4gen-300x225.jpg\" width=\"300\" height=\"225\" srcset=\"https:\/\/ancestry.smars.se\/wp-content\/uploads\/2013\/04\/Mor-Vivian-Val\u00e5sen-v\u00e4gen-300x225.jpg 300w, https:\/\/ancestry.smars.se\/wp-content\/uploads\/2013\/04\/Mor-Vivian-Val\u00e5sen-v\u00e4gen-1024x768.jpg 1024w, https:\/\/ancestry.smars.se\/wp-content\/uploads\/2013\/04\/Mor-Vivian-Val\u00e5sen-v\u00e4gen-400x300.jpg 400w\" sizes=\"(max-width: 300px) 100vw, 300px\" \/><\/a><a href=\"wp-content\/uploads\/2013\/04\/Mor-Vivian-Blomster.jpg\"><img loading=\"lazy\" decoding=\"async\" class=\"alignnone size-medium wp-image-5065\" title=\"Vivian loved painting flowers\" alt=\"Mor Vivian Blomster\" src=\"wp-content\/uploads\/2013\/04\/Mor-Vivian-Blomster-225x300.jpg\" width=\"225\" height=\"300\" srcset=\"https:\/\/ancestry.smars.se\/wp-content\/uploads\/2013\/04\/Mor-Vivian-Blomster-225x300.jpg 225w, https:\/\/ancestry.smars.se\/wp-content\/uploads\/2013\/04\/Mor-Vivian-Blomster-768x1024.jpg 768w\" sizes=\"(max-width: 225px) 100vw, 225px\" \/><\/a><a style=\"font-size: 15.4545450210571px; font-style: normal; line-height: 22.1590900421143px; text-decoration: underline;\" href=\"wp-content\/uploads\/2013\/04\/Mor-Vivian-Midsommar-Nyhyttan.jpg\"><img loading=\"lazy\" decoding=\"async\" class=\"alignnone size-medium wp-image-5028\" style=\"border-color: #bbbbbb; background: #eeeeee;\" title=\"Midsummer at Nyhyttan in the 70ies\" alt=\"Mor Vivian Midsommar Nyhyttan\" src=\"wp-content\/uploads\/2013\/04\/Mor-Vivian-Midsommar-Nyhyttan-300x249.jpg\" width=\"300\" height=\"249\" srcset=\"https:\/\/ancestry.smars.se\/wp-content\/uploads\/2013\/04\/Mor-Vivian-Midsommar-Nyhyttan-300x249.jpg 300w, https:\/\/ancestry.smars.se\/wp-content\/uploads\/2013\/04\/Mor-Vivian-Midsommar-Nyhyttan-1024x850.jpg 1024w, https:\/\/ancestry.smars.se\/wp-content\/uploads\/2013\/04\/Mor-Vivian-Midsommar-Nyhyttan-361x300.jpg 361w, https:\/\/ancestry.smars.se\/wp-content\/uploads\/2013\/04\/Mor-Vivian-Midsommar-Nyhyttan.jpg 1894w\" sizes=\"(max-width: 300px) 100vw, 300px\" \/><\/a><img loading=\"lazy\" decoding=\"async\" class=\"alignnone size-medium wp-image-5027\" style=\"color: #333333; font-size: 15.4545450210571px; font-style: normal; line-height: 22.1590900421143px;\" title=\"Late 70ies Vivian would spend quite a lot of time with her friends Rune and Gunborg in California\" alt=\"mor 001\" src=\"wp-content\/uploads\/2013\/04\/mor-001-225x300.jpg\" width=\"225\" height=\"300\" srcset=\"https:\/\/ancestry.smars.se\/wp-content\/uploads\/2013\/04\/mor-001-225x300.jpg 225w, https:\/\/ancestry.smars.se\/wp-content\/uploads\/2013\/04\/mor-001.jpg 609w\" sizes=\"(max-width: 225px) 100vw, 225px\" \/><\/p>\n<p>&nbsp;<\/p>\n<p>&nbsp;<\/p>\n","protected":false},"excerpt":{"rendered":"<p>Cover photo of Vivians 6 children: from right Gunnar, Stefan, Peter, Sven, Annika and Krister \u00a0Vivian- daugther of Judith&#8211; daughter of Johan August&#8211; son of Johannes and Anna- Greta \u00a0 \u00a0 \u00a0 \u00a0 \u00a0 \u00a0 \u00a0 \u00a0 \u00a0 \u00a0 \u00a0 &hellip; <a href=\"https:\/\/ancestry.smars.se\/?page_id=2489\">Continue reading <span class=\"meta-nav\">&rarr;<\/span><\/a><\/p>\n","protected":false},"author":1,"featured_media":5069,"parent":1207,"menu_order":5,"comment_status":"open","ping_status":"open","template":"","meta":{"footnotes":""},"class_list":["post-2489","page","type-page","status-publish","has-post-thumbnail","hentry"],"_links":{"self":[{"href":"https:\/\/ancestry.smars.se\/index.php?rest_route=\/wp\/v2\/pages\/2489"}],"collection":[{"href":"https:\/\/ancestry.smars.se\/index.php?rest_route=\/wp\/v2\/pages"}],"about":[{"href":"https:\/\/ancestry.smars.se\/index.php?rest_route=\/wp\/v2\/types\/page"}],"author":[{"embeddable":true,"href":"https:\/\/ancestry.smars.se\/index.php?rest_route=\/wp\/v2\/users\/1"}],"replies":[{"embeddable":true,"href":"https:\/\/ancestry.smars.se\/index.php?rest_route=%2Fwp%2Fv2%2Fcomments&post=2489"}],"version-history":[{"count":11,"href":"https:\/\/ancestry.smars.se\/index.php?rest_route=\/wp\/v2\/pages\/2489\/revisions"}],"predecessor-version":[{"id":3283,"href":"https:\/\/ancestry.smars.se\/index.php?rest_route=\/wp\/v2\/pages\/2489\/revisions\/3283"}],"up":[{"embeddable":true,"href":"https:\/\/ancestry.smars.se\/index.php?rest_route=\/wp\/v2\/pages\/1207"}],"wp:featuredmedia":[{"embeddable":true,"href":"https:\/\/ancestry.smars.se\/index.php?rest_route=\/wp\/v2\/media\/5069"}],"wp:attachment":[{"href":"https:\/\/ancestry.smars.se\/index.php?rest_route=%2Fwp%2Fv2%2Fmedia&parent=2489"}],"curies":[{"name":"wp","href":"https:\/\/api.w.org\/{rel}","templated":true}]}}