{"id":2363,"date":"2013-04-02T14:18:44","date_gmt":"2013-04-02T14:18:44","guid":{"rendered":"http:\/\/ancestry.smars.se\/?page_id=2363"},"modified":"2014-08-20T18:17:17","modified_gmt":"2014-08-20T18:17:17","slug":"john-adolf-johanssonblomdahl-236-1877-173-1922","status":"publish","type":"page","link":"https:\/\/ancestry.smars.se\/?page_id=2363","title":{"rendered":"John Adolf Johansson\/Blomdahl 23\/6 1877 &#8211; 17\/3 1922"},"content":{"rendered":"<p><em>Cover photo shows Storrydet where John grew up. John and his family is standing in front together with his mother Sofia and his siblings.<\/em><\/p>\n<p>John Adolf is born in N\u00e4ssj\u00f6 as Johan August and Sofias first child.\u00a0In the\u00a0church book 1881 in Svenarum\u00a0he was named Johan Adolf.<\/p>\n<p>When John was 2 years old his father saw some children in the street of N\u00e4ssj\u00f6 who quarreled and threw stones at each other. This made him think that he wanted to raise his own children in a more peaceful atmosphere. He bought a farm, far out in the woods of Svenarum- Storrydet, and moved there with his little family 1879.<\/p>\n<p><a href=\"wp-content\/uploads\/2013\/04\/Young-John-Blomdahl.jpg\"><img loading=\"lazy\" decoding=\"async\" class=\"alignnone size-thumbnail wp-image-4258\" alt=\"Young John Blomdahl\" src=\"wp-content\/uploads\/2013\/04\/Young-John-Blomdahl-150x150.jpg\" width=\"150\" height=\"150\" \/><\/a><a href=\"wp-content\/uploads\/2013\/04\/John-Blomdahl.jpg\"><img loading=\"lazy\" decoding=\"async\" class=\"alignnone size-thumbnail wp-image-4252\" alt=\"John Blomdahl\" src=\"wp-content\/uploads\/2013\/04\/John-Blomdahl-150x150.jpg\" width=\"150\" height=\"150\" \/><\/a><a href=\"wp-content\/uploads\/2013\/04\/John-Blomdahl-ung-brudgum-kanske.jpg\"><img loading=\"lazy\" decoding=\"async\" class=\"alignnone size-thumbnail wp-image-4253\" alt=\"John Blomdahl ung brudgum kanske\" src=\"wp-content\/uploads\/2013\/04\/John-Blomdahl-ung-brudgum-kanske-150x150.jpg\" width=\"150\" height=\"150\" \/><\/a><\/p>\n<p><a href=\"wp-content\/uploads\/2013\/04\/John-Blomdahl-med-cykel.jpg\"><img loading=\"lazy\" decoding=\"async\" class=\"alignnone size-medium wp-image-4249\" title=\"John about 18\" alt=\"John Blomdahl med cykel\" src=\"wp-content\/uploads\/2013\/04\/John-Blomdahl-med-cykel-207x300.jpg\" width=\"207\" height=\"300\" srcset=\"https:\/\/ancestry.smars.se\/wp-content\/uploads\/2013\/04\/John-Blomdahl-med-cykel-207x300.jpg 207w, https:\/\/ancestry.smars.se\/wp-content\/uploads\/2013\/04\/John-Blomdahl-med-cykel.jpg 629w\" sizes=\"(max-width: 207px) 100vw, 207px\" \/><\/a><a href=\"wp-content\/uploads\/2013\/04\/John-Blomdahl-m-kompisar.jpg\"><img loading=\"lazy\" decoding=\"async\" class=\"size-medium wp-image-4250 alignright\" title=\"John with friends, probably Storck, Thunander and Svahnstr\u00f6m\" alt=\"John Blomdahl m kompisar\" src=\"wp-content\/uploads\/2013\/04\/John-Blomdahl-m-kompisar-214x300.jpg\" width=\"214\" height=\"300\" srcset=\"https:\/\/ancestry.smars.se\/wp-content\/uploads\/2013\/04\/John-Blomdahl-m-kompisar-214x300.jpg 214w, https:\/\/ancestry.smars.se\/wp-content\/uploads\/2013\/04\/John-Blomdahl-m-kompisar.jpg 606w\" sizes=\"(max-width: 214px) 100vw, 214px\" \/><\/a><\/p>\n<p>John and his brother <a title=\"Josef Johansson 18 of December 1878 \u2013 August 1936\" href=\"http:\/\/ancestry.smars.se\/exempelsida\/johan-august\/josef-johansson\" target=\"_blank\">Josef<\/a> were close in age &#8211; only 1,5 years- and seems to have stuck together<\/p>\n<p><a href=\"wp-content\/uploads\/2013\/04\/Josef-Johansson-andra-fr\u00e5n-h\u00f6-bredvid-John-A-B.jpg\"><img loading=\"lazy\" decoding=\"async\" class=\"alignnone size-medium wp-image-4262\" title=\"John and Josef to the right. The others are friends- Storck and a Larsson-son \" alt=\"Josef Johansson andra fr\u00e5n h\u00f6 bredvid John A B\" src=\"wp-content\/uploads\/2013\/04\/Josef-Johansson-andra-fr\u00e5n-h\u00f6-bredvid-John-A-B-224x300.jpg\" width=\"224\" height=\"300\" srcset=\"https:\/\/ancestry.smars.se\/wp-content\/uploads\/2013\/04\/Josef-Johansson-andra-fr\u00e5n-h\u00f6-bredvid-John-A-B-224x300.jpg 224w, https:\/\/ancestry.smars.se\/wp-content\/uploads\/2013\/04\/Josef-Johansson-andra-fr\u00e5n-h\u00f6-bredvid-John-A-B.jpg 629w\" sizes=\"(max-width: 224px) 100vw, 224px\" \/><\/a><a href=\"wp-content\/uploads\/2013\/04\/John-Blomdahl-och-troligen-Josef-Johansson-1901.jpg\"><img loading=\"lazy\" decoding=\"async\" class=\"alignnone size-full wp-image-4263\" title=\"John and Josef in a conference in \u00d6rebro 1901- middle behind woman with hat\" alt=\"John Blomdahl och troligen Josef Johansson 1901\" src=\"wp-content\/uploads\/2013\/04\/John-Blomdahl-och-troligen-Josef-Johansson-1901.jpg\" width=\"294\" height=\"199\" \/><\/a>Around 1899- 22 years old,\u00a0John went to study for a year in Nyhyttans Adventist school.<\/p>\n<p><a href=\"wp-content\/uploads\/2013\/04\/John-bland-v\u00e4nner-p\u00e5-Nyhyttan.jpg\"><img loading=\"lazy\" decoding=\"async\" class=\"alignnone size-medium wp-image-4266\" title=\"John among friends at Nyhyttan- in the middle in the back\" alt=\"John bland v\u00e4nner p\u00e5 Nyhyttan\" src=\"wp-content\/uploads\/2013\/04\/John-bland-v\u00e4nner-p\u00e5-Nyhyttan-300x245.jpg\" width=\"300\" height=\"245\" srcset=\"https:\/\/ancestry.smars.se\/wp-content\/uploads\/2013\/04\/John-bland-v\u00e4nner-p\u00e5-Nyhyttan-300x245.jpg 300w, https:\/\/ancestry.smars.se\/wp-content\/uploads\/2013\/04\/John-bland-v\u00e4nner-p\u00e5-Nyhyttan-1024x838.jpg 1024w, https:\/\/ancestry.smars.se\/wp-content\/uploads\/2013\/04\/John-bland-v\u00e4nner-p\u00e5-Nyhyttan-366x300.jpg 366w, https:\/\/ancestry.smars.se\/wp-content\/uploads\/2013\/04\/John-bland-v\u00e4nner-p\u00e5-Nyhyttan.jpg 1245w\" sizes=\"(max-width: 300px) 100vw, 300px\" \/><\/a><a href=\"wp-content\/uploads\/2013\/04\/John-Blomdahl-p\u00e5-Nyhyttan.jpg\"><img loading=\"lazy\" decoding=\"async\" class=\"alignnone size-medium wp-image-4267\" title=\"John at Nyhyttan - in the middle\" alt=\"John Blomdahl p\u00e5 Nyhyttan\" src=\"wp-content\/uploads\/2013\/04\/John-Blomdahl-p\u00e5-Nyhyttan-206x300.jpg\" width=\"206\" height=\"300\" srcset=\"https:\/\/ancestry.smars.se\/wp-content\/uploads\/2013\/04\/John-Blomdahl-p\u00e5-Nyhyttan-206x300.jpg 206w, https:\/\/ancestry.smars.se\/wp-content\/uploads\/2013\/04\/John-Blomdahl-p\u00e5-Nyhyttan.jpg 633w\" sizes=\"(max-width: 206px) 100vw, 206px\" \/><\/a><a href=\"wp-content\/uploads\/2013\/04\/John-Blomdahl-p\u00e5-Erikaberget-Nyhyttan.jpg\"><img loading=\"lazy\" decoding=\"async\" class=\"alignnone  wp-image-4275\" title=\"John, climbing a little mountain- Erikaberget- close to Nyhyttan\" alt=\"John Blomdahl p\u00e5 Erikaberget, Nyhyttan\" src=\"wp-content\/uploads\/2013\/04\/John-Blomdahl-p\u00e5-Erikaberget-Nyhyttan.jpg\" width=\"875\" height=\"474\" srcset=\"https:\/\/ancestry.smars.se\/wp-content\/uploads\/2013\/04\/John-Blomdahl-p\u00e5-Erikaberget-Nyhyttan.jpg 875w, https:\/\/ancestry.smars.se\/wp-content\/uploads\/2013\/04\/John-Blomdahl-p\u00e5-Erikaberget-Nyhyttan-300x162.jpg 300w, https:\/\/ancestry.smars.se\/wp-content\/uploads\/2013\/04\/John-Blomdahl-p\u00e5-Erikaberget-Nyhyttan-500x270.jpg 500w\" sizes=\"(max-width: 875px) 100vw, 875px\" \/><\/a><\/p>\n<p>He then left for Norway to learn the tailoring profession by Albin and Jenny Larsson who lived in Horton, Norway. He stayed there some years and his sister Judith also came to stay there.<a title=\"Judith Johansson \u2013 Palm 26\/2 1884 \u2013 Sept 19 1963\" href=\"http:\/\/ancestry.smars.se\/exempelsida\/johan-august\/judith-johansdotter-palm\" target=\"_blank\"> Judith<\/a> and John were very close.<\/p>\n<p><a href=\"wp-content\/uploads\/2013\/04\/From-John-A-Blomdahl-1902-to-sister-Judith-a-poetrybook.jpg\"><img loading=\"lazy\" decoding=\"async\" class=\"alignnone size-medium wp-image-4272\" title=\"From John A Blomdahl 1902 to sister Judith- a poetrybook\" alt=\"\" src=\"wp-content\/uploads\/2013\/04\/From-John-A-Blomdahl-1902-to-sister-Judith-a-poetrybook-300x230.jpg\" width=\"300\" height=\"230\" srcset=\"https:\/\/ancestry.smars.se\/wp-content\/uploads\/2013\/04\/From-John-A-Blomdahl-1902-to-sister-Judith-a-poetrybook-300x230.jpg 300w, https:\/\/ancestry.smars.se\/wp-content\/uploads\/2013\/04\/From-John-A-Blomdahl-1902-to-sister-Judith-a-poetrybook-1024x785.jpg 1024w, https:\/\/ancestry.smars.se\/wp-content\/uploads\/2013\/04\/From-John-A-Blomdahl-1902-to-sister-Judith-a-poetrybook-390x300.jpg 390w, https:\/\/ancestry.smars.se\/wp-content\/uploads\/2013\/04\/From-John-A-Blomdahl-1902-to-sister-Judith-a-poetrybook.jpg 1970w\" sizes=\"(max-width: 300px) 100vw, 300px\" \/><\/a> When John went back to start up his own tailoring business in Vaggeryd, Sm\u00e5land, she came along with him and worked with him for a while.<\/p>\n<p style=\"text-align: center;\"><a href=\"wp-content\/uploads\/2013\/04\/judith-john-och-Hanna.jpg\"><img loading=\"lazy\" decoding=\"async\" class=\"size-medium wp-image-4245 aligncenter\" title=\"John with his sisters Judith (left)  och Hanna in Norway\" alt=\"\" src=\"wp-content\/uploads\/2013\/04\/judith-john-och-Hanna-182x300.jpg\" width=\"182\" height=\"300\" srcset=\"https:\/\/ancestry.smars.se\/wp-content\/uploads\/2013\/04\/judith-john-och-Hanna-182x300.jpg 182w, https:\/\/ancestry.smars.se\/wp-content\/uploads\/2013\/04\/judith-john-och-Hanna.jpg 498w\" sizes=\"(max-width: 182px) 100vw, 182px\" \/><\/a><\/p>\n<p style=\"text-align: center;\"><img loading=\"lazy\" decoding=\"async\" class=\"size-medium wp-image-4239 aligncenter\" title=\"Jenny and Albin Larsson- parents of the Zerne-Rost-Kip-families- tailors in Norway\" alt=\"Makarna Larsson\" src=\"wp-content\/uploads\/2013\/04\/Makarna-Larsson-300x201.jpg\" width=\"300\" height=\"201\" srcset=\"https:\/\/ancestry.smars.se\/wp-content\/uploads\/2013\/04\/Makarna-Larsson-300x201.jpg 300w, https:\/\/ancestry.smars.se\/wp-content\/uploads\/2013\/04\/Makarna-Larsson-445x300.jpg 445w, https:\/\/ancestry.smars.se\/wp-content\/uploads\/2013\/04\/Makarna-Larsson.jpg 688w\" sizes=\"(max-width: 300px) 100vw, 300px\" \/><a href=\"wp-content\/uploads\/2013\/04\/Familjen-Albin-o-Jenny-Larsson-efter-flytt-till-G\u00f6tene-Sverige.jpg\"><img loading=\"lazy\" decoding=\"async\" class=\"size-medium wp-image-4255 aligncenter\" title=\"Family Larsson fr left: woman Emy Larsson-Grundberg, middle: Anna Angervo w son Lennart...\" alt=\"Familjen Albin o Jenny Larsson efter flytt till G\u00f6tene, Sverige\" src=\"wp-content\/uploads\/2013\/04\/Familjen-Albin-o-Jenny-Larsson-efter-flytt-till-G\u00f6tene-Sverige-300x189.jpg\" width=\"300\" height=\"189\" srcset=\"https:\/\/ancestry.smars.se\/wp-content\/uploads\/2013\/04\/Familjen-Albin-o-Jenny-Larsson-efter-flytt-till-G\u00f6tene-Sverige-300x189.jpg 300w, https:\/\/ancestry.smars.se\/wp-content\/uploads\/2013\/04\/Familjen-Albin-o-Jenny-Larsson-efter-flytt-till-G\u00f6tene-Sverige-474x300.jpg 474w, https:\/\/ancestry.smars.se\/wp-content\/uploads\/2013\/04\/Familjen-Albin-o-Jenny-Larsson-efter-flytt-till-G\u00f6tene-Sverige.jpg 939w\" sizes=\"(max-width: 300px) 100vw, 300px\" \/><\/a><\/p>\n<p>&nbsp;<\/p>\n<p style=\"text-align: center;\">John met Anna Svensson who came from\u00a0<a href=\"https:\/\/www.google.com\/maps\/ms?msid=202734398850949442153.0004d3448268161a5bfb1&amp;msa=0&amp;ll=58.028214,14.480839&amp;spn=0.014384,0.038581&amp;iwloc=0004f2bc70972530c591b\" target=\"_blank\">Gr\u00e4nna<\/a>\u00a0and they got married 1903 and they \u00a0had 7 children:<a title=\"Nora Blomdahl\/Bohnmark 11\/5 1905 18\/2 1939\" href=\"http:\/\/ancestry.smars.se\/exempelsida\/johan-august\/nora-blomdahlbohnmark-115-1905-182-1939\" target=\"_blank\">\u00a0Nora<\/a>,\u00a0<a title=\"Mallan Blomdahl\/Bohnmark 5\/11 1906\" href=\"http:\/\/ancestry.smars.se\/exempelsida\/johan-august\/mallan-blomdahlbohnmark-511-1906\" target=\"_blank\">Mallan<\/a>,<a title=\"Vide Blomdahl 6\/1 1908 \u2013 21\/5 1933\" href=\"http:\/\/ancestry.smars.se\/exempelsida\/johan-august\/john-adolf-blomdahl\/vide-blomdahl-61-1908-215-1933\" target=\"_blank\">\u00a0Vide<\/a>,\u00a0<a title=\"Birgit Blomdahl\/Nilsson 5\/8 1909 \u2013 Sept 1997\" href=\"http:\/\/ancestry.smars.se\/exempelsida\/johan-august\/john-adolf-blomdahl\/birgit-blomdahlnilsson-58-1909-sept-1997\" target=\"_blank\">Birgit<\/a>,\u00a0<a title=\"M\u00e4rta Blomdahl\/Lindqvister 27\/12 1911\" href=\"http:\/\/ancestry.smars.se\/exempelsida\/johan-august\/john-adolf-blomdahl\/marta-blomdahllindqvister-2712-1911\" target=\"_blank\">M\u00e4rtha<\/a>,<a title=\"Rune Blomdahl 21\/4 1917\" href=\"http:\/\/ancestry.smars.se\/exempelsida\/johan-august\/john-adolf-blomdahl\/rune-blomdahl-214-1917\" target=\"_blank\">\u00a0Rune<\/a>\u00a0och\u00a0<a title=\"Margareta 27\/8 1920\" href=\"http:\/\/ancestry.smars.se\/exempelsida\/johan-august\/john-adolf-blomdahl\/margareta-278-1920\" target=\"_blank\">Margareta<\/a>\u00a0between 1903 and 1920.<\/p>\n<p><a href=\"wp-content\/uploads\/2013\/04\/John-och-Anna-Blomdahl.jpg\"><img loading=\"lazy\" decoding=\"async\" class=\"alignnone size-medium wp-image-4235\" title=\"John and Anna Blomdahl as a young couple\" alt=\"\" src=\"wp-content\/uploads\/2013\/04\/John-och-Anna-Blomdahl-181x300.jpg\" width=\"181\" height=\"300\" srcset=\"https:\/\/ancestry.smars.se\/wp-content\/uploads\/2013\/04\/John-och-Anna-Blomdahl-181x300.jpg 181w, https:\/\/ancestry.smars.se\/wp-content\/uploads\/2013\/04\/John-och-Anna-Blomdahl.jpg 475w\" sizes=\"(max-width: 181px) 100vw, 181px\" \/><\/a><a href=\"wp-content\/uploads\/2013\/04\/John-och-Anna-Blomdahls-br\u00f6llopsfoto.jpg\"><img loading=\"lazy\" decoding=\"async\" class=\"size-medium wp-image-4236 alignright\" title=\"Weddingphoto\" alt=\"John och Anna Blomdahls br\u00f6llopsfoto\" src=\"wp-content\/uploads\/2013\/04\/John-och-Anna-Blomdahls-br\u00f6llopsfoto-183x300.jpg\" width=\"183\" height=\"300\" srcset=\"https:\/\/ancestry.smars.se\/wp-content\/uploads\/2013\/04\/John-och-Anna-Blomdahls-br\u00f6llopsfoto-183x300.jpg 183w, https:\/\/ancestry.smars.se\/wp-content\/uploads\/2013\/04\/John-och-Anna-Blomdahls-br\u00f6llopsfoto.jpg 503w\" sizes=\"(max-width: 183px) 100vw, 183px\" \/><\/a><\/p>\n<p><a href=\"wp-content\/uploads\/2013\/04\/John-Blomdahls-br\u00f6llop.jpg\"><img loading=\"lazy\" decoding=\"async\" class=\"alignnone  wp-image-4251\" title=\"From left: Albin-Jenny Larsson w daughter Anna (Larsson-Angervo), 2 unknown men from Gr\u00e4nna, Alida Svensson: Brides employer, Alida- sister of Bride, Bride and Groom, Mother Sofia and Johan August, Backrow Judith and Maria- Johns sister, Annas parents, friend Storck and sister Hanna. \" alt=\"John Blomdahls br\u00f6llop\" src=\"wp-content\/uploads\/2013\/04\/John-Blomdahls-br\u00f6llop.jpg\" width=\"943\" height=\"613\" srcset=\"https:\/\/ancestry.smars.se\/wp-content\/uploads\/2013\/04\/John-Blomdahls-br\u00f6llop.jpg 943w, https:\/\/ancestry.smars.se\/wp-content\/uploads\/2013\/04\/John-Blomdahls-br\u00f6llop-300x195.jpg 300w, https:\/\/ancestry.smars.se\/wp-content\/uploads\/2013\/04\/John-Blomdahls-br\u00f6llop-461x300.jpg 461w\" sizes=\"(max-width: 943px) 100vw, 943px\" \/><\/a><\/p>\n<p>5 weeks after the wedding John started building his first villa in Vaggeryd:<\/p>\n<p><a href=\"wp-content\/uploads\/2013\/04\/John-Blomdahls-first-villa-in-Vaggeryd-that-he-started-building-5-weeks-after-his-wedding-in-1903.-This-is-1906..jpg\"><img loading=\"lazy\" decoding=\"async\" class=\"alignnone  wp-image-4270\" title=\"John Blomdahls first villa in Vaggeryd that he started building 5 weeks after his wedding in 1903. This is 1906.\" alt=\"\" src=\"wp-content\/uploads\/2013\/04\/John-Blomdahls-first-villa-in-Vaggeryd-that-he-started-building-5-weeks-after-his-wedding-in-1903.-This-is-1906..jpg\" width=\"923\" height=\"613\" srcset=\"https:\/\/ancestry.smars.se\/wp-content\/uploads\/2013\/04\/John-Blomdahls-first-villa-in-Vaggeryd-that-he-started-building-5-weeks-after-his-wedding-in-1903.-This-is-1906..jpg 923w, https:\/\/ancestry.smars.se\/wp-content\/uploads\/2013\/04\/John-Blomdahls-first-villa-in-Vaggeryd-that-he-started-building-5-weeks-after-his-wedding-in-1903.-This-is-1906.-300x199.jpg 300w, https:\/\/ancestry.smars.se\/wp-content\/uploads\/2013\/04\/John-Blomdahls-first-villa-in-Vaggeryd-that-he-started-building-5-weeks-after-his-wedding-in-1903.-This-is-1906.-451x300.jpg 451w\" sizes=\"(max-width: 923px) 100vw, 923px\" \/><\/a><\/p>\n<p>&nbsp;<\/p>\n<p>Later he built Granhem in Vaggeryd:<\/p>\n<p><a href=\"wp-content\/uploads\/2013\/04\/1911-Emigrationparty-fr-v\u00e4-Hanna-Maria-Tilda-Rudolf-Sofia-o-Judith-John-Isak-Ruben-Anna-o-barnen.jpg\"><img loading=\"lazy\" decoding=\"async\" class=\"alignnone size-large wp-image-4327\" alt=\"1911 Emigrationparty fr v\u00e4 Hanna, Maria, Tilda, Rudolf, Sofia o Judith, John, Isak, Ruben, Anna o barnen\" src=\"wp-content\/uploads\/2013\/04\/1911-Emigrationparty-fr-v\u00e4-Hanna-Maria-Tilda-Rudolf-Sofia-o-Judith-John-Isak-Ruben-Anna-o-barnen-1024x744.jpg\" width=\"584\" height=\"424\" srcset=\"https:\/\/ancestry.smars.se\/wp-content\/uploads\/2013\/04\/1911-Emigrationparty-fr-v\u00e4-Hanna-Maria-Tilda-Rudolf-Sofia-o-Judith-John-Isak-Ruben-Anna-o-barnen-1024x744.jpg 1024w, https:\/\/ancestry.smars.se\/wp-content\/uploads\/2013\/04\/1911-Emigrationparty-fr-v\u00e4-Hanna-Maria-Tilda-Rudolf-Sofia-o-Judith-John-Isak-Ruben-Anna-o-barnen-300x218.jpg 300w, https:\/\/ancestry.smars.se\/wp-content\/uploads\/2013\/04\/1911-Emigrationparty-fr-v\u00e4-Hanna-Maria-Tilda-Rudolf-Sofia-o-Judith-John-Isak-Ruben-Anna-o-barnen-412x300.jpg 412w\" sizes=\"(max-width: 584px) 100vw, 584px\" \/><\/a><\/p>\n<p><a href=\"wp-content\/uploads\/2013\/04\/John-Anna-och-f\u00f6rsta-barnet.jpg\"><img loading=\"lazy\" decoding=\"async\" class=\"alignnone size-medium wp-image-4237\" alt=\"John, Anna och f\u00f6rsta barnet\" src=\"wp-content\/uploads\/2013\/04\/John-Anna-och-f\u00f6rsta-barnet-179x300.jpg\" width=\"179\" height=\"300\" srcset=\"https:\/\/ancestry.smars.se\/wp-content\/uploads\/2013\/04\/John-Anna-och-f\u00f6rsta-barnet-179x300.jpg 179w, https:\/\/ancestry.smars.se\/wp-content\/uploads\/2013\/04\/John-Anna-och-f\u00f6rsta-barnet.jpg 480w\" sizes=\"(max-width: 179px) 100vw, 179px\" \/><\/a><a href=\"wp-content\/uploads\/2013\/04\/John-Blomdahl-3-barn.jpg\"><img loading=\"lazy\" decoding=\"async\" class=\"alignnone size-medium wp-image-4259\" alt=\"John Blomdahl 3 barn\" src=\"wp-content\/uploads\/2013\/04\/John-Blomdahl-3-barn-204x300.jpg\" width=\"204\" height=\"300\" srcset=\"https:\/\/ancestry.smars.se\/wp-content\/uploads\/2013\/04\/John-Blomdahl-3-barn-204x300.jpg 204w, https:\/\/ancestry.smars.se\/wp-content\/uploads\/2013\/04\/John-Blomdahl-3-barn.jpg 629w\" sizes=\"(max-width: 204px) 100vw, 204px\" \/><\/a><a href=\"wp-content\/uploads\/2013\/04\/John-Blomdahl-4-barn.jpg\"><img loading=\"lazy\" decoding=\"async\" class=\"alignnone size-thumbnail wp-image-4260\" title=\"4 children: Nora, Mallan, Vide, Birgit\" alt=\"John Blomdahl 4 barn\" src=\"wp-content\/uploads\/2013\/04\/John-Blomdahl-4-barn-150x150.jpg\" width=\"150\" height=\"150\" \/><\/a><\/p>\n<p>John and Anna kept in close touch with Johns siblings all through Johns life and they were very close to Johns mother <a title=\"Sofia Johansson 17 May 1854 \u2013 1924\" href=\"http:\/\/ancestry.smars.se\/sofia-johansson-1854-1924\" target=\"_blank\">Sofia<\/a>. His father Johan August, Johns father passed away 1909 when John was 32 years old.<\/p>\n<p><a style=\"font-style: normal; line-height: 24.375px; text-decoration: underline;\" href=\"wp-content\/uploads\/2013\/04\/Sofia-med-John-o-Anna.-Fr-v\u00e4-Ruben-Isak-och-Tekla-Anna-o-John.jpg\"><img loading=\"lazy\" decoding=\"async\" class=\"size-medium wp-image-4246 aligncenter\" style=\"border-color: #bbbbbb; background-color: #eeeeee;\" title=\"Mother Sofia with John o Anna to the right. Fr left Ruben, Isak and Tekla- the youngest siblings\" alt=\"\" src=\"wp-content\/uploads\/2013\/04\/Sofia-med-John-o-Anna.-Fr-v\u00e4-Ruben-Isak-och-Tekla-Anna-o-John-300x207.jpg\" width=\"300\" height=\"207\" srcset=\"https:\/\/ancestry.smars.se\/wp-content\/uploads\/2013\/04\/Sofia-med-John-o-Anna.-Fr-v\u00e4-Ruben-Isak-och-Tekla-Anna-o-John-300x207.jpg 300w, https:\/\/ancestry.smars.se\/wp-content\/uploads\/2013\/04\/Sofia-med-John-o-Anna.-Fr-v\u00e4-Ruben-Isak-och-Tekla-Anna-o-John-1024x709.jpg 1024w, https:\/\/ancestry.smars.se\/wp-content\/uploads\/2013\/04\/Sofia-med-John-o-Anna.-Fr-v\u00e4-Ruben-Isak-och-Tekla-Anna-o-John-432x300.jpg 432w, https:\/\/ancestry.smars.se\/wp-content\/uploads\/2013\/04\/Sofia-med-John-o-Anna.-Fr-v\u00e4-Ruben-Isak-och-Tekla-Anna-o-John.jpg 1317w\" sizes=\"(max-width: 300px) 100vw, 300px\" \/><\/a><\/p>\n<p><a href=\"wp-content\/uploads\/2013\/04\/58.jpg\"><img loading=\"lazy\" decoding=\"async\" class=\"alignnone  wp-image-4269\" title=\"John, again surrounded by his family beside his mother Sofia and young siblings- probably Elisabeth to the left, Standing Isak and Ruben and probably Tekla\" alt=\"58\" src=\"wp-content\/uploads\/2013\/04\/58-1024x644.jpg\" width=\"584\" height=\"367\" srcset=\"https:\/\/ancestry.smars.se\/wp-content\/uploads\/2013\/04\/58-1024x644.jpg 1024w, https:\/\/ancestry.smars.se\/wp-content\/uploads\/2013\/04\/58-300x188.jpg 300w, https:\/\/ancestry.smars.se\/wp-content\/uploads\/2013\/04\/58-476x300.jpg 476w, https:\/\/ancestry.smars.se\/wp-content\/uploads\/2013\/04\/58.jpg 1063w\" sizes=\"(max-width: 584px) 100vw, 584px\" \/><\/a><a href=\"wp-content\/uploads\/2013\/04\/Sofia-johns-familj-isak-ruben-hanna-p\u00e5-Storrydet.jpg\"><img loading=\"lazy\" decoding=\"async\" class=\"alignnone  wp-image-4238\" title=\"Mother Sofia with Johns family and younger siblings Isak, Ruben and Hanna at Storrydet\" alt=\"\" src=\"wp-content\/uploads\/2013\/04\/Sofia-johns-familj-isak-ruben-hanna-p\u00e5-Storrydet.jpg\" width=\"1781\" height=\"1113\" srcset=\"https:\/\/ancestry.smars.se\/wp-content\/uploads\/2013\/04\/Sofia-johns-familj-isak-ruben-hanna-p\u00e5-Storrydet.jpg 1781w, https:\/\/ancestry.smars.se\/wp-content\/uploads\/2013\/04\/Sofia-johns-familj-isak-ruben-hanna-p\u00e5-Storrydet-300x187.jpg 300w, https:\/\/ancestry.smars.se\/wp-content\/uploads\/2013\/04\/Sofia-johns-familj-isak-ruben-hanna-p\u00e5-Storrydet-1024x639.jpg 1024w, https:\/\/ancestry.smars.se\/wp-content\/uploads\/2013\/04\/Sofia-johns-familj-isak-ruben-hanna-p\u00e5-Storrydet-480x300.jpg 480w\" sizes=\"(max-width: 1781px) 100vw, 1781px\" \/><\/a><\/p>\n<p>John was now turning very ill in miliary tuberculosis and had to stop working because of his weekness. \u00a0By Dec 1922 they moved the school to Dalskogen, Lindesberg. Not so long after it moved to Nyhyttan.<\/p>\n<p style=\"text-align: center;\">John and Anna started a private school in the early 1920ies.<img loading=\"lazy\" decoding=\"async\" class=\"size-medium wp-image-4264 aligncenter\" style=\"color: #333333; font-style: normal; line-height: 24.375px;\" alt=\"John o Annas friskola Dec 22- flyttade sen till Dalskogen, Lindesberg ny\u00e5r -22. John sjuk.\" src=\"wp-content\/uploads\/2013\/04\/John-o-Annas-friskola-Dec-22-flyttade-sen-till-Dalskogen-Lindesberg-ny\u00e5r-22.-John-sjuk.-300x196.jpg\" width=\"300\" height=\"196\" srcset=\"https:\/\/ancestry.smars.se\/wp-content\/uploads\/2013\/04\/John-o-Annas-friskola-Dec-22-flyttade-sen-till-Dalskogen-Lindesberg-ny\u00e5r-22.-John-sjuk.-300x196.jpg 300w, https:\/\/ancestry.smars.se\/wp-content\/uploads\/2013\/04\/John-o-Annas-friskola-Dec-22-flyttade-sen-till-Dalskogen-Lindesberg-ny\u00e5r-22.-John-sjuk.-457x300.jpg 457w, https:\/\/ancestry.smars.se\/wp-content\/uploads\/2013\/04\/John-o-Annas-friskola-Dec-22-flyttade-sen-till-Dalskogen-Lindesberg-ny\u00e5r-22.-John-sjuk..jpg 931w\" sizes=\"(max-width: 300px) 100vw, 300px\" \/><img loading=\"lazy\" decoding=\"async\" class=\"size-medium wp-image-4265 aligncenter\" title=\"Dalskogen H\u00e4lsobrunn (-spa) Lindesberg - 35 kms from Nyhyttan\" alt=\"Dalskogens H\u00e4lsobrunn dit Johns friskola flyttade ny\u00e5r 1922- d\u00e4refter till Nyhyttan\" src=\"wp-content\/uploads\/2013\/04\/Dalskogens-H\u00e4lsobrunn-dit-Johns-friskola-flyttade-ny\u00e5r-1922-d\u00e4refter-till-Nyhyttan-300x183.jpg\" width=\"300\" height=\"183\" srcset=\"https:\/\/ancestry.smars.se\/wp-content\/uploads\/2013\/04\/Dalskogens-H\u00e4lsobrunn-dit-Johns-friskola-flyttade-ny\u00e5r-1922-d\u00e4refter-till-Nyhyttan-300x183.jpg 300w, https:\/\/ancestry.smars.se\/wp-content\/uploads\/2013\/04\/Dalskogens-H\u00e4lsobrunn-dit-Johns-friskola-flyttade-ny\u00e5r-1922-d\u00e4refter-till-Nyhyttan-1024x626.jpg 1024w, https:\/\/ancestry.smars.se\/wp-content\/uploads\/2013\/04\/Dalskogens-H\u00e4lsobrunn-dit-Johns-friskola-flyttade-ny\u00e5r-1922-d\u00e4refter-till-Nyhyttan-490x300.jpg 490w, https:\/\/ancestry.smars.se\/wp-content\/uploads\/2013\/04\/Dalskogens-H\u00e4lsobrunn-dit-Johns-friskola-flyttade-ny\u00e5r-1922-d\u00e4refter-till-Nyhyttan.jpg 1067w\" sizes=\"(max-width: 300px) 100vw, 300px\" \/><\/p>\n<p>In March John passed away only 44 years old. Rune &#8211; our dear Geneology father was his 6th child and was only 5 years old when his father died. His mother still lived and survived him by 2 years.<img loading=\"lazy\" decoding=\"async\" class=\"alignnone size-large wp-image-4292\" style=\"color: #333333; font-style: normal; line-height: 24.375px;\" alt=\"Mor Sofias dikt till John Adolf\" src=\"wp-content\/uploads\/2013\/04\/Mor-Sofias-dikt-till-John-Adolf-1024x744.jpg\" width=\"584\" height=\"424\" srcset=\"https:\/\/ancestry.smars.se\/wp-content\/uploads\/2013\/04\/Mor-Sofias-dikt-till-John-Adolf-1024x744.jpg 1024w, https:\/\/ancestry.smars.se\/wp-content\/uploads\/2013\/04\/Mor-Sofias-dikt-till-John-Adolf-300x218.jpg 300w, https:\/\/ancestry.smars.se\/wp-content\/uploads\/2013\/04\/Mor-Sofias-dikt-till-John-Adolf-412x300.jpg 412w\" sizes=\"(max-width: 584px) 100vw, 584px\" \/><\/p>\n<p>Johns poetry book above:<\/p>\n<p><em>His friend Carl Ader: &#8216;The one who lov Blomdahl more than I do, will write here at the next page. Carpenter Carl Anderson, Valk\u00f6 (Ader).<\/em><\/p>\n<p><em>On the right page Johns mother Sofia writes: &#8216;Where is the a love that stands up through all fates until death. In this world only a Mothers love will. Your Mother&#8217;<\/em><\/p>\n<p style=\"text-align: center;\"><a href=\"wp-content\/uploads\/2013\/04\/John-and-Anna-Blomdahl.jpg\"><img loading=\"lazy\" decoding=\"async\" class=\"size-medium wp-image-4296 aligncenter\" alt=\"John and Anna Blomdahl\" src=\"wp-content\/uploads\/2013\/04\/John-and-Anna-Blomdahl-300x155.jpg\" width=\"300\" height=\"155\" srcset=\"https:\/\/ancestry.smars.se\/wp-content\/uploads\/2013\/04\/John-and-Anna-Blomdahl-300x155.jpg 300w, https:\/\/ancestry.smars.se\/wp-content\/uploads\/2013\/04\/John-and-Anna-Blomdahl-1024x530.jpg 1024w, https:\/\/ancestry.smars.se\/wp-content\/uploads\/2013\/04\/John-and-Anna-Blomdahl-500x258.jpg 500w, https:\/\/ancestry.smars.se\/wp-content\/uploads\/2013\/04\/John-and-Anna-Blomdahl.jpg 1389w\" sizes=\"(max-width: 300px) 100vw, 300px\" \/><\/a><\/p>\n","protected":false},"excerpt":{"rendered":"<p>Cover photo shows Storrydet where John grew up. John and his family is standing in front together with his mother Sofia and his siblings. John Adolf is born in N\u00e4ssj\u00f6 as Johan August and Sofias first child.\u00a0In the\u00a0church book 1881 &hellip; <a href=\"https:\/\/ancestry.smars.se\/?page_id=2363\">Continue reading <span class=\"meta-nav\">&rarr;<\/span><\/a><\/p>\n","protected":false},"author":1,"featured_media":4269,"parent":108,"menu_order":1,"comment_status":"open","ping_status":"open","template":"","meta":{"footnotes":""},"class_list":["post-2363","page","type-page","status-publish","has-post-thumbnail","hentry"],"_links":{"self":[{"href":"https:\/\/ancestry.smars.se\/index.php?rest_route=\/wp\/v2\/pages\/2363"}],"collection":[{"href":"https:\/\/ancestry.smars.se\/index.php?rest_route=\/wp\/v2\/pages"}],"about":[{"href":"https:\/\/ancestry.smars.se\/index.php?rest_route=\/wp\/v2\/types\/page"}],"author":[{"embeddable":true,"href":"https:\/\/ancestry.smars.se\/index.php?rest_route=\/wp\/v2\/users\/1"}],"replies":[{"embeddable":true,"href":"https:\/\/ancestry.smars.se\/index.php?rest_route=%2Fwp%2Fv2%2Fcomments&post=2363"}],"version-history":[{"count":31,"href":"https:\/\/ancestry.smars.se\/index.php?rest_route=\/wp\/v2\/pages\/2363\/revisions"}],"predecessor-version":[{"id":3404,"href":"https:\/\/ancestry.smars.se\/index.php?rest_route=\/wp\/v2\/pages\/2363\/revisions\/3404"}],"up":[{"embeddable":true,"href":"https:\/\/ancestry.smars.se\/index.php?rest_route=\/wp\/v2\/pages\/108"}],"wp:featuredmedia":[{"embeddable":true,"href":"https:\/\/ancestry.smars.se\/index.php?rest_route=\/wp\/v2\/media\/4269"}],"wp:attachment":[{"href":"https:\/\/ancestry.smars.se\/index.php?rest_route=%2Fwp%2Fv2%2Fmedia&parent=2363"}],"curies":[{"name":"wp","href":"https:\/\/api.w.org\/{rel}","templated":true}]}}