{"id":1226,"date":"2013-03-06T15:31:49","date_gmt":"2013-03-06T15:31:49","guid":{"rendered":"http:\/\/ancestry.smars.se\/?page_id=1226"},"modified":"2014-04-06T17:50:54","modified_gmt":"2014-04-06T17:50:54","slug":"ruben-johansson-1893-1970","status":"publish","type":"page","link":"https:\/\/ancestry.smars.se\/?page_id=1226","title":{"rendered":"Ruben Johansson 6th of May 1893-1970"},"content":{"rendered":"<p><em>Cover photo: Ruben standing to the right together with his family.\u00a0<\/em><\/p>\n<p><em><\/em>Ruben was the littlest boy among the children of Johan August and Sofia.<\/p>\n<p><img loading=\"lazy\" decoding=\"async\" class=\"size-medium wp-image-4437 alignright\" style=\"color: #333333; font-style: normal; line-height: 24.375px;\" title=\"Ruben in the Churchbook of Svenarum\" alt=\"Ruben i familjen\" src=\"wp-content\/uploads\/2013\/03\/Ruben-i-familjen-300x210.jpg\" width=\"300\" height=\"210\" srcset=\"https:\/\/ancestry.smars.se\/wp-content\/uploads\/2013\/03\/Ruben-i-familjen-300x210.jpg 300w, https:\/\/ancestry.smars.se\/wp-content\/uploads\/2013\/03\/Ruben-i-familjen-1024x717.jpg 1024w, https:\/\/ancestry.smars.se\/wp-content\/uploads\/2013\/03\/Ruben-i-familjen-428x300.jpg 428w\" sizes=\"(max-width: 300px) 100vw, 300px\" \/><br \/>\n<a href=\"wp-content\/uploads\/2013\/03\/Ruben.jpg\"><img loading=\"lazy\" decoding=\"async\" class=\"alignnone size-full wp-image-4482\" alt=\"Ruben\" src=\"wp-content\/uploads\/2013\/03\/Ruben.jpg\" width=\"168\" height=\"224\" \/><\/a><\/p>\n<p>&nbsp;<\/p>\n<p><em id=\"__mceDel\">He was close to Isak, his 2 year older brother.<\/em><\/p>\n<p><a style=\"font-style: normal; line-height: 24.375px; text-decoration: underline;\" href=\"wp-content\/uploads\/2013\/03\/Ruben-o-Isak.jpg\"><img loading=\"lazy\" decoding=\"async\" class=\"size-medium wp-image-4410 alignnone\" style=\"border-color: #bbbbbb; background-color: #eeeeee;\" alt=\"Ruben o Isak\" src=\"wp-content\/uploads\/2013\/03\/Ruben-o-Isak-182x300.jpg\" width=\"182\" height=\"300\" srcset=\"https:\/\/ancestry.smars.se\/wp-content\/uploads\/2013\/03\/Ruben-o-Isak-182x300.jpg 182w, https:\/\/ancestry.smars.se\/wp-content\/uploads\/2013\/03\/Ruben-o-Isak.jpg 386w\" sizes=\"(max-width: 182px) 100vw, 182px\" \/><\/a><a href=\"wp-content\/uploads\/2013\/03\/Ruben-o-Isak-som-unga.jpg\"><img loading=\"lazy\" decoding=\"async\" class=\"alignnone size-medium wp-image-4448\" alt=\"Ruben o Isak som unga\" src=\"wp-content\/uploads\/2013\/03\/Ruben-o-Isak-som-unga-300x202.jpg\" width=\"300\" height=\"202\" srcset=\"https:\/\/ancestry.smars.se\/wp-content\/uploads\/2013\/03\/Ruben-o-Isak-som-unga-300x202.jpg 300w, https:\/\/ancestry.smars.se\/wp-content\/uploads\/2013\/03\/Ruben-o-Isak-som-unga-444x300.jpg 444w, https:\/\/ancestry.smars.se\/wp-content\/uploads\/2013\/03\/Ruben-o-Isak-som-unga.jpg 684w\" sizes=\"(max-width: 300px) 100vw, 300px\" \/><\/a><img loading=\"lazy\" decoding=\"async\" class=\"alignnone size-full wp-image-4439\" style=\"color: #333333; font-style: normal; line-height: 24.375px;\" alt=\"Ruben 001\" src=\"wp-content\/uploads\/2013\/03\/Ruben-001.jpg\" width=\"470\" height=\"792\" srcset=\"https:\/\/ancestry.smars.se\/wp-content\/uploads\/2013\/03\/Ruben-001.jpg 470w, https:\/\/ancestry.smars.se\/wp-content\/uploads\/2013\/03\/Ruben-001-178x300.jpg 178w\" sizes=\"(max-width: 470px) 100vw, 470px\" \/><\/p>\n<p style=\"text-align: center;\">Since he was one of the youngest of the Storrydsfamily he was constantly surrounded by young people and friends. They were very socially active growing up- especially in the Church they belonged to. There were friends around from different places where they lived.<\/p>\n<p><a href=\"wp-content\/uploads\/2013\/03\/Fr-v\u00e4-Ruben-Elisabeth-Isak-Tekla-ok\u00e4nd-dam-fram-t-v\u00e41.jpg\"><img loading=\"lazy\" decoding=\"async\" class=\"alignnone size-medium wp-image-4440\" title=\"Fr left Ruben, Elisabeth, Isak, Tekla\" alt=\"- ok\u00e4nd dam  fram t v\u00e4\" src=\"wp-content\/uploads\/2013\/03\/Fr-v\u00e4-Ruben-Elisabeth-Isak-Tekla-ok\u00e4nd-dam-fram-t-v\u00e41-217x300.jpg\" width=\"217\" height=\"300\" srcset=\"https:\/\/ancestry.smars.se\/wp-content\/uploads\/2013\/03\/Fr-v\u00e4-Ruben-Elisabeth-Isak-Tekla-ok\u00e4nd-dam-fram-t-v\u00e41-217x300.jpg 217w, https:\/\/ancestry.smars.se\/wp-content\/uploads\/2013\/03\/Fr-v\u00e4-Ruben-Elisabeth-Isak-Tekla-ok\u00e4nd-dam-fram-t-v\u00e41-742x1024.jpg 742w, https:\/\/ancestry.smars.se\/wp-content\/uploads\/2013\/03\/Fr-v\u00e4-Ruben-Elisabeth-Isak-Tekla-ok\u00e4nd-dam-fram-t-v\u00e41.jpg 1373w\" sizes=\"(max-width: 217px) 100vw, 217px\" \/><\/a><a href=\"wp-content\/uploads\/2013\/03\/Barnen-fr\u00e5n-Storrydet-efter-1912-sannolikt-Ruben-Isak-Tekla-och-Elisabeth1.jpg\"><img loading=\"lazy\" decoding=\"async\" class=\"alignnone size-medium wp-image-4441\" alt=\"Barnen fr\u00e5n Storrydet efter 1912 sannolikt Ruben, Isak, Tekla och Elisabeth\" src=\"wp-content\/uploads\/2013\/03\/Barnen-fr\u00e5n-Storrydet-efter-1912-sannolikt-Ruben-Isak-Tekla-och-Elisabeth1-300x191.jpg\" width=\"300\" height=\"191\" srcset=\"https:\/\/ancestry.smars.se\/wp-content\/uploads\/2013\/03\/Barnen-fr\u00e5n-Storrydet-efter-1912-sannolikt-Ruben-Isak-Tekla-och-Elisabeth1-300x191.jpg 300w, https:\/\/ancestry.smars.se\/wp-content\/uploads\/2013\/03\/Barnen-fr\u00e5n-Storrydet-efter-1912-sannolikt-Ruben-Isak-Tekla-och-Elisabeth1-1024x654.jpg 1024w, https:\/\/ancestry.smars.se\/wp-content\/uploads\/2013\/03\/Barnen-fr\u00e5n-Storrydet-efter-1912-sannolikt-Ruben-Isak-Tekla-och-Elisabeth1-469x300.jpg 469w\" sizes=\"(max-width: 300px) 100vw, 300px\" \/><\/a><a href=\"wp-content\/uploads\/2013\/03\/Ruben-Isak-och-Petter-Molin-001.jpg\"><img loading=\"lazy\" decoding=\"async\" class=\"alignnone size-medium wp-image-4442\" title=\"Ruben standing, Isak to the right and the friend Petter Molin \" alt=\"001\" src=\"wp-content\/uploads\/2013\/03\/Ruben-Isak-och-Petter-Molin-001-218x300.jpg\" width=\"218\" height=\"300\" srcset=\"https:\/\/ancestry.smars.se\/wp-content\/uploads\/2013\/03\/Ruben-Isak-och-Petter-Molin-001-218x300.jpg 218w, https:\/\/ancestry.smars.se\/wp-content\/uploads\/2013\/03\/Ruben-Isak-och-Petter-Molin-001-744x1024.jpg 744w, https:\/\/ancestry.smars.se\/wp-content\/uploads\/2013\/03\/Ruben-Isak-och-Petter-Molin-001.jpg 1700w\" sizes=\"(max-width: 218px) 100vw, 218px\" \/><a href=\"wp-content\/uploads\/2013\/03\/Storrydsungdomar-fr-v\u00e4-2-Tekla-5-Isak-6-Ruben-8-Elisabeth-2.jpg\"><img loading=\"lazy\" decoding=\"async\" class=\"alignnone size-medium wp-image-4480\" alt=\"Storrydsungdomar fr v\u00e4 2 Tekla, 5 Isak, 6 Ruben, 8 Elisabeth (2)\" src=\"wp-content\/uploads\/2013\/03\/Storrydsungdomar-fr-v\u00e4-2-Tekla-5-Isak-6-Ruben-8-Elisabeth-2-300x194.jpg\" width=\"300\" height=\"194\" srcset=\"https:\/\/ancestry.smars.se\/wp-content\/uploads\/2013\/03\/Storrydsungdomar-fr-v\u00e4-2-Tekla-5-Isak-6-Ruben-8-Elisabeth-2-300x194.jpg 300w, https:\/\/ancestry.smars.se\/wp-content\/uploads\/2013\/03\/Storrydsungdomar-fr-v\u00e4-2-Tekla-5-Isak-6-Ruben-8-Elisabeth-2-461x300.jpg 461w, https:\/\/ancestry.smars.se\/wp-content\/uploads\/2013\/03\/Storrydsungdomar-fr-v\u00e4-2-Tekla-5-Isak-6-Ruben-8-Elisabeth-2.jpg 939w\" sizes=\"(max-width: 300px) 100vw, 300px\" \/><\/a><\/a><\/p>\n<p style=\"text-align: center;\"><a href=\"wp-content\/uploads\/2013\/03\/Ruben-omkr-1910.jpg\"><img loading=\"lazy\" decoding=\"async\" class=\"alignnone size-medium wp-image-4449\" alt=\"Ruben omkr 1910\" src=\"wp-content\/uploads\/2013\/03\/Ruben-omkr-1910-204x300.jpg\" width=\"204\" height=\"300\" srcset=\"https:\/\/ancestry.smars.se\/wp-content\/uploads\/2013\/03\/Ruben-omkr-1910-204x300.jpg 204w, https:\/\/ancestry.smars.se\/wp-content\/uploads\/2013\/03\/Ruben-omkr-1910.jpg 546w\" sizes=\"(max-width: 204px) 100vw, 204px\" \/><\/a><\/p>\n<p>He was adventurous and emigrated to the US 9 May 1923 &#8211; 30 years old- the year before his mother died. His older sister Maria had then moved to Canada and Judith had come back to Sweden with her family.<\/p>\n<p>In the US he was working with different matters searching his luck. At the picture below he worked as a private chauffeur. He also went to search for gold without any greater success.<\/p>\n<p style=\"text-align: center;\"><a href=\"wp-content\/uploads\/2013\/03\/Ruben-i-Amerika-som-chauff\u00f6r.jpg\"><img loading=\"lazy\" decoding=\"async\" class=\"alignnone size-medium wp-image-4450\" alt=\"Ruben i Amerika som chauff\u00f6r\" src=\"wp-content\/uploads\/2013\/03\/Ruben-i-Amerika-som-chauff\u00f6r-300x201.jpg\" width=\"300\" height=\"201\" srcset=\"https:\/\/ancestry.smars.se\/wp-content\/uploads\/2013\/03\/Ruben-i-Amerika-som-chauff\u00f6r-300x201.jpg 300w, https:\/\/ancestry.smars.se\/wp-content\/uploads\/2013\/03\/Ruben-i-Amerika-som-chauff\u00f6r-446x300.jpg 446w, https:\/\/ancestry.smars.se\/wp-content\/uploads\/2013\/03\/Ruben-i-Amerika-som-chauff\u00f6r.jpg 931w\" sizes=\"(max-width: 300px) 100vw, 300px\" \/><\/a><\/p>\n<p>After a few years he came back to Sweden. He fell in love with the neighbours daughter \u00a0Anna Karlsson, but her father didn&#8217;t approve because he thought he was too much of an adventurer. He stayed at home 3 years but emigrated again to the US and he never got married. Coming home to Sweden again settling there for the rest of his life, he once was asked if he would pick up the fight for Anna again, but then he said that she had become too fat&#8230;<\/p>\n<p>He came back to stay in Sweden for good 13 May 1950 at the age of 57 years old (Fiskaby, \u00c5bo) (AID:v172329.b23.s268)<\/p>\n<p>He settled in Sj\u00f6bo- not so far away from Storrydet.<\/p>\n<p style=\"text-align: center;\"><a href=\"wp-content\/uploads\/2013\/03\/Ruben-p\u00e5-Sj\u00f6bo-001.jpg\"><img loading=\"lazy\" decoding=\"async\" class=\"size-medium wp-image-4453 aligncenter\" alt=\"Ruben p\u00e5 Sj\u00f6bo 001\" src=\"wp-content\/uploads\/2013\/03\/Ruben-p\u00e5-Sj\u00f6bo-001-240x300.jpg\" width=\"240\" height=\"300\" srcset=\"https:\/\/ancestry.smars.se\/wp-content\/uploads\/2013\/03\/Ruben-p\u00e5-Sj\u00f6bo-001-240x300.jpg 240w, https:\/\/ancestry.smars.se\/wp-content\/uploads\/2013\/03\/Ruben-p\u00e5-Sj\u00f6bo-001.jpg 689w\" sizes=\"(max-width: 240px) 100vw, 240px\" \/><\/a>He had his little dog and stayed single. He would visit family here and there. Vivian- his niece by sister Judith kept in touch all his life and she went to visit him together with a couple of her children Annika and Krister as he was in his 70ies. He came to pick them up in his Volvo Amazon in the little village of Hok but couldn&#8217;t find his way home. He had become quite senile but stayed at his home anyway for quite a while.<\/p>\n<p style=\"text-align: center;\">He passed away as he was 77years old and is buried together with his siblings in Svenarum church.<\/p>\n<p style=\"text-align: center;\"><a href=\"wp-content\/uploads\/2013\/03\/Storrydsbarn.jpg\"><img loading=\"lazy\" decoding=\"async\" class=\"alignnone size-medium wp-image-4281\" alt=\"Storrydsbarn\" src=\"wp-content\/uploads\/2013\/03\/Storrydsbarn-199x300.jpg\" width=\"199\" height=\"300\" srcset=\"https:\/\/ancestry.smars.se\/wp-content\/uploads\/2013\/03\/Storrydsbarn-199x300.jpg 199w, https:\/\/ancestry.smars.se\/wp-content\/uploads\/2013\/03\/Storrydsbarn-680x1024.jpg 680w, https:\/\/ancestry.smars.se\/wp-content\/uploads\/2013\/03\/Storrydsbarn.jpg 2000w\" sizes=\"(max-width: 199px) 100vw, 199px\" \/><\/a><a href=\"wp-content\/uploads\/2013\/03\/Svenarum-kyrka-med-Ann-Louise.jpg\"><img loading=\"lazy\" decoding=\"async\" class=\"alignnone size-medium wp-image-4282\" alt=\"Svenarum kyrka med Ann-Louise\" src=\"wp-content\/uploads\/2013\/03\/Svenarum-kyrka-med-Ann-Louise-300x199.jpg\" width=\"300\" height=\"199\" srcset=\"https:\/\/ancestry.smars.se\/wp-content\/uploads\/2013\/03\/Svenarum-kyrka-med-Ann-Louise-300x199.jpg 300w, https:\/\/ancestry.smars.se\/wp-content\/uploads\/2013\/03\/Svenarum-kyrka-med-Ann-Louise-1024x680.jpg 1024w, https:\/\/ancestry.smars.se\/wp-content\/uploads\/2013\/03\/Svenarum-kyrka-med-Ann-Louise-451x300.jpg 451w\" sizes=\"(max-width: 300px) 100vw, 300px\" \/><\/a><\/p>\n","protected":false},"excerpt":{"rendered":"<p>Cover photo: Ruben standing to the right together with his family.\u00a0 Ruben was the littlest boy among the children of Johan August and Sofia. &nbsp; He was close to Isak, his 2 year older brother. Since he was one of &hellip; <a href=\"https:\/\/ancestry.smars.se\/?page_id=1226\">Continue reading <span class=\"meta-nav\">&rarr;<\/span><\/a><\/p>\n","protected":false},"author":1,"featured_media":4456,"parent":108,"menu_order":9,"comment_status":"open","ping_status":"open","template":"","meta":{"footnotes":""},"class_list":["post-1226","page","type-page","status-publish","has-post-thumbnail","hentry"],"_links":{"self":[{"href":"https:\/\/ancestry.smars.se\/index.php?rest_route=\/wp\/v2\/pages\/1226"}],"collection":[{"href":"https:\/\/ancestry.smars.se\/index.php?rest_route=\/wp\/v2\/pages"}],"about":[{"href":"https:\/\/ancestry.smars.se\/index.php?rest_route=\/wp\/v2\/types\/page"}],"author":[{"embeddable":true,"href":"https:\/\/ancestry.smars.se\/index.php?rest_route=\/wp\/v2\/users\/1"}],"replies":[{"embeddable":true,"href":"https:\/\/ancestry.smars.se\/index.php?rest_route=%2Fwp%2Fv2%2Fcomments&post=1226"}],"version-history":[{"count":11,"href":"https:\/\/ancestry.smars.se\/index.php?rest_route=\/wp\/v2\/pages\/1226\/revisions"}],"predecessor-version":[{"id":1228,"href":"https:\/\/ancestry.smars.se\/index.php?rest_route=\/wp\/v2\/pages\/1226\/revisions\/1228"}],"up":[{"embeddable":true,"href":"https:\/\/ancestry.smars.se\/index.php?rest_route=\/wp\/v2\/pages\/108"}],"wp:featuredmedia":[{"embeddable":true,"href":"https:\/\/ancestry.smars.se\/index.php?rest_route=\/wp\/v2\/media\/4456"}],"wp:attachment":[{"href":"https:\/\/ancestry.smars.se\/index.php?rest_route=%2Fwp%2Fv2%2Fmedia&parent=1226"}],"curies":[{"name":"wp","href":"https:\/\/api.w.org\/{rel}","templated":true}]}}