{"id":1216,"date":"2013-03-06T15:09:31","date_gmt":"2013-03-06T15:09:31","guid":{"rendered":"http:\/\/ancestry.smars.se\/?page_id=1216"},"modified":"2014-04-09T04:42:48","modified_gmt":"2014-04-09T04:42:48","slug":"isak-johansson-1891-1952","status":"publish","type":"page","link":"https:\/\/ancestry.smars.se\/?page_id=1216","title":{"rendered":"Isak Johansson 3rd of July 1891- 6th of Sept. 1952"},"content":{"rendered":"<p><em>Cover photo: Isak standing to the left- together with his siblings and Johns family<\/em><\/p>\n<p>Isak was the9th of Johan August and Sofias 11 children- born in Storrydet.<a href=\"wp-content\/uploads\/2013\/03\/Isak.jpg\"><img loading=\"lazy\" decoding=\"async\" class=\"alignnone size-full wp-image-4494\" alt=\"Isak\" src=\"wp-content\/uploads\/2013\/03\/Isak.jpg\" width=\"474\" height=\"792\" srcset=\"https:\/\/ancestry.smars.se\/wp-content\/uploads\/2013\/03\/Isak.jpg 474w, https:\/\/ancestry.smars.se\/wp-content\/uploads\/2013\/03\/Isak-179x300.jpg 179w\" sizes=\"(max-width: 474px) 100vw, 474px\" \/><\/a><\/p>\n<p style=\"text-align: center;\"><img loading=\"lazy\" decoding=\"async\" class=\"size-medium wp-image-4408 aligncenter\" style=\"color: #333333; font-style: normal;\" alt=\"VS-1114_1138__26-041000\" src=\"wp-content\/uploads\/2013\/03\/VS-1114_1138__26-041000-300x201.jpg\" width=\"300\" height=\"201\" srcset=\"https:\/\/ancestry.smars.se\/wp-content\/uploads\/2013\/03\/VS-1114_1138__26-041000-300x201.jpg 300w, https:\/\/ancestry.smars.se\/wp-content\/uploads\/2013\/03\/VS-1114_1138__26-041000-1024x688.jpg 1024w, https:\/\/ancestry.smars.se\/wp-content\/uploads\/2013\/03\/VS-1114_1138__26-041000-446x300.jpg 446w\" sizes=\"(max-width: 300px) 100vw, 300px\" \/><\/p>\n<p>In the Svenarum churchbook of 1891 his name is spelled Isaak.<\/p>\n<p style=\"text-align: center;\"><a href=\"wp-content\/uploads\/2013\/03\/1912-efter-Elisabeth-Isak-mor-Sofia-Isak-John-m-familj-o-Tekla1.jpg\"><img loading=\"lazy\" decoding=\"async\" class=\"size-medium wp-image-4409 aligncenter\" title=\"1912 - from left Elisabeth, Isak, mor Sofia, Isak, John w familj and Tekla\" alt=\"\" src=\"wp-content\/uploads\/2013\/03\/1912-efter-Elisabeth-Isak-mor-Sofia-Isak-John-m-familj-o-Tekla1-300x188.jpg\" width=\"300\" height=\"188\" srcset=\"https:\/\/ancestry.smars.se\/wp-content\/uploads\/2013\/03\/1912-efter-Elisabeth-Isak-mor-Sofia-Isak-John-m-familj-o-Tekla1-300x188.jpg 300w, https:\/\/ancestry.smars.se\/wp-content\/uploads\/2013\/03\/1912-efter-Elisabeth-Isak-mor-Sofia-Isak-John-m-familj-o-Tekla1-1024x644.jpg 1024w, https:\/\/ancestry.smars.se\/wp-content\/uploads\/2013\/03\/1912-efter-Elisabeth-Isak-mor-Sofia-Isak-John-m-familj-o-Tekla1-476x300.jpg 476w, https:\/\/ancestry.smars.se\/wp-content\/uploads\/2013\/03\/1912-efter-Elisabeth-Isak-mor-Sofia-Isak-John-m-familj-o-Tekla1.jpg 1063w\" sizes=\"(max-width: 300px) 100vw, 300px\" \/><\/a><a href=\"wp-content\/uploads\/2013\/03\/Ruben-o-Isak.jpg\"><img loading=\"lazy\" decoding=\"async\" class=\"size-medium wp-image-4410 alignleft\" title=\"Ruben and Isak\" alt=\"\" src=\"wp-content\/uploads\/2013\/03\/Ruben-o-Isak-182x300.jpg\" width=\"182\" height=\"300\" srcset=\"https:\/\/ancestry.smars.se\/wp-content\/uploads\/2013\/03\/Ruben-o-Isak-182x300.jpg 182w, https:\/\/ancestry.smars.se\/wp-content\/uploads\/2013\/03\/Ruben-o-Isak.jpg 386w\" sizes=\"(max-width: 182px) 100vw, 182px\" \/><\/a><a href=\"wp-content\/uploads\/2013\/03\/Ruben-Isak-och-Petter-Molin.jpg\"><img loading=\"lazy\" decoding=\"async\" class=\"alignnone size-medium wp-image-4411\" title=\"Ruben, Isak (to the right) and a friend Petter Molin\" alt=\"\" src=\"wp-content\/uploads\/2013\/03\/Ruben-Isak-och-Petter-Molin-231x300.jpg\" width=\"231\" height=\"300\" srcset=\"https:\/\/ancestry.smars.se\/wp-content\/uploads\/2013\/03\/Ruben-Isak-och-Petter-Molin-231x300.jpg 231w, https:\/\/ancestry.smars.se\/wp-content\/uploads\/2013\/03\/Ruben-Isak-och-Petter-Molin-789x1024.jpg 789w, https:\/\/ancestry.smars.se\/wp-content\/uploads\/2013\/03\/Ruben-Isak-och-Petter-Molin.jpg 1341w\" sizes=\"(max-width: 231px) 100vw, 231px\" \/><\/a><a href=\"wp-content\/uploads\/2013\/03\/Isak-med-Larss\u00f6ner-G\u00f6tene.jpg\"><img loading=\"lazy\" decoding=\"async\" class=\"size-medium wp-image-4417 aligncenter\" title=\"Isak with friends: Boys Larsson from G\u00f6tene\" alt=\"\" src=\"wp-content\/uploads\/2013\/03\/Isak-med-Larss\u00f6ner-G\u00f6tene-186x300.jpg\" width=\"186\" height=\"300\" srcset=\"https:\/\/ancestry.smars.se\/wp-content\/uploads\/2013\/03\/Isak-med-Larss\u00f6ner-G\u00f6tene-186x300.jpg 186w, https:\/\/ancestry.smars.se\/wp-content\/uploads\/2013\/03\/Isak-med-Larss\u00f6ner-G\u00f6tene-636x1024.jpg 636w, https:\/\/ancestry.smars.se\/wp-content\/uploads\/2013\/03\/Isak-med-Larss\u00f6ner-G\u00f6tene.jpg 1170w\" sizes=\"(max-width: 186px) 100vw, 186px\" \/><\/a><a href=\"wp-content\/uploads\/2013\/03\/Isak-med-Larss\u00f6ner-G\u00f6tene-2.jpg\"><img loading=\"lazy\" decoding=\"async\" class=\"size-medium wp-image-4416 aligncenter\" title=\"Isak w Larsson-boys\" alt=\"\" src=\"wp-content\/uploads\/2013\/03\/Isak-med-Larss\u00f6ner-G\u00f6tene-2-300x188.jpg\" width=\"300\" height=\"188\" srcset=\"https:\/\/ancestry.smars.se\/wp-content\/uploads\/2013\/03\/Isak-med-Larss\u00f6ner-G\u00f6tene-2-300x188.jpg 300w, https:\/\/ancestry.smars.se\/wp-content\/uploads\/2013\/03\/Isak-med-Larss\u00f6ner-G\u00f6tene-2-1024x644.jpg 1024w, https:\/\/ancestry.smars.se\/wp-content\/uploads\/2013\/03\/Isak-med-Larss\u00f6ner-G\u00f6tene-2-476x300.jpg 476w, https:\/\/ancestry.smars.se\/wp-content\/uploads\/2013\/03\/Isak-med-Larss\u00f6ner-G\u00f6tene-2.jpg 1361w\" sizes=\"(max-width: 300px) 100vw, 300px\" \/><\/a><\/p>\n<p>&nbsp;<\/p>\n<p><a title=\"Ruben Johansson 6th of May 1893-1970\" href=\"http:\/\/ancestry.smars.se\/exempelsida\/johan-august\/ruben-johansson-1893-1970\" target=\"_blank\">Ruben<\/a> was his little close brother who was out a lot in the world when Isak was at home in Sweden building family and settlement.<\/p>\n<p><a href=\"wp-content\/uploads\/2013\/03\/Storrydsungdomar-fr-v\u00e4-2-Tekla-5-Isak-6-Ruben-8-Elisabeth-2.jpg\"><img loading=\"lazy\" decoding=\"async\" class=\"alignnone size-full wp-image-4480\" alt=\"Storrydsungdomar fr v\u00e4 2 Tekla, 5 Isak, 6 Ruben, 8 Elisabeth (2)\" src=\"wp-content\/uploads\/2013\/03\/Storrydsungdomar-fr-v\u00e4-2-Tekla-5-Isak-6-Ruben-8-Elisabeth-2.jpg\" width=\"939\" height=\"610\" srcset=\"https:\/\/ancestry.smars.se\/wp-content\/uploads\/2013\/03\/Storrydsungdomar-fr-v\u00e4-2-Tekla-5-Isak-6-Ruben-8-Elisabeth-2.jpg 939w, https:\/\/ancestry.smars.se\/wp-content\/uploads\/2013\/03\/Storrydsungdomar-fr-v\u00e4-2-Tekla-5-Isak-6-Ruben-8-Elisabeth-2-300x194.jpg 300w, https:\/\/ancestry.smars.se\/wp-content\/uploads\/2013\/03\/Storrydsungdomar-fr-v\u00e4-2-Tekla-5-Isak-6-Ruben-8-Elisabeth-2-461x300.jpg 461w\" sizes=\"(max-width: 939px) 100vw, 939px\" \/><\/a><img loading=\"lazy\" decoding=\"async\" class=\"alignnone size-medium wp-image-4415\" title=\"Fr left Ruben, Elisabeth, Isak, Tekla- unknown lady to left front\" alt=\"\" src=\"wp-content\/uploads\/2013\/03\/Fr-v\u00e4-Ruben-Elisabeth-Isak-Tekla-ok\u00e4nd-dam-fram-t-v\u00e4-217x300.jpg\" width=\"217\" height=\"300\" srcset=\"https:\/\/ancestry.smars.se\/wp-content\/uploads\/2013\/03\/Fr-v\u00e4-Ruben-Elisabeth-Isak-Tekla-ok\u00e4nd-dam-fram-t-v\u00e4-217x300.jpg 217w, https:\/\/ancestry.smars.se\/wp-content\/uploads\/2013\/03\/Fr-v\u00e4-Ruben-Elisabeth-Isak-Tekla-ok\u00e4nd-dam-fram-t-v\u00e4-742x1024.jpg 742w, https:\/\/ancestry.smars.se\/wp-content\/uploads\/2013\/03\/Fr-v\u00e4-Ruben-Elisabeth-Isak-Tekla-ok\u00e4nd-dam-fram-t-v\u00e4.jpg 1373w\" sizes=\"(max-width: 217px) 100vw, 217px\" \/><a href=\"wp-content\/uploads\/2013\/03\/Barnen-fr\u00e5n-Storrydet-efter-1912-sannolikt-Ruben-Isak-Tekla-och-Elisabeth2.jpg\"><img loading=\"lazy\" decoding=\"async\" class=\"alignnone size-medium wp-image-4463\" alt=\"Barnen fr\u00e5n Storrydet efter 1912 sannolikt Ruben, Isak, Tekla och Elisabeth\" src=\"wp-content\/uploads\/2013\/03\/Barnen-fr\u00e5n-Storrydet-efter-1912-sannolikt-Ruben-Isak-Tekla-och-Elisabeth2-300x191.jpg\" width=\"300\" height=\"191\" srcset=\"https:\/\/ancestry.smars.se\/wp-content\/uploads\/2013\/03\/Barnen-fr\u00e5n-Storrydet-efter-1912-sannolikt-Ruben-Isak-Tekla-och-Elisabeth2-300x191.jpg 300w, https:\/\/ancestry.smars.se\/wp-content\/uploads\/2013\/03\/Barnen-fr\u00e5n-Storrydet-efter-1912-sannolikt-Ruben-Isak-Tekla-och-Elisabeth2-1024x654.jpg 1024w, https:\/\/ancestry.smars.se\/wp-content\/uploads\/2013\/03\/Barnen-fr\u00e5n-Storrydet-efter-1912-sannolikt-Ruben-Isak-Tekla-och-Elisabeth2-469x300.jpg 469w\" sizes=\"(max-width: 300px) 100vw, 300px\" \/><\/a><\/p>\n<p style=\"text-align: center;\"><a href=\"wp-content\/uploads\/2013\/03\/Isak-o-systrar-i-kohagen-p\u00e5-Hubbesta.jpg\"><img loading=\"lazy\" decoding=\"async\" class=\"size-medium wp-image-4488 aligncenter\" title=\"Isak with his sisters in the cow-pasture at Hubbesta\" alt=\"Isak o systrar i kohagen p\u00e5 Hubbesta\" src=\"wp-content\/uploads\/2013\/03\/Isak-o-systrar-i-kohagen-p\u00e5-Hubbesta-300x167.jpg\" width=\"300\" height=\"167\" srcset=\"https:\/\/ancestry.smars.se\/wp-content\/uploads\/2013\/03\/Isak-o-systrar-i-kohagen-p\u00e5-Hubbesta-300x167.jpg 300w, https:\/\/ancestry.smars.se\/wp-content\/uploads\/2013\/03\/Isak-o-systrar-i-kohagen-p\u00e5-Hubbesta-1024x570.jpg 1024w, https:\/\/ancestry.smars.se\/wp-content\/uploads\/2013\/03\/Isak-o-systrar-i-kohagen-p\u00e5-Hubbesta-500x278.jpg 500w, https:\/\/ancestry.smars.se\/wp-content\/uploads\/2013\/03\/Isak-o-systrar-i-kohagen-p\u00e5-Hubbesta.jpg 1421w\" sizes=\"(max-width: 300px) 100vw, 300px\" \/><\/a><\/p>\n<p>Ruben even discovered Isaks wife Anna (probably at Nyhyttan) and told him he had found a wife for him which also shortly came true.<\/p>\n<p><a href=\"wp-content\/uploads\/2013\/03\/Isak-Johanssons-br\u00f6llop.jpg\"><img loading=\"lazy\" decoding=\"async\" class=\"alignnone size-large wp-image-4414\" alt=\"Isak Johanssons br\u00f6llop\" src=\"wp-content\/uploads\/2013\/03\/Isak-Johanssons-br\u00f6llop-1024x625.jpg\" width=\"584\" height=\"356\" srcset=\"https:\/\/ancestry.smars.se\/wp-content\/uploads\/2013\/03\/Isak-Johanssons-br\u00f6llop-1024x625.jpg 1024w, https:\/\/ancestry.smars.se\/wp-content\/uploads\/2013\/03\/Isak-Johanssons-br\u00f6llop-300x183.jpg 300w, https:\/\/ancestry.smars.se\/wp-content\/uploads\/2013\/03\/Isak-Johanssons-br\u00f6llop-491x300.jpg 491w\" sizes=\"(max-width: 584px) 100vw, 584px\" \/><\/a><\/p>\n<p>He was a well-respected man and throughout his life staying in the region where he grew up. He became a Constable.<\/p>\n<p>Mother Sofia stayed with Isaks family quite a lot at\u00c5bo home\u00a0after Storrydet was sold 1914. She lived until 1924<\/p>\n<p style=\"text-align: center;\">.<a href=\"wp-content\/uploads\/2013\/03\/Sofia-Johansson.jpg\"><img loading=\"lazy\" decoding=\"async\" class=\"size-thumbnail wp-image-4427 aligncenter\" title=\"Mother Sofia\" alt=\"Sofia Johansson\" src=\"wp-content\/uploads\/2013\/03\/Sofia-Johansson-150x150.jpg\" width=\"150\" height=\"150\" \/><\/a><\/p>\n<p><a href=\"https:\/\/www.google.se\/maps\/@57.418302,14.320875,3a,75y,82.19h,73.17t\/data=!3m4!1e1!3m2!1scS_yIWjrGKRpnStzZKp9Kg!2e0\" target=\"_blank\">\u00c5bo<\/a>\u00a0(56013 Hok) was the home he settled in with his family and a place where many of the returning \u00a0family-members would visit as they came home to visit during the following years.<\/p>\n<p style=\"text-align: center;\"><a href=\"wp-content\/uploads\/2013\/03\/\u00c5bo-Isaks-hem.jpg\"><img loading=\"lazy\" decoding=\"async\" class=\"size-medium wp-image-4428 aligncenter\" alt=\"\u00c5bo Isaks hem\" src=\"wp-content\/uploads\/2013\/03\/\u00c5bo-Isaks-hem-300x199.jpg\" width=\"300\" height=\"199\" srcset=\"https:\/\/ancestry.smars.se\/wp-content\/uploads\/2013\/03\/\u00c5bo-Isaks-hem-300x199.jpg 300w, https:\/\/ancestry.smars.se\/wp-content\/uploads\/2013\/03\/\u00c5bo-Isaks-hem-1024x680.jpg 1024w, https:\/\/ancestry.smars.se\/wp-content\/uploads\/2013\/03\/\u00c5bo-Isaks-hem-451x300.jpg 451w\" sizes=\"(max-width: 300px) 100vw, 300px\" \/><\/a><a href=\"wp-content\/uploads\/2013\/03\/\u00c5bo-Svenarum.jpg\"><img loading=\"lazy\" decoding=\"async\" class=\"alignnone size-thumbnail wp-image-4429\" alt=\"\u00c5bo Svenarum\" src=\"wp-content\/uploads\/2013\/03\/\u00c5bo-Svenarum-150x150.jpg\" width=\"150\" height=\"150\" \/><\/a><a href=\"wp-content\/uploads\/2013\/03\/\u00c5bo.jpg\"><img loading=\"lazy\" decoding=\"async\" class=\"alignnone size-thumbnail wp-image-4433\" alt=\"\u00c5bo\" src=\"wp-content\/uploads\/2013\/03\/\u00c5bo-150x150.jpg\" width=\"150\" height=\"150\" \/><\/a><a href=\"wp-content\/uploads\/2013\/03\/Sm\u00e5landsl\u00e4kt-078.jpg\"><img loading=\"lazy\" decoding=\"async\" class=\"alignnone size-thumbnail wp-image-4430\" alt=\"Sm\u00e5landsl\u00e4kt 078\" src=\"wp-content\/uploads\/2013\/03\/Sm\u00e5landsl\u00e4kt-078-150x150.jpg\" width=\"150\" height=\"150\" \/><\/a><a href=\"wp-content\/uploads\/2013\/03\/Sm\u00e5landsl\u00e4kt-080.jpg\"><img loading=\"lazy\" decoding=\"async\" class=\"alignnone size-thumbnail wp-image-4431\" alt=\"Sm\u00e5landsl\u00e4kt 080\" src=\"wp-content\/uploads\/2013\/03\/Sm\u00e5landsl\u00e4kt-080-150x150.jpg\" width=\"150\" height=\"150\" \/><\/a><a href=\"wp-content\/uploads\/2013\/03\/Sm\u00e5landsl\u00e4kt-081.jpg\"><img loading=\"lazy\" decoding=\"async\" class=\"alignnone size-thumbnail wp-image-4432\" alt=\"Sm\u00e5landsl\u00e4kt 081\" src=\"wp-content\/uploads\/2013\/03\/Sm\u00e5landsl\u00e4kt-081-150x150.jpg\" width=\"150\" height=\"150\" \/><\/a><\/p>\n<p>Isak and Anna had 3 children: <a title=\"Sven-Arne Johansson 12\/5 1922\" href=\"http:\/\/ancestry.smars.se\/exempelsida\/johan-august\/isak-johansson-1891-1952\/sven-arne-johansson-125-1922\" target=\"_blank\">Sven-Arne<\/a> 1922, <a title=\"Gerd Johansson \/ Bengtsson 6\/5 1924\" href=\"http:\/\/ancestry.smars.se\/exempelsida\/johan-august\/isak-johansson-1891-1952\/gerd-johansson-bengtsson-65-1924\" target=\"_blank\">Gerd<\/a> 1924 and<a title=\"Nils Erik Johansson 20\/10 1925\" href=\"http:\/\/ancestry.smars.se\/exempelsida\/johan-august\/isak-johansson-1891-1952\/nils-erik-johansson-2010-1925\" target=\"_blank\"> Nils-Erik<\/a> 1925 and<a title=\"Per-Olof J\u00f6rmyr 14\/6 1928\" href=\"http:\/\/ancestry.smars.se\/exempelsida\/johan-august\/isak-johansson-1891-1952\/per-olof-jormyr-146-1928\" target=\"_blank\"> Per-Olof<\/a> 1928.<\/p>\n<p><a href=\"wp-content\/uploads\/2013\/03\/isak-med-nils-erik-o-sven-arne-vid-\u00e5bo.jpg\"><img loading=\"lazy\" decoding=\"async\" class=\"alignnone size-large wp-image-4594\" alt=\"isak med nils-erik o sven-arne vid \u00e5bo\" src=\"wp-content\/uploads\/2013\/03\/isak-med-nils-erik-o-sven-arne-vid-\u00e5bo-1024x611.jpg\" width=\"584\" height=\"348\" srcset=\"https:\/\/ancestry.smars.se\/wp-content\/uploads\/2013\/03\/isak-med-nils-erik-o-sven-arne-vid-\u00e5bo-1024x611.jpg 1024w, https:\/\/ancestry.smars.se\/wp-content\/uploads\/2013\/03\/isak-med-nils-erik-o-sven-arne-vid-\u00e5bo-300x179.jpg 300w, https:\/\/ancestry.smars.se\/wp-content\/uploads\/2013\/03\/isak-med-nils-erik-o-sven-arne-vid-\u00e5bo-500x298.jpg 500w, https:\/\/ancestry.smars.se\/wp-content\/uploads\/2013\/03\/isak-med-nils-erik-o-sven-arne-vid-\u00e5bo.jpg 1055w\" sizes=\"(max-width: 584px) 100vw, 584px\" \/><\/a><\/p>\n<p><em>In this newpaper-text says: &#8216;Early in the morning of September 1 1939 the rumours reached us in the factory at the radio that the Germans had occupied Poland. The atmosphere was dull. As the bells of Svenarum Church were ringing and the signal pipe at the chimney was wailing and as we from our pack saw\u00a0<\/em><em style=\"color: #333333; line-height: 24.375px;\"><span style=\"color: #888888;\">Constable Isak Johansson nailing<\/span>\u00a0the d<\/em><em>eclaration of mobilization at the bulletin board beyond &#8216;stockadammen&#8217;, (=name of a local place) yes, then we understood the gravity of the situation. The young men at the age of conscription gathered around the bulletin board to see if they were among the recruited for standby. Some of the workers immediately disappeared. The rest of us continued to work but without doubt with slower pace. There was so much to talk and wonder about. We, who were young, got over the shock quickly though&#8230;&#8217;<\/em><a href=\"wp-content\/uploads\/2013\/03\/Isak-giving-the-info-about-WWI-in-a-newspaper.jpg\"><img loading=\"lazy\" decoding=\"async\" class=\"alignnone size-large wp-image-4419\" alt=\"Isak giving the info about WWI in a newspaper\" src=\"wp-content\/uploads\/2013\/03\/Isak-giving-the-info-about-WWI-in-a-newspaper-752x1024.jpg\" width=\"584\" height=\"795\" srcset=\"https:\/\/ancestry.smars.se\/wp-content\/uploads\/2013\/03\/Isak-giving-the-info-about-WWI-in-a-newspaper-752x1024.jpg 752w, https:\/\/ancestry.smars.se\/wp-content\/uploads\/2013\/03\/Isak-giving-the-info-about-WWI-in-a-newspaper-220x300.jpg 220w, https:\/\/ancestry.smars.se\/wp-content\/uploads\/2013\/03\/Isak-giving-the-info-about-WWI-in-a-newspaper.jpg 880w\" sizes=\"(max-width: 584px) 100vw, 584px\" \/><\/a><\/p>\n<p>Isak and Anna and all his family are buried together with Isaks parents and siblings in <a href=\"https:\/\/www.google.no\/maps?q=Svenarum,+Sverige&amp;hl=sv&amp;ie=UTF8&amp;sll=57.37653,14.32497&amp;sspn=0.058581,0.154324&amp;oq=svenarum&amp;hnear=Svenarum,+J%C3%B6nk%C3%B6pings+l%C3%A4n,+Sverige&amp;t=m&amp;z=15\" target=\"_blank\">Svenarum<\/a> Church close to where he lived.<\/p>\n<p><a href=\"wp-content\/uploads\/2013\/03\/Isak-in-memorian.jpg\"><img loading=\"lazy\" decoding=\"async\" class=\"alignnone size-medium wp-image-4420\" alt=\"Isak in memorian\" src=\"wp-content\/uploads\/2013\/03\/Isak-in-memorian-87x300.jpg\" width=\"87\" height=\"300\" srcset=\"https:\/\/ancestry.smars.se\/wp-content\/uploads\/2013\/03\/Isak-in-memorian-87x300.jpg 87w, https:\/\/ancestry.smars.se\/wp-content\/uploads\/2013\/03\/Isak-in-memorian-298x1024.jpg 298w, https:\/\/ancestry.smars.se\/wp-content\/uploads\/2013\/03\/Isak-in-memorian.jpg 445w\" sizes=\"(max-width: 87px) 100vw, 87px\" \/><\/a><a href=\"wp-content\/uploads\/2013\/03\/In-Memorian-Isak-och-fru-Anna-Johansson-1.jpg\"><img loading=\"lazy\" decoding=\"async\" class=\"alignnone size-medium wp-image-4421\" alt=\"In Memorian Isak och fru Anna Johansson 1\" src=\"wp-content\/uploads\/2013\/03\/In-Memorian-Isak-och-fru-Anna-Johansson-1-172x300.jpg\" width=\"172\" height=\"300\" srcset=\"https:\/\/ancestry.smars.se\/wp-content\/uploads\/2013\/03\/In-Memorian-Isak-och-fru-Anna-Johansson-1-172x300.jpg 172w, https:\/\/ancestry.smars.se\/wp-content\/uploads\/2013\/03\/In-Memorian-Isak-och-fru-Anna-Johansson-1-587x1024.jpg 587w, https:\/\/ancestry.smars.se\/wp-content\/uploads\/2013\/03\/In-Memorian-Isak-och-fru-Anna-Johansson-1.jpg 718w\" sizes=\"(max-width: 172px) 100vw, 172px\" \/><\/a><a href=\"wp-content\/uploads\/2013\/03\/Isak-Nekrolog.jpg\"><img loading=\"lazy\" decoding=\"async\" class=\"alignnone size-medium wp-image-4422\" alt=\"Isak Nekrolog\" src=\"wp-content\/uploads\/2013\/03\/Isak-Nekrolog-210x300.jpg\" width=\"210\" height=\"300\" srcset=\"https:\/\/ancestry.smars.se\/wp-content\/uploads\/2013\/03\/Isak-Nekrolog-210x300.jpg 210w, https:\/\/ancestry.smars.se\/wp-content\/uploads\/2013\/03\/Isak-Nekrolog-717x1024.jpg 717w, https:\/\/ancestry.smars.se\/wp-content\/uploads\/2013\/03\/Isak-Nekrolog.jpg 1118w\" sizes=\"(max-width: 210px) 100vw, 210px\" \/><\/a><a href=\"wp-content\/uploads\/2013\/03\/Isak-o-Annas-grav.jpg\"><img loading=\"lazy\" decoding=\"async\" class=\"alignnone size-medium wp-image-4434\" alt=\"Isak o Annas grav\" src=\"wp-content\/uploads\/2013\/03\/Isak-o-Annas-grav-199x300.jpg\" width=\"199\" height=\"300\" srcset=\"https:\/\/ancestry.smars.se\/wp-content\/uploads\/2013\/03\/Isak-o-Annas-grav-199x300.jpg 199w, https:\/\/ancestry.smars.se\/wp-content\/uploads\/2013\/03\/Isak-o-Annas-grav-680x1024.jpg 680w, https:\/\/ancestry.smars.se\/wp-content\/uploads\/2013\/03\/Isak-o-Annas-grav.jpg 2000w\" sizes=\"(max-width: 199px) 100vw, 199px\" \/><\/a><a href=\"wp-content\/uploads\/2013\/03\/Svenarum-kyrka-med-Ann-Louise.jpg\"><img loading=\"lazy\" decoding=\"async\" class=\"alignnone size-medium wp-image-4282\" title=\"Svenarum church\" alt=\"med Ann-Louise\" src=\"wp-content\/uploads\/2013\/03\/Svenarum-kyrka-med-Ann-Louise-300x199.jpg\" width=\"300\" height=\"199\" srcset=\"https:\/\/ancestry.smars.se\/wp-content\/uploads\/2013\/03\/Svenarum-kyrka-med-Ann-Louise-300x199.jpg 300w, https:\/\/ancestry.smars.se\/wp-content\/uploads\/2013\/03\/Svenarum-kyrka-med-Ann-Louise-1024x680.jpg 1024w, https:\/\/ancestry.smars.se\/wp-content\/uploads\/2013\/03\/Svenarum-kyrka-med-Ann-Louise-451x300.jpg 451w\" sizes=\"(max-width: 300px) 100vw, 300px\" \/><\/a><\/p>\n","protected":false},"excerpt":{"rendered":"<p>Cover photo: Isak standing to the left- together with his siblings and Johns family Isak was the9th of Johan August and Sofias 11 children- born in Storrydet. In the Svenarum churchbook of 1891 his name is spelled Isaak. &nbsp; Ruben &hellip; <a href=\"https:\/\/ancestry.smars.se\/?page_id=1216\">Continue reading <span class=\"meta-nav\">&rarr;<\/span><\/a><\/p>\n","protected":false},"author":1,"featured_media":4456,"parent":108,"menu_order":9,"comment_status":"open","ping_status":"open","template":"","meta":{"footnotes":""},"class_list":["post-1216","page","type-page","status-publish","has-post-thumbnail","hentry"],"_links":{"self":[{"href":"https:\/\/ancestry.smars.se\/index.php?rest_route=\/wp\/v2\/pages\/1216"}],"collection":[{"href":"https:\/\/ancestry.smars.se\/index.php?rest_route=\/wp\/v2\/pages"}],"about":[{"href":"https:\/\/ancestry.smars.se\/index.php?rest_route=\/wp\/v2\/types\/page"}],"author":[{"embeddable":true,"href":"https:\/\/ancestry.smars.se\/index.php?rest_route=\/wp\/v2\/users\/1"}],"replies":[{"embeddable":true,"href":"https:\/\/ancestry.smars.se\/index.php?rest_route=%2Fwp%2Fv2%2Fcomments&post=1216"}],"version-history":[{"count":17,"href":"https:\/\/ancestry.smars.se\/index.php?rest_route=\/wp\/v2\/pages\/1216\/revisions"}],"predecessor-version":[{"id":3417,"href":"https:\/\/ancestry.smars.se\/index.php?rest_route=\/wp\/v2\/pages\/1216\/revisions\/3417"}],"up":[{"embeddable":true,"href":"https:\/\/ancestry.smars.se\/index.php?rest_route=\/wp\/v2\/pages\/108"}],"wp:featuredmedia":[{"embeddable":true,"href":"https:\/\/ancestry.smars.se\/index.php?rest_route=\/wp\/v2\/media\/4456"}],"wp:attachment":[{"href":"https:\/\/ancestry.smars.se\/index.php?rest_route=%2Fwp%2Fv2%2Fmedia&parent=1216"}],"curies":[{"name":"wp","href":"https:\/\/api.w.org\/{rel}","templated":true}]}}