{"id":108,"date":"2012-11-04T20:01:20","date_gmt":"2012-11-04T20:01:20","guid":{"rendered":"http:\/\/ancestry.smars.se\/?page_id=108"},"modified":"2014-09-12T18:39:00","modified_gmt":"2014-09-12T18:39:00","slug":"johan-august","status":"publish","type":"page","link":"https:\/\/ancestry.smars.se\/?page_id=108","title":{"rendered":"Johan August Johannisson 19\/11 1846 &#8211; 26\/11 1909"},"content":{"rendered":"<p>Johan August was the only one \u00a0of the S\u00f6t\u00e5sa-children to stay in Sweden all his life. He never went to the US. He was born 19\/11 in <a href=\"https:\/\/maps.google.com\/maps\/ms?msid=202734398850949442153.0004d3448268161a5bfb1&amp;msa=0&amp;ll=58.427606,15.210571&amp;spn=1.550225,4.938354&amp;iwloc=0004d344d0427b8cf1652\" target=\"_blank\">S\u00f6t\u00e5sa<\/a> Southern farm.<\/p>\n<p>His &#8216;fadder&#8217; &#8211; godparents were: Daniel Danielsson from S\u00f6t\u00e5sa and his wife Anna-Maja Jonsdotter. Their son was also attending the baptism: Johan Fredrik Danielsson and their maid Maja-Stina Liss, daughter in \u00c5sen<\/p>\n<p style=\"text-align: center;\"><a href=\"wp-content\/uploads\/2012\/11\/Johan-Augusts-birth-in-Churchbook-1846.jpg\"><img loading=\"lazy\" decoding=\"async\" class=\"size-medium wp-image-4062 aligncenter\" title=\"Johan Augusts birth in Churchbook 1846\" alt=\"\" src=\"wp-content\/uploads\/2012\/11\/Johan-Augusts-birth-in-Churchbook-1846-300x250.jpg\" width=\"300\" height=\"250\" srcset=\"https:\/\/ancestry.smars.se\/wp-content\/uploads\/2012\/11\/Johan-Augusts-birth-in-Churchbook-1846-300x250.jpg 300w, https:\/\/ancestry.smars.se\/wp-content\/uploads\/2012\/11\/Johan-Augusts-birth-in-Churchbook-1846-1024x856.jpg 1024w, https:\/\/ancestry.smars.se\/wp-content\/uploads\/2012\/11\/Johan-Augusts-birth-in-Churchbook-1846-358x300.jpg 358w\" sizes=\"(max-width: 300px) 100vw, 300px\" \/><\/a><\/p>\n<p>He grew up at S\u00f6t\u00e5sa as the second son and as the 7th child of Johannes and Anna-Greta. He learnt the skills of his father and was very practical. Especially, he seems to have enjoyed the carpentry which he continued doing all his life.<\/p>\n<p>At his 18th birthday, he took his first job outside the farm and moved away from S\u00f6t\u00e5sa for a year, to work as a farmhand at <a href=\"https:\/\/maps.google.com\/maps\/ms?msid=202734398850949442153.0004d3448268161a5bfb1&amp;msa=0&amp;ll=63.154355,-10.019531&amp;spn=50.083331,158.027344&amp;iwloc=0004e1408a5cfee1f9585\" target=\"_blank\">\u00c5sen South farm<\/a>, where his sisters were and had been working as maids. \u00a0He stayed there for a year &#8217;til 20\/10 1868. By 1869 his father took a loan of 900 Riksdaler to build a new house at S\u00f6t\u00e5sa and Johan August probably stayed to build this house.<\/p>\n<p>Some years later, at an age of 29 years, he married <a title=\"Sofia Johansson 1854 \u2013 1924\" href=\"http:\/\/ancestry.smars.se\/sofia-johansson-1854-1924\" target=\"_blank\">Sofia Johansson<\/a>, 22,\u00a0 from the <a href=\"https:\/\/maps.google.com\/maps\/ms?msid=202734398850949442153.0004d3448268161a5bfb1&amp;msa=0&amp;ll=58.072067,15.210571&amp;spn=1.565847,4.938354&amp;iwloc=0004d4339baa3b861f9ac\" target=\"_blank\">Northern S\u00f6t\u00e5sa farm<\/a>\u00a0in the same village:\u00a0 15\/7-1876.<\/p>\n<p style=\"text-align: center;\"><a href=\"wp-content\/uploads\/2012\/11\/Johan-Augusts-marriage-to-Sofia-Johansdotter.jpg\"><img loading=\"lazy\" decoding=\"async\" class=\"size-medium wp-image-4063 aligncenter\" title=\"Johan Augusts marriage to Sofia Johansdotter\" alt=\"\" src=\"wp-content\/uploads\/2012\/11\/Johan-Augusts-marriage-to-Sofia-Johansdotter-300x113.jpg\" width=\"300\" height=\"113\" srcset=\"https:\/\/ancestry.smars.se\/wp-content\/uploads\/2012\/11\/Johan-Augusts-marriage-to-Sofia-Johansdotter-300x113.jpg 300w, https:\/\/ancestry.smars.se\/wp-content\/uploads\/2012\/11\/Johan-Augusts-marriage-to-Sofia-Johansdotter-1024x386.jpg 1024w, https:\/\/ancestry.smars.se\/wp-content\/uploads\/2012\/11\/Johan-Augusts-marriage-to-Sofia-Johansdotter-500x188.jpg 500w\" sizes=\"(max-width: 300px) 100vw, 300px\" \/><\/a><\/p>\n<p><a href=\"http:\/\/ancestry.smars.se\/sofia-johansson-1854-1924\" target=\"_blank\" rel=\"http:\/\/ancestry.smars.se\/wp-admin\/post.php?post=3301&amp;action=edit\"><img loading=\"lazy\" decoding=\"async\" class=\"size-full wp-image-3294 alignleft\" title=\"Sofia from S\u00f6t\u00e5sa - for more info about her: double-click the photo\" alt=\"Mormorsmor Sofia yngre\" src=\"wp-content\/uploads\/2012\/11\/Mormorsmor-Sofia-yngre.jpg\" width=\"203\" height=\"185\" \/><\/a><img loading=\"lazy\" decoding=\"async\" class=\"size-full wp-image-191 alignright\" style=\"color: #1b8be0; font-style: normal; line-height: 24px; border-color: #bbbbbb; text-align: start; background-color: #eeeeee;\" title=\"Johan August 1901 - 52 years old\" alt=\"\" src=\"wp-content\/uploads\/2012\/11\/Johan-August-p\u00e5-F\u00f6rsamlingsm\u00f6te-1901-i-\u00d6rebro.jpg\" width=\"232\" height=\"260\" \/><\/p>\n<p>They\u00a0had\u00a011\u00a0children: <a title=\"John Adolf Johansson\/Blomdahl 23\/6 1877 \u2013 17\/3 1922\" href=\"http:\/\/ancestry.smars.se\/exempelsida\/johan-august\/john-adolf-johanssonblomdahl-236-1877-173-1922\">John<\/a> 1877, J<a title=\"Josef Johansson 1878 -1935\" href=\"http:\/\/ancestry.smars.se\/exempelsida\/johan-august\/josef-johansson\">osef<\/a> 1878, <a title=\"David Johansson 1880 \u2013 febr 1893\" href=\"http:\/\/ancestry.smars.se\/exempelsida\/johan-august\/david-johansson\">David<\/a>\u00a01880, <a title=\"Hanna Johansdotter 1882-1912\" href=\"http:\/\/ancestry.smars.se\/exempelsida\/johan-august\/hanna-johansdotter\">Hanna <\/a>1882, <a title=\"Judith Johansson \u2013 Palm 27\/2 1884 \u2013 1963\" href=\"http:\/\/ancestry.smars.se\/exempelsida\/johan-august\/judith-johansdotter-palm\">Judith<\/a> 1884, <a title=\"Maria Johansson \u2013 Bjurstr\u00f6m \u2013 Paersson 1885-1964\" href=\"http:\/\/ancestry.smars.se\/exempelsida\/johan-august\/maria-johansson-bjurstrom-fischer\">Maria<\/a> 1885, <a title=\"Agnes Johansdotter 1887-1892\" href=\"http:\/\/ancestry.smars.se\/exempelsida\/johan-august\/agnes-johansdotter\">Agnes<\/a> 1887,<a title=\"Elisabeth Johansson \u2013 Neij 1889-1972\" href=\"http:\/\/ancestry.smars.se\/exempelsida\/johan-august\/elisabeth-johansson-neij-1889-1972\"> Elisabeth<\/a> 1889,<a title=\"Isak Johansson 3\/6 1891- 6\/9 1952\" href=\"http:\/\/ancestry.smars.se\/exempelsida\/johan-august\/isak-johansson-1891-1952\"> Isak <\/a>1891 and <a title=\"Ruben Johansson 1893-1970\" href=\"http:\/\/ancestry.smars.se\/exempelsida\/johan-august\/ruben-johansson-1893-1970\">Ruben<\/a> 1893 and <a href=\"http:\/\/ancestry.smars.se\/wp-admin\/post.php?post=1220&amp;action=edit\" target=\"_blank\">Tekla 1896<\/a><\/p>\n<p style=\"text-align: center;\"><img loading=\"lazy\" decoding=\"async\" class=\"wp-image-3293 aligncenter\" style=\"color: #333333; font-style: normal; line-height: 24px;\" title=\"Johan August och Sofia Johansson\" alt=\"\" src=\"wp-content\/uploads\/2012\/11\/Johan-August-och-Sofia-Johansson-224x300.jpg\" width=\"134\" height=\"180\" srcset=\"https:\/\/ancestry.smars.se\/wp-content\/uploads\/2012\/11\/Johan-August-och-Sofia-Johansson-224x300.jpg 224w, https:\/\/ancestry.smars.se\/wp-content\/uploads\/2012\/11\/Johan-August-och-Sofia-Johansson.jpg 376w\" sizes=\"(max-width: 134px) 100vw, 134px\" \/><\/p>\n<p>As mentioned, he was\u00a0a handy and creative man. He continued his carpentry in<a href=\"https:\/\/maps.google.com\/maps\/ms?msid=202734398850949442153.0004d3448268161a5bfb1&amp;msa=0&amp;ll=57.665055,14.696617&amp;spn=0.108526,0.308647\" target=\"_blank\"> N\u00e4ssj\u00f6<\/a> factory of making wooden chairs: See this typical chair from that factory. He worked there for a couple of years after marrying Sofia and they had 2 children: <a title=\"John Adolf Johansson\/Blomdahl 23\/6 1877 \u2013 17\/3 1922\" href=\"http:\/\/ancestry.smars.se\/exempelsida\/johan-august\/john-adolf-johanssonblomdahl-236-1877-173-1922\" target=\"_blank\">John<\/a> and <a title=\"Josef Johansson 18 of December 1878 \u2013 1935\" href=\"http:\/\/ancestry.smars.se\/exempelsida\/johan-august\/josef-johansson\" target=\"_blank\">Josef<\/a>.<\/p>\n<p><a style=\"font-style: normal; line-height: 24px; text-decoration: underline;\" href=\"wp-content\/uploads\/2012\/11\/N\u00e4ssj\u00f6-pinnstolsfabrik.jpg\"><img loading=\"lazy\" decoding=\"async\" class=\"wp-image-3295 alignleft\" style=\"border-color: #bbbbbb; background-color: #eeeeee;\" title=\"N\u00e4ssj\u00f6 chair-factory by early 1900s\" alt=\"N\u00e4ssj\u00f6 pinnstolsfabrik\" src=\"wp-content\/uploads\/2012\/11\/N\u00e4ssj\u00f6-pinnstolsfabrik-300x177.jpg\" width=\"180\" height=\"106\" srcset=\"https:\/\/ancestry.smars.se\/wp-content\/uploads\/2012\/11\/N\u00e4ssj\u00f6-pinnstolsfabrik-300x177.jpg 300w, https:\/\/ancestry.smars.se\/wp-content\/uploads\/2012\/11\/N\u00e4ssj\u00f6-pinnstolsfabrik-500x295.jpg 500w, https:\/\/ancestry.smars.se\/wp-content\/uploads\/2012\/11\/N\u00e4ssj\u00f6-pinnstolsfabrik.jpg 853w\" sizes=\"(max-width: 180px) 100vw, 180px\" \/><\/a><\/p>\n<p>&nbsp;<\/p>\n<p><a style=\"font-style: normal; line-height: 24px; text-decoration: underline;\" href=\"wp-content\/uploads\/2012\/11\/N\u00e4ssj\u00f6-pinnstolsfabrik.jpg\"><img loading=\"lazy\" decoding=\"async\" class=\"alignnone  wp-image-3296\" style=\"color: #333333; font-style: normal;\" title=\"Typical N\u00e4ssj\u00f6 - chair made in the factory\" alt=\"Pinnstolen fr\u00e5n N\u00e4ssj\u00f6\" src=\"wp-content\/uploads\/2012\/11\/Pinnstolen-fr\u00e5n-N\u00e4ssj\u00f6-150x150.jpg\" width=\"96\" height=\"96\" \/><\/a><a href=\"wp-content\/uploads\/2012\/11\/Sm\u00e5landsl\u00e4kt-095.jpg\"><img loading=\"lazy\" decoding=\"async\" class=\"alignnone  wp-image-3334\" title=\"N\u00e4ssj\u00f6 Pinnfabrik 2012(Chairfactory-buildings by 2012)\" alt=\"Sm\u00e5landsl\u00e4kt 095\" src=\"wp-content\/uploads\/2012\/11\/Sm\u00e5landsl\u00e4kt-095-150x150.jpg\" width=\"96\" height=\"96\" \/><\/a><\/p>\n<p>John August was a very warm and serious Christian. One day he saw some children\u00a0throwing stones at each other in N\u00e4ssj\u00f6\u00a0and thought: &#8216;I don&#8217;t want my children to grow up in a hard world full of animosity and he started looking for a farm in the countryside. He found<a href=\"https:\/\/maps.google.com\/maps\/ms?msid=202734398850949442153.0004d3448268161a5bfb1&amp;msa=0&amp;iwloc=0004e21e56871ebfeac88\" target=\"_blank\"> Storrydet<\/a> in Svenarum Parish. He went to the little close by city Wrigstad to get a loan from the bank to buy this, around 1879. He moved in there with Sofia and the 2 small boys 10th of Octobre 1879.\u00a0\u00a0All the following 9 children were born there.<\/p>\n<p style=\"text-align: center;\"><a href=\"wp-content\/uploads\/2012\/11\/Johan-August-1879-Churchbook.jpg\"><img loading=\"lazy\" decoding=\"async\" class=\"size-medium wp-image-4060 aligncenter\" title=\"Johan August 1879 Churchbook\" alt=\"\" src=\"wp-content\/uploads\/2012\/11\/Johan-August-1879-Churchbook-300x234.jpg\" width=\"300\" height=\"234\" srcset=\"https:\/\/ancestry.smars.se\/wp-content\/uploads\/2012\/11\/Johan-August-1879-Churchbook-300x234.jpg 300w, https:\/\/ancestry.smars.se\/wp-content\/uploads\/2012\/11\/Johan-August-1879-Churchbook-1024x801.jpg 1024w, https:\/\/ancestry.smars.se\/wp-content\/uploads\/2012\/11\/Johan-August-1879-Churchbook-383x300.jpg 383w\" sizes=\"(max-width: 300px) 100vw, 300px\" \/><\/a><a href=\"wp-content\/uploads\/2012\/11\/Johan-August-and-Sofia-moves-to-Storrydet-1876.jpg\"><img loading=\"lazy\" decoding=\"async\" class=\"size-medium wp-image-4061 aligncenter\" title=\"Johan August and Sofia moves to Storrydet \" alt=\"\" src=\"wp-content\/uploads\/2012\/11\/Johan-August-and-Sofia-moves-to-Storrydet-1876-300x226.jpg\" width=\"300\" height=\"226\" srcset=\"https:\/\/ancestry.smars.se\/wp-content\/uploads\/2012\/11\/Johan-August-and-Sofia-moves-to-Storrydet-1876-300x226.jpg 300w, https:\/\/ancestry.smars.se\/wp-content\/uploads\/2012\/11\/Johan-August-and-Sofia-moves-to-Storrydet-1876-1024x774.jpg 1024w, https:\/\/ancestry.smars.se\/wp-content\/uploads\/2012\/11\/Johan-August-and-Sofia-moves-to-Storrydet-1876-396x300.jpg 396w\" sizes=\"(max-width: 300px) 100vw, 300px\" \/><\/a><\/p>\n<p>We don&#8217;t know why it wasnt considered possible for him to take over S\u00f6t\u00e5sa, but that farm was sold to the neighbours already 1874 and Johan Augusts parents stayed at S\u00f6t\u00e5sa at an exceptions contract the rest of their lives.<\/p>\n<p>STORRYDET<\/p>\n<p style=\"text-align: center;\"><a href=\"wp-content\/uploads\/2012\/11\/Storrydet-in-early-1900s1.jpg\"><img loading=\"lazy\" decoding=\"async\" class=\"size-medium wp-image-3330 aligncenter\" title=\"Storrydet in early 1900s\" alt=\"\" src=\"wp-content\/uploads\/2012\/11\/Storrydet-in-early-1900s1-300x184.jpg\" width=\"300\" height=\"184\" srcset=\"https:\/\/ancestry.smars.se\/wp-content\/uploads\/2012\/11\/Storrydet-in-early-1900s1-300x184.jpg 300w, https:\/\/ancestry.smars.se\/wp-content\/uploads\/2012\/11\/Storrydet-in-early-1900s1-1024x628.jpg 1024w, https:\/\/ancestry.smars.se\/wp-content\/uploads\/2012\/11\/Storrydet-in-early-1900s1-488x300.jpg 488w, https:\/\/ancestry.smars.se\/wp-content\/uploads\/2012\/11\/Storrydet-in-early-1900s1.jpg 1780w\" sizes=\"(max-width: 300px) 100vw, 300px\" \/><\/a><\/p>\n<p>Johan August was happy-mooded and is said to have been singing in the fields as he was ploughing. Carpentry was also his hobby and several of his carpentry pieces are \u00a0still out there with us children which he has made.<\/p>\n<p style=\"text-align: center;\"><a href=\"wp-content\/uploads\/2012\/11\/telefonbilder-355.jpg\"><img loading=\"lazy\" decoding=\"async\" class=\"size-thumbnail wp-image-3326 aligncenter\" title=\"A chest made by Johan August- now owned by Maj-Britt F\u00f6nneb\u00f6, Norway\" alt=\"telefonbilder 355\" src=\"wp-content\/uploads\/2012\/11\/telefonbilder-355-150x150.jpg\" width=\"150\" height=\"150\" \/><\/a><\/p>\n<p>He also decided, together with Sofia, to teach their own children home-schooling since Storrydet was situated quite far away from any school. At inspection by the responsible from the county- the children were said to know their schoolwork better than the ones in school. Since they were far away from villages they fabricated things themselves and the attitude in the home was that if you needed something you could make it yourself, as well as anybody else.<\/p>\n<p style=\"text-align: center;\"><span style=\"color: #1b8be0;\">\u00a0<\/span><\/p>\n<p><a href=\"wp-content\/uploads\/2012\/11\/Sm\u00e5landsl\u00e4kt-054.jpg\"><img loading=\"lazy\" decoding=\"async\" class=\"size-thumbnail wp-image-3313 alignleft\" title=\"The barn at Storrydet- built by Johan August\" alt=\"Sm\u00e5landsl\u00e4kt 054\" src=\"wp-content\/uploads\/2012\/11\/Sm\u00e5landsl\u00e4kt-054-150x150.jpg\" width=\"150\" height=\"150\" \/><\/a><a href=\"wp-content\/uploads\/2012\/11\/Sm\u00e5landsl\u00e4kt-060.jpg\"><img loading=\"lazy\" decoding=\"async\" class=\"size-thumbnail wp-image-3314 alignnone\" title=\"Details in carpentry- important for Johan August\" alt=\"Sm\u00e5landsl\u00e4kt 060\" src=\"wp-content\/uploads\/2012\/11\/Sm\u00e5landsl\u00e4kt-060-150x150.jpg\" width=\"150\" height=\"150\" \/><\/a><a href=\"wp-content\/uploads\/2012\/11\/Sm\u00e5landsl\u00e4kt-047.jpg\"><img loading=\"lazy\" decoding=\"async\" class=\"alignnone size-thumbnail wp-image-3315\" title=\"Johan Augusts barn 2012\" alt=\"Sm\u00e5landsl\u00e4kt 047\" src=\"wp-content\/uploads\/2012\/11\/Sm\u00e5landsl\u00e4kt-047-150x150.jpg\" width=\"150\" height=\"150\" \/><\/a><\/p>\n<p>In the beginning they were quite poor and the oldest girls told later that it happened that\u00a0they would have to take turns to wear the only coat there was.<\/p>\n<p>You can still see how J A put effort into making things looking beautiful and practical at the same time at Storrydet.<\/p>\n<p>He built a Rest-room he called the Throne: 3 stairs to climb to find 3 seats beside each other in the sidehouse of the house. It is still well kept in Storrydet.<\/p>\n<p><a href=\"wp-content\/uploads\/2012\/11\/Sm\u00e5landsl\u00e4kt-041.jpg\"><img loading=\"lazy\" decoding=\"async\" class=\"alignnone size-thumbnail wp-image-3316\" title=\"The Throne- an outdoor restroom which J A built for 3 persons at a time\" alt=\"Sm\u00e5landsl\u00e4kt 041\" src=\"wp-content\/uploads\/2012\/11\/Sm\u00e5landsl\u00e4kt-041-150x150.jpg\" width=\"150\" height=\"150\" \/><\/a><a href=\"wp-content\/uploads\/2012\/11\/Sm\u00e5landsl\u00e4kt-042.jpg\"><img loading=\"lazy\" decoding=\"async\" class=\"alignnone size-thumbnail wp-image-3317\" title=\"2013 - the Throne to the right\" alt=\"Sm\u00e5landsl\u00e4kt 042\" src=\"wp-content\/uploads\/2012\/11\/Sm\u00e5landsl\u00e4kt-042-150x150.jpg\" width=\"150\" height=\"150\" \/><\/a><a href=\"wp-content\/uploads\/2012\/11\/Sm\u00e5landsl\u00e4kt-044.jpg\"><img loading=\"lazy\" decoding=\"async\" class=\"alignnone size-thumbnail wp-image-3432\" alt=\"Sm\u00e5landsl\u00e4kt 044\" src=\"wp-content\/uploads\/2012\/11\/Sm\u00e5landsl\u00e4kt-044-150x150.jpg\" width=\"150\" height=\"150\" \/><\/a><\/p>\n<p style=\"text-align: center;\"><span style=\"color: #1b8be0;\">\u00a0<\/span><\/p>\n<p>Later they got better standards and got their own bicycles and as the children grew they would go out on excursions.<\/p>\n<p style=\"text-align: center;\"><img loading=\"lazy\" decoding=\"async\" class=\"size-medium wp-image-2714 aligncenter\" style=\"color: #333333; font-style: normal; line-height: 24px;\" title=\" Johan August with his daughters fr left: Maria, Judith and Hanna\" alt=\"\" src=\"wp-content\/uploads\/2012\/11\/Maria-Judith-Hanna-och-Johan-August-300x196.jpg\" width=\"300\" height=\"196\" srcset=\"https:\/\/ancestry.smars.se\/wp-content\/uploads\/2012\/11\/Maria-Judith-Hanna-och-Johan-August-300x196.jpg 300w, https:\/\/ancestry.smars.se\/wp-content\/uploads\/2012\/11\/Maria-Judith-Hanna-och-Johan-August-457x300.jpg 457w, https:\/\/ancestry.smars.se\/wp-content\/uploads\/2012\/11\/Maria-Judith-Hanna-och-Johan-August.jpg 1003w\" sizes=\"(max-width: 300px) 100vw, 300px\" \/><\/p>\n<p>Johan August is said to have met a &#8216;free-thinker&#8217; one day- one of his neighbours: The man told him that if he should call himself a Christian he ought to keep the seventh day\u00a0as\u00a0resting day instead of Sunday. He started thinking of this and went home to study the Bible about the issue. He found that the man had known what he was talking about, but thought it would be a bit presumptious to take such a step to change such a tradition as the whole world were keeping sunday as sabbath.<\/p>\n<p>Spring 1892 <a title=\"Agnes Johansdotter 20 of April 1887- 3rd of May1892\" href=\"http:\/\/ancestry.smars.se\/exempelsida\/johan-august\/agnes-johansdotter\" target=\"_blank\">Agnes<\/a>, 5 years old, got sick in May and died. In Febr. 1993- half a year later David, their 12 year old also died. When this happened Johan August started brooding and\u00a0thought that maybe he was doing something wrong. Since he had a bit of a heavy consciense around the sabbath-question, he thought it might be this and he then started keeping saturday as sabbath<\/p>\n<p><img loading=\"lazy\" decoding=\"async\" class=\"size-thumbnail wp-image-3307 aligncenter\" style=\"color: #333333; font-style: normal; line-height: 24px; margin-top: 0.4em;\" title=\"A conference in \u00d6rebro 1901 with Johan August and his sons. J A second row from right.\" alt=\"F\u00f6rsamling \u00d6rebro 1901 m Johan August, John och Josef\" src=\"wp-content\/uploads\/2012\/11\/F\u00f6rsamling-\u00d6rebro-1901-m-Johan-August-John-och-Josef1-150x150.jpg\" width=\"150\" height=\"150\" \/><\/p>\n<p>. Later he learnt that some seemstresses in Wrigstad were keeping the Sabbath on saturdays, too and this was the beginning of a life-long relationship with the Seventhday Adventist church. He loved to go to their conferenses and adopted that faith. In the church-books it is said about one of his new-born youngest sons: &#8216;Not baptized. The father is refusing&#8217; &#8211; this also part of the new beliefs.<\/p>\n<p>Later (around 1962) Amanda , his oldest sister Christinas daughter who was emigrated to the US, told in a letter to Johan August daughter Judit, that before Christina was emigrating to the US with her family they were a bit scared to visit with them to say good-bye because of this new &#8216;religion&#8217; but later they were happy they did because they realized they were nice people and still their nice cousins. This letter was written between\u00a0the cousins when Amanda was in her nineties\u00a0and Judit in her seventies.<\/p>\n<p><a href=\"wp-content\/uploads\/2012\/11\/Family-Johan-August-and-Sofia-family-in-Taberg.jpg\"><img loading=\"lazy\" decoding=\"async\" class=\"alignnone  wp-image-3817\" title=\"From Taberg: Fr left: Little Nora and her father John Blomdahl, Judith Johansson and Rudolf Palm where they were settled as tailors in Taberg, Johan August and Sofia and daughter Hanna\" alt=\"Family Johan August and Sofia family in Taberg\" src=\"wp-content\/uploads\/2012\/11\/Family-Johan-August-and-Sofia-family-in-Taberg.jpg\" width=\"935\" height=\"609\" srcset=\"https:\/\/ancestry.smars.se\/wp-content\/uploads\/2012\/11\/Family-Johan-August-and-Sofia-family-in-Taberg.jpg 935w, https:\/\/ancestry.smars.se\/wp-content\/uploads\/2012\/11\/Family-Johan-August-and-Sofia-family-in-Taberg-300x195.jpg 300w, https:\/\/ancestry.smars.se\/wp-content\/uploads\/2012\/11\/Family-Johan-August-and-Sofia-family-in-Taberg-460x300.jpg 460w\" sizes=\"(max-width: 935px) 100vw, 935px\" \/><\/a><\/p>\n<p style=\"color: #333333; font-style: normal; line-height: 24px;\">Johan August died in &#8216;chest inflammation&#8217; (probably pleural empyema) 1909 24\/9 in the hospital of Eksj\u00f6, only 63 years old. The doctors had tried to drain some of the pus out of the lungs. He was grieved by many as a wise and very kind man.<\/p>\n<p style=\"color: #333333; font-style: normal; line-height: 24px;\"><a href=\"wp-content\/uploads\/2012\/11\/Johan-August-begravning-Svenarums-kyrka-1909.jpg\"><img loading=\"lazy\" decoding=\"async\" class=\"wp-image-3309 alignnone\" title=\"The funeral of Johan August 1909 at Svenarums church with Sofia and the children around his cascet\" alt=\"Johan August begravning Svenarums kyrka 1909\" src=\"wp-content\/uploads\/2012\/11\/Johan-August-begravning-Svenarums-kyrka-1909-150x150.jpg\" width=\"120\" height=\"120\" \/><\/a><strong style=\"color: #333333; font-style: normal; line-height: 24px;\"><a href=\"wp-content\/uploads\/2012\/11\/Sm\u00e5landsl\u00e4kt-091.jpg\"><img loading=\"lazy\" decoding=\"async\" class=\"alignnone  wp-image-3333\" title=\"Svenarum church and Graveyard 2012 - Ann-Louise Palm in the front\" alt=\"Sm\u00e5landsl\u00e4kt 091\" src=\"wp-content\/uploads\/2012\/11\/Sm\u00e5landsl\u00e4kt-091-150x150.jpg\" width=\"120\" height=\"120\" \/><\/a><\/strong><strong><a href=\"wp-content\/uploads\/2012\/11\/Sm\u00e5landsl\u00e4kt-084.jpg\"><img loading=\"lazy\" decoding=\"async\" class=\"alignnone  wp-image-3332\" title=\"Johan August and Sofias tombstone in Svenarum Graveyard\" alt=\"Sm\u00e5landsl\u00e4kt 084\" src=\"wp-content\/uploads\/2012\/11\/Sm\u00e5landsl\u00e4kt-084-150x150.jpg\" width=\"120\" height=\"120\" \/><\/a><a href=\"wp-content\/uploads\/2012\/11\/Sm\u00e5landsl\u00e4kt-085.jpg\"><img loading=\"lazy\" decoding=\"async\" class=\"alignnone  wp-image-3433\" title=\"The tombstones of Johan Augusts family gathered together at Svenarum church\" alt=\"Sm\u00e5landsl\u00e4kt 085\" src=\"wp-content\/uploads\/2012\/11\/Sm\u00e5landsl\u00e4kt-085-150x150.jpg\" width=\"120\" height=\"120\" \/><\/a><\/strong><\/p>\n<p style=\"color: #333333; font-style: normal; line-height: 24px;\"><strong><strong>\u00a0\u00a0\u00a0\u00a0\u00a0\u00a0\u00a0\u00a0\u00a0\u00a0\u00a0\u00a0\u00a0\u00a0\u00a0\u00a0\u00a0\u00a0\u00a0\u00a0\u00a0\u00a0\u00a0\u00a0\u00a0\u00a0\u00a0\u00a0\u00a0\u00a0\u00a0\u00a0\u00a0\u00a0\u00a0\u00a0\u00a0\u00a0\u00a0\u00a0\u00a0\u00a0\u00a0 <\/strong><\/strong>STORRYDET nowadays<\/p>\n<p style=\"color: #333333; font-style: normal; line-height: 24px;\"><a href=\"wp-content\/uploads\/2012\/11\/Sm\u00e5landsl\u00e4kt-068.jpg\"><img loading=\"lazy\" decoding=\"async\" class=\"size-medium wp-image-3312 alignleft\" title=\"July 2012\" alt=\"Sm\u00e5landsl\u00e4kt 068\" src=\"wp-content\/uploads\/2012\/11\/Sm\u00e5landsl\u00e4kt-068-300x199.jpg\" width=\"300\" height=\"199\" srcset=\"https:\/\/ancestry.smars.se\/wp-content\/uploads\/2012\/11\/Sm\u00e5landsl\u00e4kt-068-300x199.jpg 300w, https:\/\/ancestry.smars.se\/wp-content\/uploads\/2012\/11\/Sm\u00e5landsl\u00e4kt-068-1024x680.jpg 1024w, https:\/\/ancestry.smars.se\/wp-content\/uploads\/2012\/11\/Sm\u00e5landsl\u00e4kt-068-451x300.jpg 451w\" sizes=\"(max-width: 300px) 100vw, 300px\" \/><\/a><\/p>\n<p style=\"color: #333333; font-style: normal; line-height: 24px;\"><img loading=\"lazy\" decoding=\"async\" class=\"alignnone size-thumbnail wp-image-3324\" style=\"color: #333333; font-style: normal;\" alt=\"Sm\u00e5landsl\u00e4kt 038\" src=\"wp-content\/uploads\/2012\/11\/Sm\u00e5landsl\u00e4kt-038-150x150.jpg\" width=\"150\" height=\"150\" \/><a href=\"wp-content\/uploads\/2012\/11\/Sm\u00e5landsl\u00e4kt-061.jpg\"><img loading=\"lazy\" decoding=\"async\" class=\"alignnone size-thumbnail wp-image-3322\" alt=\"Sm\u00e5landsl\u00e4kt 061\" src=\"wp-content\/uploads\/2012\/11\/Sm\u00e5landsl\u00e4kt-061-150x150.jpg\" width=\"150\" height=\"150\" \/><\/a><a href=\"wp-content\/uploads\/2012\/11\/Sm\u00e5landsl\u00e4kt-039.jpg\"><img loading=\"lazy\" decoding=\"async\" class=\"alignnone size-thumbnail wp-image-3323\" alt=\"Sm\u00e5landsl\u00e4kt 039\" src=\"wp-content\/uploads\/2012\/11\/Sm\u00e5landsl\u00e4kt-039-150x150.jpg\" width=\"150\" height=\"150\" \/><\/a><a href=\"wp-content\/uploads\/2012\/11\/Sm\u00e5landsl\u00e4kt-066.jpg\"><img loading=\"lazy\" decoding=\"async\" class=\"alignnone size-thumbnail wp-image-3327\" alt=\"Sm\u00e5landsl\u00e4kt 066\" src=\"wp-content\/uploads\/2012\/11\/Sm\u00e5landsl\u00e4kt-066-150x150.jpg\" width=\"150\" height=\"150\" \/><\/a><img loading=\"lazy\" decoding=\"async\" class=\"alignnone size-thumbnail wp-image-3321\" style=\"color: #333333; font-style: normal;\" title=\"A cellar made of stones by Johan August- to keep potatoes and such over the winter\" alt=\"Sm\u00e5landsl\u00e4kt 063\" src=\"wp-content\/uploads\/2012\/11\/Sm\u00e5landsl\u00e4kt-063-150x150.jpg\" width=\"150\" height=\"150\" \/><img loading=\"lazy\" decoding=\"async\" class=\"alignnone size-thumbnail wp-image-3338\" style=\"color: #333333; font-style: normal;\" title=\"Inside the barn 2012\" alt=\"Sm\u00e5landsl\u00e4kt 057\" src=\"wp-content\/uploads\/2012\/11\/Sm\u00e5landsl\u00e4kt-057-150x150.jpg\" width=\"150\" height=\"150\" \/><a href=\"wp-content\/uploads\/2012\/11\/Sm\u00e5landsl\u00e4kt-067.jpg\"><img loading=\"lazy\" decoding=\"async\" class=\"alignnone size-thumbnail wp-image-3328\" alt=\"Sm\u00e5landsl\u00e4kt 067\" src=\"wp-content\/uploads\/2012\/11\/Sm\u00e5landsl\u00e4kt-067-150x150.jpg\" width=\"150\" height=\"150\" \/><\/a><a href=\"wp-content\/uploads\/2012\/11\/Sm\u00e5landsl\u00e4kt-046.jpg\"><img loading=\"lazy\" decoding=\"async\" class=\"alignnone size-thumbnail wp-image-3337\" alt=\"Sm\u00e5landsl\u00e4kt 046\" src=\"wp-content\/uploads\/2012\/11\/Sm\u00e5landsl\u00e4kt-046-150x150.jpg\" width=\"150\" height=\"150\" \/><\/a><\/p>\n","protected":false},"excerpt":{"rendered":"<p>Johan August was the only one \u00a0of the S\u00f6t\u00e5sa-children to stay in Sweden all his life. He never went to the US. He was born 19\/11 in S\u00f6t\u00e5sa Southern farm. His &#8216;fadder&#8217; &#8211; godparents were: Daniel Danielsson from S\u00f6t\u00e5sa and &hellip; <a href=\"https:\/\/ancestry.smars.se\/?page_id=108\">Continue reading <span class=\"meta-nav\">&rarr;<\/span><\/a><\/p>\n","protected":false},"author":1,"featured_media":2681,"parent":2,"menu_order":7,"comment_status":"open","ping_status":"open","template":"","meta":{"footnotes":""},"class_list":["post-108","page","type-page","status-publish","has-post-thumbnail","hentry"],"_links":{"self":[{"href":"https:\/\/ancestry.smars.se\/index.php?rest_route=\/wp\/v2\/pages\/108"}],"collection":[{"href":"https:\/\/ancestry.smars.se\/index.php?rest_route=\/wp\/v2\/pages"}],"about":[{"href":"https:\/\/ancestry.smars.se\/index.php?rest_route=\/wp\/v2\/types\/page"}],"author":[{"embeddable":true,"href":"https:\/\/ancestry.smars.se\/index.php?rest_route=\/wp\/v2\/users\/1"}],"replies":[{"embeddable":true,"href":"https:\/\/ancestry.smars.se\/index.php?rest_route=%2Fwp%2Fv2%2Fcomments&post=108"}],"version-history":[{"count":58,"href":"https:\/\/ancestry.smars.se\/index.php?rest_route=\/wp\/v2\/pages\/108\/revisions"}],"predecessor-version":[{"id":389,"href":"https:\/\/ancestry.smars.se\/index.php?rest_route=\/wp\/v2\/pages\/108\/revisions\/389"}],"up":[{"embeddable":true,"href":"https:\/\/ancestry.smars.se\/index.php?rest_route=\/wp\/v2\/pages\/2"}],"wp:featuredmedia":[{"embeddable":true,"href":"https:\/\/ancestry.smars.se\/index.php?rest_route=\/wp\/v2\/media\/2681"}],"wp:attachment":[{"href":"https:\/\/ancestry.smars.se\/index.php?rest_route=%2Fwp%2Fv2%2Fmedia&parent=108"}],"curies":[{"name":"wp","href":"https:\/\/api.w.org\/{rel}","templated":true}]}}