{"id":104,"date":"2012-11-04T19:58:45","date_gmt":"2012-11-04T19:58:45","guid":{"rendered":"http:\/\/ancestry.smars.se\/?page_id=104"},"modified":"2013-12-27T08:11:00","modified_gmt":"2013-12-27T08:11:00","slug":"ida-charlotta","status":"publish","type":"page","link":"https:\/\/ancestry.smars.se\/?page_id=104","title":{"rendered":"Ida Charlotta August 8, 1845 &#8211;"},"content":{"rendered":"<p style=\"text-align: center;\"><em>Cover photo above- Ida Charlotta together with some of her sisters after emigrating to the US<\/em><\/p>\n<p style=\"text-align: center;\"><a href=\"wp-content\/uploads\/2012\/10\/Ida-Charlotta-4-August-18451.png\"><img loading=\"lazy\" decoding=\"async\" class=\"size-full wp-image-58 aligncenter\" title=\"Ida Charlotta 4 August 1845\" alt=\"\" src=\"wp-content\/uploads\/2012\/10\/Ida-Charlotta-4-August-18451.png\" width=\"187\" height=\"248\" \/><\/a><\/p>\n<p>Ida Charlotta was born in<a href=\"https:\/\/www.google.com\/maps\/ms?msid=202734398850949442153.0004d3448268161a5bfb1&amp;msa=0&amp;ll=69.037142,-9.84375&amp;spn=39.799744,158.027344&amp;iwloc=0004d344d0427b8cf1652\" target=\"_blank\"> S\u00f6t\u00e5sa S\u00f6derg\u00e5rd<\/a> in Adel\u00f6v Parish, in Sm\u00e5land, Sweden, August 4 1845.<\/p>\n<p>MOVING AWAY FROM HOME:<\/p>\n<p>When she was 18, she moved away from home to work as a maid in <a href=\"https:\/\/www.google.com\/maps\/ms?msid=202734398850949442153.0004d3448268161a5bfb1&amp;msa=0&amp;ll=63.860036,13.007813&amp;spn=52.876792,158.027344&amp;iwloc=0004ed59dc463d4060b82\" target=\"_blank\">Lekeryd<\/a>. She returned home two years later &#8211; 1865.<\/p>\n<p style=\"text-align: center;\"><img loading=\"lazy\" decoding=\"async\" class=\"size-medium wp-image-4052 aligncenter\" style=\"color: #333333; font-style: normal; line-height: 24px; border-color: #bbbbbb; margin-top: 0.4em; text-align: center; background-color: #eeeeee;\" title=\"Ida Charlotta moves out 1867\" alt=\"\" src=\"wp-content\/uploads\/2012\/11\/SwedeIda-Charlotta-dies-300x244.jpg\" width=\"300\" height=\"244\" srcset=\"https:\/\/ancestry.smars.se\/wp-content\/uploads\/2012\/11\/SwedeIda-Charlotta-dies-300x244.jpg 300w, https:\/\/ancestry.smars.se\/wp-content\/uploads\/2012\/11\/SwedeIda-Charlotta-dies-1024x835.jpg 1024w, https:\/\/ancestry.smars.se\/wp-content\/uploads\/2012\/11\/SwedeIda-Charlotta-dies-367x300.jpg 367w\" sizes=\"(max-width: 300px) 100vw, 300px\" \/><\/p>\n<p>Oct 15 1868 she moved to\u00a0<a href=\"http:\/\/interactive.ancestry.com\/2225\/0006-86_971__41-017500_2?backurl=http%3a%2f%2fsearch.ancestry.com%2fsearch%2fdb.aspx%3fdbid%3d2225%26path%3d&amp;ssrc=&amp;backlabel=ReturnBrowsing#?imageId=0006-132_1145__33-033900_3\" target=\"_blank\">Sl\u00e4thult<\/a>\u00a0village\u00a0\u00a0Vireda\u00a0parish &#8211; ,\u00a0to work as a maid again and later to <a href=\"http:\/\/interactive.ancestry.com\/2225\/0006-86_971__41-017500_2?backurl=http%3a%2f%2fsearch.ancestry.com%2fsearch%2fdb.aspx%3fdbid%3d2225%26path%3d&amp;ssrc=&amp;backlabel=ReturnBrowsing#?imageId=VS-864_1145__25-036100\" target=\"_blank\">Bj\u00f6rken\u00e4s Norrg\u00e5rd<\/a>, Vireda parish, where her 9 years younger brother <a title=\"Karl Viktor Johnson 20\/8 1854 \u2013 1827\" href=\"http:\/\/ancestry.smars.se\/exempelsida\/karl-viktor\" target=\"_blank\">Carl Viktor<\/a>, 18, \u00a0also went to work for a year at 1870 *<\/p>\n<p>MEETING HER HUSBAND: At this place she met the smith Joh. Frans Peterson who lived there with his mother.<\/p>\n<p style=\"text-align: center;\"><a href=\"wp-content\/uploads\/2012\/11\/Marriage-of-Ida-Charlotta-and-Joh.-Frans.jpg\"><img loading=\"lazy\" decoding=\"async\" class=\"size-medium wp-image-4043 aligncenter\" title=\"Marriage of Ida Charlotta and Joh. Frans\" alt=\"\" src=\"wp-content\/uploads\/2012\/11\/Marriage-of-Ida-Charlotta-and-Joh.-Frans-300x111.jpg\" width=\"300\" height=\"111\" srcset=\"https:\/\/ancestry.smars.se\/wp-content\/uploads\/2012\/11\/Marriage-of-Ida-Charlotta-and-Joh.-Frans-300x111.jpg 300w, https:\/\/ancestry.smars.se\/wp-content\/uploads\/2012\/11\/Marriage-of-Ida-Charlotta-and-Joh.-Frans-1024x380.jpg 1024w, https:\/\/ancestry.smars.se\/wp-content\/uploads\/2012\/11\/Marriage-of-Ida-Charlotta-and-Joh.-Frans-500x185.jpg 500w\" sizes=\"(max-width: 300px) 100vw, 300px\" \/><\/a><\/p>\n<p>&nbsp;<\/p>\n<p>30 Dec, 1871\u00a0they married. \u00a0Joh. Frans was born July 25, 1838 and was 33 years old and Ida Charlotta was 26 at the time. They stayed to live in Bj\u00f6rken\u00e4s Norrg\u00e5rd. Boarp \u00d6sterg\u00e5rd.<\/p>\n<p>Joh. Frans mother, Anna Stina Johansdotter, born Febr 13, 1810, stayed at the same household at an Excluding contract, but died March 3, 1875 &#8211; 65 years old.<\/p>\n<p>&nbsp;<\/p>\n<p style=\"text-align: center;\"><span style=\"color: #1b8be0;\"><span style=\"text-decoration: underline;\">\u00a0<\/span><\/span><\/p>\n<p>THE CHILDREN:<\/p>\n<p>1: Ida Charlotta and Joh. Frans had a son Febr 14, 1873 &#8211;\u00a0<a title=\"Johan Peterson 14\/2 1873 \u2013\" href=\"http:\/\/ancestry.smars.se\/exempelsida\/ida-charlotta\/johan-peterson-142-1873\" target=\"_blank\">Johan Emil<\/a>,\u00a0who was born in Bj\u00f6rken\u00e4s Norrg\u00e5rd<\/p>\n<p style=\"text-align: center;\"><a href=\"wp-content\/uploads\/2012\/11\/First-son-of-Ida-Charlotta.jpg\"><img loading=\"lazy\" decoding=\"async\" class=\"size-medium wp-image-4044 aligncenter\" title=\"First son of Ida Charlotta\" alt=\"\" src=\"wp-content\/uploads\/2012\/11\/First-son-of-Ida-Charlotta-300x239.jpg\" width=\"300\" height=\"239\" srcset=\"https:\/\/ancestry.smars.se\/wp-content\/uploads\/2012\/11\/First-son-of-Ida-Charlotta-300x239.jpg 300w, https:\/\/ancestry.smars.se\/wp-content\/uploads\/2012\/11\/First-son-of-Ida-Charlotta-1024x818.jpg 1024w, https:\/\/ancestry.smars.se\/wp-content\/uploads\/2012\/11\/First-son-of-Ida-Charlotta-375x300.jpg 375w\" sizes=\"(max-width: 300px) 100vw, 300px\" \/><\/a><\/p>\n<p>2: A second son: Frans Henning was born \u00a0March 9, 1875, (6 days after his grandmother died- see above), but the little baby died April 20 already &#8211; only 7 weeks old.<a href=\"http:\/\/interactive.ancestry.com\/2225\/0006-86_971__41-017500_2?backurl=http%3a%2f%2fsearch.ancestry.com%2fsearch%2fdb.aspx%3fdbid%3d2225%26path%3d&amp;ssrc=&amp;backlabel=ReturnBrowsing#?imageId=VS-864_1145__25-036500\" target=\"_blank\"> A <\/a>strugglesome spring for the family.<\/p>\n<p style=\"text-align: center;\"><a href=\"wp-content\/uploads\/2012\/11\/Second-son-of-Ida-Charlotta.jpg\"><img loading=\"lazy\" decoding=\"async\" class=\"size-medium wp-image-4045 aligncenter\" title=\"Second son of Ida Charlotta\" alt=\"\" src=\"wp-content\/uploads\/2012\/11\/Second-son-of-Ida-Charlotta-300x232.jpg\" width=\"300\" height=\"232\" srcset=\"https:\/\/ancestry.smars.se\/wp-content\/uploads\/2012\/11\/Second-son-of-Ida-Charlotta-300x232.jpg 300w, https:\/\/ancestry.smars.se\/wp-content\/uploads\/2012\/11\/Second-son-of-Ida-Charlotta-1024x792.jpg 1024w, https:\/\/ancestry.smars.se\/wp-content\/uploads\/2012\/11\/Second-son-of-Ida-Charlotta-387x300.jpg 387w\" sizes=\"(max-width: 300px) 100vw, 300px\" \/><\/a><\/p>\n<p>3:\u00a0A third son \u00a0was born June 19, 1876 &#8211; Ernst Walfrid- he lived only 13 days until July 2nd.<\/p>\n<p style=\"text-align: center;\"><a href=\"wp-content\/uploads\/2012\/11\/Third-son-of-Ida-Charlotta.jpg\"><img loading=\"lazy\" decoding=\"async\" class=\"size-medium wp-image-4046 aligncenter\" title=\"Third son of Ida Charlotta\" alt=\"\" src=\"wp-content\/uploads\/2012\/11\/Third-son-of-Ida-Charlotta-300x216.jpg\" width=\"300\" height=\"216\" srcset=\"https:\/\/ancestry.smars.se\/wp-content\/uploads\/2012\/11\/Third-son-of-Ida-Charlotta-300x216.jpg 300w, https:\/\/ancestry.smars.se\/wp-content\/uploads\/2012\/11\/Third-son-of-Ida-Charlotta-1024x738.jpg 1024w, https:\/\/ancestry.smars.se\/wp-content\/uploads\/2012\/11\/Third-son-of-Ida-Charlotta-415x300.jpg 415w\" sizes=\"(max-width: 300px) 100vw, 300px\" \/><\/a><\/p>\n<p>THE LIFE AT<a href=\"https:\/\/www.google.com\/maps\/ms?msid=202734398850949442153.0004d3448268161a5bfb1&amp;msa=0&amp;ll=69.037142,-9.84375&amp;spn=39.799744,158.027344&amp;iwloc=0004eb6308af880a91b0a\" target=\"_blank\"> BJ\u00d6RKEN\u00c4S NORRG\u00c5RD<\/a>, VIREDA PARISH:<\/p>\n<p>It looks like as, at this time, the family shared a house together with another family of 6 children- possibly Joh. Frans 6 year older brother Gustaf Peterson.<\/p>\n<p style=\"text-align: center;\"><a href=\"wp-content\/uploads\/2012\/11\/At-Bj\u00f6rken\u00e4s.jpg\"><img loading=\"lazy\" decoding=\"async\" class=\"size-medium wp-image-4047 aligncenter\" title=\"At Bj\u00f6rken\u00e4s\" alt=\"\" src=\"wp-content\/uploads\/2012\/11\/At-Bj\u00f6rken\u00e4s-300x216.jpg\" width=\"300\" height=\"216\" srcset=\"https:\/\/ancestry.smars.se\/wp-content\/uploads\/2012\/11\/At-Bj\u00f6rken\u00e4s-300x216.jpg 300w, https:\/\/ancestry.smars.se\/wp-content\/uploads\/2012\/11\/At-Bj\u00f6rken\u00e4s-1024x738.jpg 1024w, https:\/\/ancestry.smars.se\/wp-content\/uploads\/2012\/11\/At-Bj\u00f6rken\u00e4s-415x300.jpg 415w\" sizes=\"(max-width: 300px) 100vw, 300px\" \/><\/a><\/p>\n<p>Joh. Frans developed a lung-tuberculosis and died\u00a0May 30 1877,- being 38 years old.<\/p>\n<p style=\"text-align: center;\"><a href=\"wp-content\/uploads\/2012\/11\/Joh.-Frans-dies-in-Tbc.jpg\"><img loading=\"lazy\" decoding=\"async\" class=\"size-medium wp-image-4048 aligncenter\" title=\"Joh. Frans dies in Tbc\" alt=\"\" src=\"wp-content\/uploads\/2012\/11\/Joh.-Frans-dies-in-Tbc-300x111.jpg\" width=\"300\" height=\"111\" srcset=\"https:\/\/ancestry.smars.se\/wp-content\/uploads\/2012\/11\/Joh.-Frans-dies-in-Tbc-300x111.jpg 300w, https:\/\/ancestry.smars.se\/wp-content\/uploads\/2012\/11\/Joh.-Frans-dies-in-Tbc-1024x380.jpg 1024w, https:\/\/ancestry.smars.se\/wp-content\/uploads\/2012\/11\/Joh.-Frans-dies-in-Tbc-500x185.jpg 500w\" sizes=\"(max-width: 300px) 100vw, 300px\" \/><\/a><\/p>\n<p>Ida Charlotta and Joh. Frans \u00a0had 6 years together.<\/p>\n<p>MOVING BACK TO ADEL\u00d6V:<\/p>\n<p>Nov 17,\u00a01877- half a year later,\u00a0 Ida Charlotta moves back to Adel\u00f6f with Johan Emil.* She went to stay at \u00d6nnestorp- with her oldest sister Christina and her family and later to S\u00f6t\u00e5sa where her parents lived.<\/p>\n<p style=\"text-align: center;\"><a href=\"wp-content\/uploads\/2012\/11\/Moving-back-to-S\u00f6t\u00e5sa.jpg\"><img loading=\"lazy\" decoding=\"async\" class=\"size-medium wp-image-4049 aligncenter\" title=\"Moving back to S\u00f6t\u00e5sa\" alt=\"\" src=\"wp-content\/uploads\/2012\/11\/Moving-back-to-S\u00f6t\u00e5sa-300x230.jpg\" width=\"300\" height=\"230\" srcset=\"https:\/\/ancestry.smars.se\/wp-content\/uploads\/2012\/11\/Moving-back-to-S\u00f6t\u00e5sa-300x230.jpg 300w, https:\/\/ancestry.smars.se\/wp-content\/uploads\/2012\/11\/Moving-back-to-S\u00f6t\u00e5sa-1024x785.jpg 1024w, https:\/\/ancestry.smars.se\/wp-content\/uploads\/2012\/11\/Moving-back-to-S\u00f6t\u00e5sa-391x300.jpg 391w\" sizes=\"(max-width: 300px) 100vw, 300px\" \/><\/a><a href=\"wp-content\/uploads\/2012\/11\/Moving-back-to-S\u00f6t\u00e5sa-farm.jpg\"><img loading=\"lazy\" decoding=\"async\" class=\"alignnone size-medium wp-image-4050\" alt=\"Moving back to S\u00f6t\u00e5sa farm\" src=\"wp-content\/uploads\/2012\/11\/Moving-back-to-S\u00f6t\u00e5sa-farm-300x234.jpg\" width=\"300\" height=\"234\" srcset=\"https:\/\/ancestry.smars.se\/wp-content\/uploads\/2012\/11\/Moving-back-to-S\u00f6t\u00e5sa-farm-300x234.jpg 300w, https:\/\/ancestry.smars.se\/wp-content\/uploads\/2012\/11\/Moving-back-to-S\u00f6t\u00e5sa-farm-1024x801.jpg 1024w, https:\/\/ancestry.smars.se\/wp-content\/uploads\/2012\/11\/Moving-back-to-S\u00f6t\u00e5sa-farm-383x300.jpg 383w\" sizes=\"(max-width: 300px) 100vw, 300px\" \/><\/a><\/p>\n<p>&nbsp;<\/p>\n<p>&nbsp;<\/p>\n<p>MOVING TO THE US: April\/May 1882, she decided to emigrate to the US\u00a0with her son Johan Emil, who was then\u00a09 years old. She left together with \u00a0her nephew <a title=\"August Emil Tyden 13\/1 1865 \u2013 23\/11 1951\" href=\"http:\/\/ancestry.smars.se\/?page_id=178\" target=\"_blank\">Emil Frid-Tyden<\/a> 17 years old &#8211; son of her older sister\u00a0<a title=\"Johanna Maria 18\/6 1841 -\" href=\"http:\/\/ancestry.smars.se\/?page_id=96\" target=\"_blank\">Johanna Maria<\/a>.<a href=\"wp-content\/uploads\/2012\/11\/Gustav-Emil-Frid-Tyden.jpg\"><img loading=\"lazy\" decoding=\"async\" class=\"alignnone size-thumbnail wp-image-175\" alt=\"Gustav Emil Frid-Tyden\" src=\"wp-content\/uploads\/2012\/11\/Gustav-Emil-Frid-Tyden-150x150.jpg\" width=\"150\" height=\"150\" \/><\/a><\/p>\n<p>At that time her siblings,<a title=\"Gustaf Fredrik 11\/2 1835 \u2013 S\u00f6t\u00e5sa\" href=\"http:\/\/ancestry.smars.se\/?page_id=88\" target=\"_blank\"> Gustaf Fredrik<\/a>, <a title=\"Hedda LOVISE Isacsson 13\/6 1843 -\" href=\"http:\/\/ancestry.smars.se\/?page_id=100\" target=\"_blank\">Hedda Lovisa<\/a> and<a title=\"Lottie Jaensson- Augusta Charlotta 1\/7 1850 \u2013 7\/4 1931\" href=\"http:\/\/ancestry.smars.se\/?page_id=111\" target=\"_blank\"> Augusta Charlotta<\/a>\u00a0were already there.<\/p>\n<p>She settled in <a href=\"https:\/\/maps.google.com\/maps\/ms?msid=202734398850949442153.0004d3448268161a5bfb1&amp;msa=0&amp;ll=59.175928,-38.320312&amp;spn=54.849268,158.027344&amp;iwloc=0004da55abe88b2d32dee\" target=\"_blank\">Moline, Rock island, Illinois<\/a>, where her sisters <a title=\"Lottie Jaensson\/Johnson- Augusta Charlotta 7\/1 1850 \u2013 7\/4 1931\" href=\"http:\/\/ancestry.smars.se\/exempelsida\/lottie-augusta-charlotta\">Lottie<\/a>&#8211; Augusta Charlotta and <a title=\"Hedda LOVISA\/e Isacsson 13\/6 1843 \u2013 3\/1 1926\" href=\"http:\/\/ancestry.smars.se\/exempelsida\/hedda-lovisa\">Hedda<\/a> Lovisa were living since several years. A town where quite a lot of Swedes had emigrated to.<\/p>\n<p>LIVING IN THE US:<\/p>\n<p>1900 she is registered\u00a0 in Moline, Ill. still being widowed, residing with her son Johan Emil and a same-aged friend -27 years old, from Sweden.\u00a0Her last name is Peterson as well as her sons which means they took the same last name as her late husband. She is 55 years by this time.\u00a0She doesn&#8217;t seem to ever have remarried.<\/p>\n<p style=\"text-align: center;\"><a href=\"wp-content\/uploads\/2012\/11\/Registered-in-Moline1900UnitedStatesFederalCensus.jpg\"><img loading=\"lazy\" decoding=\"async\" class=\"size-medium wp-image-4051 aligncenter\" title=\"Registered in Moline1900UnitedStatesFederalCensus\" alt=\"\" src=\"wp-content\/uploads\/2012\/11\/Registered-in-Moline1900UnitedStatesFederalCensus-300x286.jpg\" width=\"300\" height=\"286\" srcset=\"https:\/\/ancestry.smars.se\/wp-content\/uploads\/2012\/11\/Registered-in-Moline1900UnitedStatesFederalCensus-300x286.jpg 300w, https:\/\/ancestry.smars.se\/wp-content\/uploads\/2012\/11\/Registered-in-Moline1900UnitedStatesFederalCensus-1024x978.jpg 1024w\" sizes=\"(max-width: 300px) 100vw, 300px\" \/><\/a><\/p>\n<p>Later as Johan Emil had grown up she had 3 grand-children:\u00a0<a title=\"Nina Peterson 1907 \u2013 Before Oct 1994\" href=\"http:\/\/ancestry.smars.se\/?page_id=381\">Nina<\/a>\u00a01907,\u00a0<a title=\"Burdette Peterson 5\/5 1909 \u2013 14\/10 1994\" href=\"http:\/\/ancestry.smars.se\/?page_id=383\">Burdette<\/a>\u00a01909 and\u00a0<a title=\"Earl Peterson 26\/12 1912 \u2013 8\/8 1997\" href=\"http:\/\/ancestry.smars.se\/?page_id=385\">Earl<\/a>\u00a0Petersen 1912. She was then in her 60&#8217;s as they were born.<\/p>\n<p>MOLINE CITY, ILLINOIS FROM THE 1860S-1940s:<\/p>\n<p>&#8220;After the\u00a0Civil War, the population of Moline continued to grow. The street grid was expanded to the east and west along the shoreline and to the south up the bluffs. There was a severe housing shortage; few men were rich enough to invest in real estate other than what they could afford to build for themselves, and few incoming workers had sufficient funds to build a home.\u00a0Nevertheless, Moline&#8217;s expansion was generally an orderly affair. The street grid remained a set of rectangular blocks, and though no zoning commission or local authority directly oversaw construction, the unwritten code of carpenters, masons, and citizens kept the city a well-planned place.\u00a0Temperance\u00a0societies and\u00a0lyceums\u00a0joined other reform movements and social organizations in prominence within the community.\u00a0The quality of life was generally regarded as quite good: &#8220;The laboring men of Moline are among the most prosperous to be found in the country. Instead of spending their spare earnings in saloons and dram shops, they carefully hoard them and in a few years a little home of their own is the result.&#8221;\u00a0Over time, John Deere expanded operations into other agricultural equipment, and Deere-affiliated factories employed the bulk of Moline&#8217;s workforce. Soon other Moline-based companies became known around the country for their products.<\/p>\n<p><em>Source Wikipedia<\/em><\/p>\n<p>Ida Charlotta died in Moline, Illinois<\/p>\n<p><em>\u00a0<\/em><\/p>\n","protected":false},"excerpt":{"rendered":"<p>Cover photo above- Ida Charlotta together with some of her sisters after emigrating to the US Ida Charlotta was born in S\u00f6t\u00e5sa S\u00f6derg\u00e5rd in Adel\u00f6v Parish, in Sm\u00e5land, Sweden, August 4 1845. MOVING AWAY FROM HOME: When she was 18, &hellip; <a href=\"https:\/\/ancestry.smars.se\/?page_id=104\">Continue reading <span class=\"meta-nav\">&rarr;<\/span><\/a><\/p>\n","protected":false},"author":1,"featured_media":2678,"parent":2,"menu_order":6,"comment_status":"open","ping_status":"open","template":"","meta":{"footnotes":""},"class_list":["post-104","page","type-page","status-publish","has-post-thumbnail","hentry"],"_links":{"self":[{"href":"https:\/\/ancestry.smars.se\/index.php?rest_route=\/wp\/v2\/pages\/104"}],"collection":[{"href":"https:\/\/ancestry.smars.se\/index.php?rest_route=\/wp\/v2\/pages"}],"about":[{"href":"https:\/\/ancestry.smars.se\/index.php?rest_route=\/wp\/v2\/types\/page"}],"author":[{"embeddable":true,"href":"https:\/\/ancestry.smars.se\/index.php?rest_route=\/wp\/v2\/users\/1"}],"replies":[{"embeddable":true,"href":"https:\/\/ancestry.smars.se\/index.php?rest_route=%2Fwp%2Fv2%2Fcomments&post=104"}],"version-history":[{"count":57,"href":"https:\/\/ancestry.smars.se\/index.php?rest_route=\/wp\/v2\/pages\/104\/revisions"}],"predecessor-version":[{"id":374,"href":"https:\/\/ancestry.smars.se\/index.php?rest_route=\/wp\/v2\/pages\/104\/revisions\/374"}],"up":[{"embeddable":true,"href":"https:\/\/ancestry.smars.se\/index.php?rest_route=\/wp\/v2\/pages\/2"}],"wp:featuredmedia":[{"embeddable":true,"href":"https:\/\/ancestry.smars.se\/index.php?rest_route=\/wp\/v2\/media\/2678"}],"wp:attachment":[{"href":"https:\/\/ancestry.smars.se\/index.php?rest_route=%2Fwp%2Fv2%2Fmedia&parent=104"}],"curies":[{"name":"wp","href":"https:\/\/api.w.org\/{rel}","templated":true}]}}